{"id":9249,"date":"2023-09-26T09:41:55","date_gmt":"2023-09-26T07:41:55","guid":{"rendered":"https:\/\/mairiedebonnat.portesdelacreuseenmarche.fr\/mairiedebonnat-2023\/?page_id=9249"},"modified":"2024-07-09T14:06:40","modified_gmt":"2024-07-09T12:06:40","slug":"la-fontaine-saint-sylvain","status":"publish","type":"page","link":"https:\/\/mairiedebonnat.portesdelacreuseenmarche.fr\/mairiedebonnat-2023\/la-fontaine-saint-sylvain\/","title":{"rendered":"La Fontaine Saint-Sylvain"},"content":{"rendered":"\t\t<div data-elementor-type=\"wp-page\" data-elementor-id=\"9249\" class=\"elementor elementor-9249\">\n\t\t\t\t\t\t<section class=\"elementor-section elementor-top-section elementor-element elementor-element-4735786 elementor-section-boxed elementor-section-height-default elementor-section-height-default\" data-id=\"4735786\" data-element_type=\"section\" data-e-type=\"section\">\n\t\t\t\t\t\t<div class=\"elementor-container elementor-column-gap-no\">\n\t\t\t\t\t<div class=\"elementor-column elementor-col-100 elementor-top-column elementor-element elementor-element-4b136db\" data-id=\"4b136db\" data-element_type=\"column\" data-e-type=\"column\">\n\t\t\t<div class=\"elementor-widget-wrap elementor-element-populated\">\n\t\t\t\t\t\t<div class=\"elementor-element elementor-element-e746ac0 elementor-widget elementor-widget-spacer\" data-id=\"e746ac0\" data-element_type=\"widget\" data-e-type=\"widget\" data-widget_type=\"spacer.default\">\n\t\t\t\t<div class=\"elementor-widget-container\">\n\t\t\t\t\t\t\t<div class=\"elementor-spacer\">\n\t\t\t<div class=\"elementor-spacer-inner\"><\/div>\n\t\t<\/div>\n\t\t\t\t\t\t<\/div>\n\t\t\t\t<\/div>\n\t\t\t\t<div class=\"elementor-element elementor-element-fa833a5 elementor-widget elementor-widget-text-editor\" data-id=\"fa833a5\" data-element_type=\"widget\" data-e-type=\"widget\" data-widget_type=\"text-editor.default\">\n\t\t\t\t<div class=\"elementor-widget-container\">\n\t\t\t\t\t\t\t\t\t<h1><a href=\"https:\/\/mairiedebonnat.portesdelacreuseenmarche.fr\/mairiedebonnat-2023\/patrimoine\/\">PATRIMOINE \u2a20<\/a> La Fontaine Saint-Sylvain<\/h1>\t\t\t\t\t\t\t\t<\/div>\n\t\t\t\t<\/div>\n\t\t\t\t<div class=\"elementor-element elementor-element-c7faba6 elementor-widget-divider--view-line elementor-widget elementor-widget-divider\" data-id=\"c7faba6\" data-element_type=\"widget\" data-e-type=\"widget\" data-widget_type=\"divider.default\">\n\t\t\t\t<div class=\"elementor-widget-container\">\n\t\t\t\t\t\t\t<div class=\"elementor-divider\">\n\t\t\t<span class=\"elementor-divider-separator\">\n\t\t\t\t\t\t<\/span>\n\t\t<\/div>\n\t\t\t\t\t\t<\/div>\n\t\t\t\t<\/div>\n\t\t\t\t<div class=\"elementor-element elementor-element-e174413 elementor-widget elementor-widget-spacer\" data-id=\"e174413\" data-element_type=\"widget\" data-e-type=\"widget\" data-widget_type=\"spacer.default\">\n\t\t\t\t<div class=\"elementor-widget-container\">\n\t\t\t\t\t\t\t<div class=\"elementor-spacer\">\n\t\t\t<div class=\"elementor-spacer-inner\"><\/div>\n\t\t<\/div>\n\t\t\t\t\t\t<\/div>\n\t\t\t\t<\/div>\n\t\t\t\t\t<\/div>\n\t\t<\/div>\n\t\t\t\t\t<\/div>\n\t\t<\/section>\n\t\t\t\t<section class=\"elementor-section elementor-top-section elementor-element elementor-element-9656f7b elementor-section-boxed elementor-section-height-default elementor-section-height-default\" data-id=\"9656f7b\" data-element_type=\"section\" data-e-type=\"section\">\n\t\t\t\t\t\t<div class=\"elementor-container elementor-column-gap-no\">\n\t\t\t\t\t<div class=\"elementor-column elementor-col-50 elementor-top-column elementor-element elementor-element-431f16b\" data-id=\"431f16b\" data-element_type=\"column\" data-e-type=\"column\">\n\t\t\t<div class=\"elementor-widget-wrap elementor-element-populated\">\n\t\t\t\t\t\t<section class=\"elementor-section elementor-inner-section elementor-element elementor-element-8076a87 elementor-section-boxed elementor-section-height-default elementor-section-height-default\" data-id=\"8076a87\" data-element_type=\"section\" data-e-type=\"section\">\n\t\t\t\t\t\t<div class=\"elementor-container elementor-column-gap-default\">\n\t\t\t\t\t<div class=\"elementor-column elementor-col-33 elementor-inner-column elementor-element elementor-element-a34d959\" data-id=\"a34d959\" data-element_type=\"column\" data-e-type=\"column\" data-settings=\"{&quot;background_background&quot;:&quot;gradient&quot;}\">\n\t\t\t<div class=\"elementor-widget-wrap elementor-element-populated\">\n\t\t\t\t\t\t<div class=\"elementor-element elementor-element-a709b8e elementor-drop-cap-yes elementor-drop-cap-view-default elementor-widget elementor-widget-text-editor\" data-id=\"a709b8e\" data-element_type=\"widget\" data-e-type=\"widget\" data-settings=\"{&quot;drop_cap&quot;:&quot;yes&quot;}\" data-widget_type=\"text-editor.default\">\n\t\t\t\t<div class=\"elementor-widget-container\">\n\t\t\t\t\t\t\t\t\t<div class=\"x11i5rnm xat24cr x1mh8g0r x1vvkbs xtlvy1s x126k92a\"><div dir=\"auto\"><p>L<strong>a Fontaine<\/strong> est rattach\u00e9e \u00e0 l\u2019<a href=\"https:\/\/mairiedebonnat.portesdelacreuseenmarche.fr\/mairiedebonnat-2023\/leglise-saint-sylvain\/\"><strong>\u00e9glise d\u00e9di\u00e9e \u00e0<\/strong> <strong>Saint-Sylvain<\/strong><\/a>, protecteur des enfants, \u00e9difi\u00e9e \u00e0 la fin du <em>XIII\u00e8me si\u00e8cle<\/em>.<br \/>Elle se<strong> situe au village de la Borde.<\/strong><\/p><p>Ses eaux auraient la vertu de prot\u00e9ger les enfants contre les convulsions.<\/p><\/div><\/div>\t\t\t\t\t\t\t\t<\/div>\n\t\t\t\t<\/div>\n\t\t\t\t<div class=\"elementor-element elementor-element-d0ff4a2 elementor-widget elementor-widget-text-editor\" data-id=\"d0ff4a2\" data-element_type=\"widget\" data-e-type=\"widget\" data-widget_type=\"text-editor.default\">\n\t\t\t\t<div class=\"elementor-widget-container\">\n\t\t\t\t\t\t\t\t\t<div class=\"x11i5rnm xat24cr x1mh8g0r x1vvkbs xtlvy1s x126k92a\"><div dir=\"auto\"><em>Voir aussi<\/em> <a href=\"https:\/\/mairiedebonnat.portesdelacreuseenmarche.fr\/mairiedebonnat-2023\/la-legende-de-la-fontaine-saint-sylvain\/\">La L\u00e9gende de la Fontaine Saint Sylvain<\/a><\/div><\/div>\t\t\t\t\t\t\t\t<\/div>\n\t\t\t\t<\/div>\n\t\t\t\t\t<\/div>\n\t\t<\/div>\n\t\t\t\t<div class=\"elementor-column elementor-col-33 elementor-inner-column elementor-element elementor-element-4c9e0e8\" data-id=\"4c9e0e8\" data-element_type=\"column\" data-e-type=\"column\">\n\t\t\t<div class=\"elementor-widget-wrap elementor-element-populated\">\n\t\t\t\t\t\t<div class=\"elementor-element elementor-element-18d9d61 elementor-widget elementor-widget-pp-scroll-image\" data-id=\"18d9d61\" data-element_type=\"widget\" data-e-type=\"widget\" data-settings=\"{&quot;trigger_type&quot;:&quot;hover&quot;,&quot;direction_type&quot;:&quot;vertical&quot;}\" data-widget_type=\"pp-scroll-image.default\">\n\t\t\t\t<div class=\"elementor-widget-container\">\n\t\t\t\t\t\t\t<div class=\"pp-image-scroll-wrap\">\n\t\t\t<div class=\"pp-image-scroll-container\">\n\t\t\t\t\t\t\t\t<div class=\"pp-image-scroll-image pp-image-scroll-vertical\">\n\t\t\t\t\t\t\t\t\t\t\t\t\t\t\t\n\t\t\t\t\t<img fetchpriority=\"high\" decoding=\"async\" width=\"1600\" height=\"1066\" src=\"https:\/\/mairiedebonnat.portesdelacreuseenmarche.fr\/mairiedebonnat-2023\/wp-content\/uploads\/2023\/09\/IMG_2081.jpg\" class=\"attachment-full size-full wp-image-9228\" alt=\"IMG\" srcset=\"https:\/\/mairiedebonnat.portesdelacreuseenmarche.fr\/mairiedebonnat-2023\/wp-content\/uploads\/2023\/09\/IMG_2081.jpg 1600w, https:\/\/mairiedebonnat.portesdelacreuseenmarche.fr\/mairiedebonnat-2023\/wp-content\/uploads\/2023\/09\/IMG_2081-300x200.jpg 300w, https:\/\/mairiedebonnat.portesdelacreuseenmarche.fr\/mairiedebonnat-2023\/wp-content\/uploads\/2023\/09\/IMG_2081-1024x682.jpg 1024w, https:\/\/mairiedebonnat.portesdelacreuseenmarche.fr\/mairiedebonnat-2023\/wp-content\/uploads\/2023\/09\/IMG_2081-768x512.jpg 768w, https:\/\/mairiedebonnat.portesdelacreuseenmarche.fr\/mairiedebonnat-2023\/wp-content\/uploads\/2023\/09\/IMG_2081-1536x1023.jpg 1536w\" sizes=\"(max-width: 1600px) 100vw, 1600px\" \/>\t\t\t\t<\/div>\n\t\t\t<\/div>\n\t\t<\/div>\n\t\t\t\t\t\t<\/div>\n\t\t\t\t<\/div>\n\t\t\t\t\t<\/div>\n\t\t<\/div>\n\t\t\t\t<div class=\"elementor-column elementor-col-33 elementor-inner-column elementor-element elementor-element-ed42c99\" data-id=\"ed42c99\" data-element_type=\"column\" data-e-type=\"column\">\n\t\t\t<div class=\"elementor-widget-wrap\">\n\t\t\t\t\t\t\t<\/div>\n\t\t<\/div>\n\t\t\t\t\t<\/div>\n\t\t<\/section>\n\t\t\t\t<section class=\"elementor-section elementor-inner-section elementor-element elementor-element-7a830fa elementor-section-boxed elementor-section-height-default elementor-section-height-default\" data-id=\"7a830fa\" data-element_type=\"section\" data-e-type=\"section\">\n\t\t\t\t\t\t<div class=\"elementor-container elementor-column-gap-default\">\n\t\t\t\t\t<div class=\"elementor-column elementor-col-33 elementor-inner-column elementor-element elementor-element-5b8cd93\" data-id=\"5b8cd93\" data-element_type=\"column\" data-e-type=\"column\" data-settings=\"{&quot;background_background&quot;:&quot;gradient&quot;}\">\n\t\t\t<div class=\"elementor-widget-wrap elementor-element-populated\">\n\t\t\t\t\t\t<div class=\"elementor-element elementor-element-8b6a322 elementor-widget elementor-widget-pp-image-hotspots\" data-id=\"8b6a322\" data-element_type=\"widget\" data-e-type=\"widget\" data-widget_type=\"pp-image-hotspots.default\">\n\t\t\t\t<div class=\"elementor-widget-container\">\n\t\t\t\t\t\t\t<div class=\"pp-image-hotspots\" data-tooltip-options=\"{&quot;always_open&quot;:&quot;no&quot;,&quot;trigger&quot;:&quot;hover&quot;,&quot;size&quot;:&quot;default&quot;,&quot;distance&quot;:&quot;&quot;,&quot;arrow&quot;:&quot;yes&quot;,&quot;animation&quot;:&quot;fade&quot;,&quot;zindex&quot;:99,&quot;width&quot;:&quot;180&quot;}\">\n\t\t\t<div class=\"pp-hot-spot-image\">\n\t\t\t\t<img decoding=\"async\" width=\"1066\" height=\"1600\" src=\"https:\/\/mairiedebonnat.portesdelacreuseenmarche.fr\/mairiedebonnat-2023\/wp-content\/uploads\/2023\/09\/IMG_2082.jpg\" class=\"attachment-full size-full wp-image-9290\" alt=\"IMG\" srcset=\"https:\/\/mairiedebonnat.portesdelacreuseenmarche.fr\/mairiedebonnat-2023\/wp-content\/uploads\/2023\/09\/IMG_2082.jpg 1066w, https:\/\/mairiedebonnat.portesdelacreuseenmarche.fr\/mairiedebonnat-2023\/wp-content\/uploads\/2023\/09\/IMG_2082-200x300.jpg 200w, https:\/\/mairiedebonnat.portesdelacreuseenmarche.fr\/mairiedebonnat-2023\/wp-content\/uploads\/2023\/09\/IMG_2082-682x1024.jpg 682w, https:\/\/mairiedebonnat.portesdelacreuseenmarche.fr\/mairiedebonnat-2023\/wp-content\/uploads\/2023\/09\/IMG_2082-768x1153.jpg 768w, https:\/\/mairiedebonnat.portesdelacreuseenmarche.fr\/mairiedebonnat-2023\/wp-content\/uploads\/2023\/09\/IMG_2082-1023x1536.jpg 1023w\" sizes=\"(max-width: 1066px) 100vw, 1066px\" \/>\t\t\t\t\t<a class=\"pp-hot-spot-wrap elementor-repeater-item-3fae305 pp-hot-spot-tooptip\" data-tooltip=\"yes\" data-tooltip-position=\"bottom\" data-tooltip-content=\"#pp-tooltip-content-8b6a322-3fae305\" href=\"#\">\n\t\t\t\t\t\t<span class=\"pp-hot-spot-inner hotspot-animation\">\n\t\t\t\t\t\t\t<span class=\"pp-hotspot-icon-wrap\">\n\t\t\t\t\t\t\t\t\t\t\t\t\t\t\t<span class=\"pp-hotspot-icon-wrap\">\n\t\t\t\t\t\t\t\t\t<span class=\"pp-hotspot-text\">\n\t\t\t\t\t\t\t\t\t\t1\t\t\t\t\t\t\t\t\t<\/span>\n\t\t\t\t\t\t\t\t<\/span>\n\t\t\t\t\t\t\t\t\t\t\t\t\t\t\t<\/span>\n\t\t\t\t\t\t<\/span>\n\t\t\t\t\t<\/a>\n\t\t\t\t\t\t\t\t\t\t\t<div class=\"pp-tooltip-container\">\n\t\t\t\t\t\t\t<div class=\"pp-tooltip-content pp-tooltip-content-8b6a322\" id=\"pp-tooltip-content-8b6a322-3fae305\">\n\t\t\t\t\t\t\t\t<h4><em><span style=\"color: #ffffff\">Statue \u00e0 l\u2019effigie du Saint en habit d\u2019\u00e9v\u00eaque<\/span><\/em><\/h4>\t\t\t\t\t\t\t<\/div>\n\t\t\t\t\t\t<\/div>\n\t\t\t\t\t\t\t\t\t\t<a class=\"pp-hot-spot-wrap elementor-repeater-item-dde5c5c pp-hot-spot-tooptip\" data-tooltip=\"yes\" data-tooltip-position=\"bottom\" data-tooltip-content=\"#pp-tooltip-content-8b6a322-dde5c5c\" href=\"#\">\n\t\t\t\t\t\t<span class=\"pp-hot-spot-inner hotspot-animation\">\n\t\t\t\t\t\t\t<span class=\"pp-hotspot-icon-wrap\">\n\t\t\t\t\t\t\t\t\t\t\t\t\t\t\t<span class=\"pp-hotspot-icon-wrap\">\n\t\t\t\t\t\t\t\t\t<span class=\"pp-hotspot-text\">\n\t\t\t\t\t\t\t\t\t\t3\t\t\t\t\t\t\t\t\t<\/span>\n\t\t\t\t\t\t\t\t<\/span>\n\t\t\t\t\t\t\t\t\t\t\t\t\t\t\t<\/span>\n\t\t\t\t\t\t<\/span>\n\t\t\t\t\t<\/a>\n\t\t\t\t\t\t\t\t\t\t\t<div class=\"pp-tooltip-container\">\n\t\t\t\t\t\t\t<div class=\"pp-tooltip-content pp-tooltip-content-8b6a322\" id=\"pp-tooltip-content-8b6a322-dde5c5c\">\n\t\t\t\t\t\t\t\t<h4><em><span style=\"color: #ffffff\">Repr\u00e9sentation de Saint Sylvain<\/span><\/em><\/h4>\t\t\t\t\t\t\t<\/div>\n\t\t\t\t\t\t<\/div>\n\t\t\t\t\t\t\t\t\t\t<a class=\"pp-hot-spot-wrap elementor-repeater-item-3724ca9 pp-hot-spot-tooptip\" data-tooltip=\"yes\" data-tooltip-position=\"bottom\" data-tooltip-content=\"#pp-tooltip-content-8b6a322-3724ca9\" href=\"#\">\n\t\t\t\t\t\t<span class=\"pp-hot-spot-inner hotspot-animation\">\n\t\t\t\t\t\t\t<span class=\"pp-hotspot-icon-wrap\">\n\t\t\t\t\t\t\t\t\t\t\t\t\t\t\t<span class=\"pp-hotspot-icon-wrap\">\n\t\t\t\t\t\t\t\t\t<span class=\"pp-hotspot-text\">\n\t\t\t\t\t\t\t\t\t\t2\t\t\t\t\t\t\t\t\t<\/span>\n\t\t\t\t\t\t\t\t<\/span>\n\t\t\t\t\t\t\t\t\t\t\t\t\t\t\t<\/span>\n\t\t\t\t\t\t<\/span>\n\t\t\t\t\t<\/a>\n\t\t\t\t\t\t\t\t\t\t\t<div class=\"pp-tooltip-container\">\n\t\t\t\t\t\t\t<div class=\"pp-tooltip-content pp-tooltip-content-8b6a322\" id=\"pp-tooltip-content-8b6a322-3724ca9\">\n\t\t\t\t\t\t\t\t<h4><em><span style=\"color: #ffffff\">Statue de la Vierge Marie<\/span><\/em><\/h4>\t\t\t\t\t\t\t<\/div>\n\t\t\t\t\t\t<\/div>\n\t\t\t\t\t\t\t\t\t\t<a class=\"pp-hot-spot-wrap elementor-repeater-item-b7575b0 pp-hot-spot-tooptip\" data-tooltip=\"yes\" data-tooltip-position=\"bottom\" data-tooltip-content=\"#pp-tooltip-content-8b6a322-b7575b0\" href=\"#\">\n\t\t\t\t\t\t<span class=\"pp-hot-spot-inner hotspot-animation\">\n\t\t\t\t\t\t\t<span class=\"pp-hotspot-icon-wrap\">\n\t\t\t\t\t\t\t\t\t\t\t\t\t\t\t<span class=\"pp-hotspot-icon-wrap\">\n\t\t\t\t\t\t\t\t\t<span class=\"pp-hotspot-text\">\n\t\t\t\t\t\t\t\t\t\t4\t\t\t\t\t\t\t\t\t<\/span>\n\t\t\t\t\t\t\t\t<\/span>\n\t\t\t\t\t\t\t\t\t\t\t\t\t\t\t<\/span>\n\t\t\t\t\t\t<\/span>\n\t\t\t\t\t<\/a>\n\t\t\t\t\t\t\t\t\t\t\t<div class=\"pp-tooltip-container\">\n\t\t\t\t\t\t\t<div class=\"pp-tooltip-content pp-tooltip-content-8b6a322\" id=\"pp-tooltip-content-8b6a322-b7575b0\">\n\t\t\t\t\t\t\t\t<h4><em><span style=\"color: #ffffff\">Bassin<\/span><\/em><\/h4>\t\t\t\t\t\t\t<\/div>\n\t\t\t\t\t\t<\/div>\n\t\t\t\t\t\t\t\t<\/div>\n\t\t<\/div>\n\t\t\t\t\t\t<\/div>\n\t\t\t\t<\/div>\n\t\t\t\t\t<\/div>\n\t\t<\/div>\n\t\t\t\t<div class=\"elementor-column elementor-col-33 elementor-inner-column elementor-element elementor-element-3af75f5\" data-id=\"3af75f5\" data-element_type=\"column\" data-e-type=\"column\">\n\t\t\t<div class=\"elementor-widget-wrap elementor-element-populated\">\n\t\t\t\t\t\t<div class=\"elementor-element elementor-element-ca990a8 elementor-widget-tablet__width-initial elementor-widget elementor-widget-text-editor\" data-id=\"ca990a8\" data-element_type=\"widget\" data-e-type=\"widget\" data-widget_type=\"text-editor.default\">\n\t\t\t\t<div class=\"elementor-widget-container\">\n\t\t\t\t\t\t\t\t\t<div class=\"x11i5rnm xat24cr x1mh8g0r x1vvkbs xtlvy1s x126k92a\"><div dir=\"auto\"><div class=\"x11i5rnm xat24cr x1mh8g0r x1vvkbs xtlvy1s x126k92a\"><div dir=\"auto\"><p><strong>La fontaine<\/strong> est abrit\u00e9e par un petit monument en pierre que fit construire, <em>vers les ann\u00e9es 1870<\/em>, Monsieur LASMIER-MALLESSET, alors cur\u00e9 de la paroisse.<\/p><p>La commune a restaur\u00e9 une grande partie de son patrimoine vernaculaire.<\/p><p>La Fontaine est surmont\u00e9e d\u2019un \u00e9dicule poss\u00e9dant plusieurs niches.<\/p><p>Celle au sommet, ferm\u00e9e par une grille, abrite une <strong>statue \u00e0 l\u2019effigie du saint en habit d\u2019\u00e9v\u00eaque (1)<\/strong>.<\/p><p>Dans la seconde, plus petite, une <strong>statue de la Vierge Marie (2)<\/strong> a \u00e9t\u00e9 plac\u00e9e.<\/p><p>Une <strong>repr\u00e9sentation de Saint-Sylvain (3)<\/strong> occupe la st\u00e8le surplombant l\u2019eau de la source.<\/p><p>Sur le c\u00f4t\u00e9 de l\u2019\u00e9difice, se trouve un <b>bassin (4) <\/b>qui autrefois devait servir de <b>lavoir<\/b>.<\/p><\/div><\/div><\/div><\/div>\t\t\t\t\t\t\t\t<\/div>\n\t\t\t\t<\/div>\n\t\t\t\t\t<\/div>\n\t\t<\/div>\n\t\t\t\t<div class=\"elementor-column elementor-col-33 elementor-inner-column elementor-element elementor-element-d91efc4\" data-id=\"d91efc4\" data-element_type=\"column\" data-e-type=\"column\">\n\t\t\t<div class=\"elementor-widget-wrap\">\n\t\t\t\t\t\t\t<\/div>\n\t\t<\/div>\n\t\t\t\t\t<\/div>\n\t\t<\/section>\n\t\t\t\t<section class=\"elementor-section elementor-inner-section elementor-element elementor-element-1583bc1 elementor-section-boxed elementor-section-height-default elementor-section-height-default\" data-id=\"1583bc1\" data-element_type=\"section\" data-e-type=\"section\">\n\t\t\t\t\t\t<div class=\"elementor-container elementor-column-gap-default\">\n\t\t\t\t\t<div class=\"elementor-column elementor-col-25 elementor-inner-column elementor-element elementor-element-a2df2e8\" data-id=\"a2df2e8\" data-element_type=\"column\" data-e-type=\"column\">\n\t\t\t<div class=\"elementor-widget-wrap elementor-element-populated\">\n\t\t\t\t\t\t<div class=\"elementor-element elementor-element-9c21560 elementor-drop-cap-yes elementor-drop-cap-view-default elementor-widget elementor-widget-text-editor\" data-id=\"9c21560\" data-element_type=\"widget\" data-e-type=\"widget\" data-settings=\"{&quot;drop_cap&quot;:&quot;yes&quot;}\" data-widget_type=\"text-editor.default\">\n\t\t\t\t<div class=\"elementor-widget-container\">\n\t\t\t\t\t\t\t\t\t<div class=\"x11i5rnm xat24cr x1mh8g0r x1vvkbs xtlvy1s x126k92a\"><div dir=\"auto\">Face \u00e0 la Fontaine, une petite place est am\u00e9nag\u00e9e avec un socle supportant une <strong>croix en bois (1)<\/strong> et \u00e0 c\u00f4t\u00e9 une <strong>pierre (2), <\/strong>qui serait soit une pierre \u00e0 millet, soit un trou dans lequel \u00e9tait d\u00e9pos\u00e9 un vase fun\u00e9raire contenant les restes d\u2019un mort.<\/div><\/div>\t\t\t\t\t\t\t\t<\/div>\n\t\t\t\t<\/div>\n\t\t\t\t\t<\/div>\n\t\t<\/div>\n\t\t\t\t<div class=\"elementor-column elementor-col-25 elementor-inner-column elementor-element elementor-element-b87edab\" data-id=\"b87edab\" data-element_type=\"column\" data-e-type=\"column\">\n\t\t\t<div class=\"elementor-widget-wrap elementor-element-populated\">\n\t\t\t\t\t\t<div class=\"elementor-element elementor-element-c9a64cd pp-hotspot-img-align-mobile-center elementor-widget elementor-widget-pp-image-hotspots\" data-id=\"c9a64cd\" data-element_type=\"widget\" data-e-type=\"widget\" data-widget_type=\"pp-image-hotspots.default\">\n\t\t\t\t<div class=\"elementor-widget-container\">\n\t\t\t\t\t\t\t<div class=\"pp-image-hotspots\" data-tooltip-options=\"{&quot;always_open&quot;:&quot;no&quot;,&quot;trigger&quot;:&quot;hover&quot;,&quot;size&quot;:&quot;default&quot;,&quot;distance&quot;:&quot;&quot;,&quot;arrow&quot;:&quot;yes&quot;,&quot;animation&quot;:&quot;fade&quot;,&quot;zindex&quot;:99,&quot;width&quot;:&quot;180&quot;}\">\n\t\t\t<div class=\"pp-hot-spot-image\">\n\t\t\t\t<img decoding=\"async\" width=\"682\" height=\"1024\" src=\"https:\/\/mairiedebonnat.portesdelacreuseenmarche.fr\/mairiedebonnat-2023\/wp-content\/uploads\/2023\/09\/IMG_2083-682x1024.jpg\" class=\"attachment-large size-large wp-image-9337\" alt=\"IMG\" srcset=\"https:\/\/mairiedebonnat.portesdelacreuseenmarche.fr\/mairiedebonnat-2023\/wp-content\/uploads\/2023\/09\/IMG_2083-682x1024.jpg 682w, https:\/\/mairiedebonnat.portesdelacreuseenmarche.fr\/mairiedebonnat-2023\/wp-content\/uploads\/2023\/09\/IMG_2083-200x300.jpg 200w, https:\/\/mairiedebonnat.portesdelacreuseenmarche.fr\/mairiedebonnat-2023\/wp-content\/uploads\/2023\/09\/IMG_2083-768x1153.jpg 768w, https:\/\/mairiedebonnat.portesdelacreuseenmarche.fr\/mairiedebonnat-2023\/wp-content\/uploads\/2023\/09\/IMG_2083-1023x1536.jpg 1023w, https:\/\/mairiedebonnat.portesdelacreuseenmarche.fr\/mairiedebonnat-2023\/wp-content\/uploads\/2023\/09\/IMG_2083.jpg 1066w\" sizes=\"(max-width: 682px) 100vw, 682px\" \/>\t\t\t\t\t<a class=\"pp-hot-spot-wrap elementor-repeater-item-3fae305 pp-hot-spot-tooptip\" data-tooltip=\"yes\" data-tooltip-position=\"bottom\" data-tooltip-content=\"#pp-tooltip-content-c9a64cd-3fae305\" href=\"#\">\n\t\t\t\t\t\t<span class=\"pp-hot-spot-inner hotspot-animation\">\n\t\t\t\t\t\t\t<span class=\"pp-hotspot-icon-wrap\">\n\t\t\t\t\t\t\t\t\t\t\t\t\t\t\t<span class=\"pp-hotspot-icon-wrap\">\n\t\t\t\t\t\t\t\t\t<span class=\"pp-hotspot-text\">\n\t\t\t\t\t\t\t\t\t\t1\t\t\t\t\t\t\t\t\t<\/span>\n\t\t\t\t\t\t\t\t<\/span>\n\t\t\t\t\t\t\t\t\t\t\t\t\t\t\t<\/span>\n\t\t\t\t\t\t<\/span>\n\t\t\t\t\t<\/a>\n\t\t\t\t\t\t\t\t\t\t\t<div class=\"pp-tooltip-container\">\n\t\t\t\t\t\t\t<div class=\"pp-tooltip-content pp-tooltip-content-c9a64cd\" id=\"pp-tooltip-content-c9a64cd-3fae305\">\n\t\t\t\t\t\t\t\t<h4><em><span style=\"color: #ffffff\">Croix en bois<\/span><\/em><\/h4>\t\t\t\t\t\t\t<\/div>\n\t\t\t\t\t\t<\/div>\n\t\t\t\t\t\t\t\t\t\t<a class=\"pp-hot-spot-wrap elementor-repeater-item-dde5c5c pp-hot-spot-tooptip\" data-tooltip=\"yes\" data-tooltip-position=\"bottom\" data-tooltip-content=\"#pp-tooltip-content-c9a64cd-dde5c5c\" href=\"#\">\n\t\t\t\t\t\t<span class=\"pp-hot-spot-inner hotspot-animation\">\n\t\t\t\t\t\t\t<span class=\"pp-hotspot-icon-wrap\">\n\t\t\t\t\t\t\t\t\t\t\t\t\t\t\t<span class=\"pp-hotspot-icon-wrap\">\n\t\t\t\t\t\t\t\t\t<span class=\"pp-hotspot-text\">\n\t\t\t\t\t\t\t\t\t\t2\t\t\t\t\t\t\t\t\t<\/span>\n\t\t\t\t\t\t\t\t<\/span>\n\t\t\t\t\t\t\t\t\t\t\t\t\t\t\t<\/span>\n\t\t\t\t\t\t<\/span>\n\t\t\t\t\t<\/a>\n\t\t\t\t\t\t\t\t\t\t\t<div class=\"pp-tooltip-container\">\n\t\t\t\t\t\t\t<div class=\"pp-tooltip-content pp-tooltip-content-c9a64cd\" id=\"pp-tooltip-content-c9a64cd-dde5c5c\">\n\t\t\t\t\t\t\t\t<h4><em><span style=\"color: #ffffff\">Pierre<\/span><\/em><\/h4>\t\t\t\t\t\t\t<\/div>\n\t\t\t\t\t\t<\/div>\n\t\t\t\t\t\t\t\t<\/div>\n\t\t<\/div>\n\t\t\t\t\t\t<\/div>\n\t\t\t\t<\/div>\n\t\t\t\t\t<\/div>\n\t\t<\/div>\n\t\t\t\t<div class=\"elementor-column elementor-col-25 elementor-inner-column elementor-element elementor-element-b7696fb\" data-id=\"b7696fb\" data-element_type=\"column\" data-e-type=\"column\">\n\t\t\t<div class=\"elementor-widget-wrap elementor-element-populated\">\n\t\t\t\t\t\t<div class=\"elementor-element elementor-element-0220c47 elementor-widget elementor-widget-image\" data-id=\"0220c47\" data-element_type=\"widget\" data-e-type=\"widget\" data-widget_type=\"image.default\">\n\t\t\t\t<div class=\"elementor-widget-container\">\n\t\t\t\t\t\t\t\t\t\t\t\t\t\t\t<img loading=\"lazy\" decoding=\"async\" width=\"1024\" height=\"768\" src=\"https:\/\/mairiedebonnat.portesdelacreuseenmarche.fr\/mairiedebonnat-2023\/wp-content\/uploads\/2023\/10\/PICT0007-1024x768.jpg\" class=\"attachment-large size-large wp-image-10274\" alt=\"MINOLTA DIGITAL CAMERA\" srcset=\"https:\/\/mairiedebonnat.portesdelacreuseenmarche.fr\/mairiedebonnat-2023\/wp-content\/uploads\/2023\/10\/PICT0007-1024x768.jpg 1024w, https:\/\/mairiedebonnat.portesdelacreuseenmarche.fr\/mairiedebonnat-2023\/wp-content\/uploads\/2023\/10\/PICT0007-300x225.jpg 300w, https:\/\/mairiedebonnat.portesdelacreuseenmarche.fr\/mairiedebonnat-2023\/wp-content\/uploads\/2023\/10\/PICT0007-768x576.jpg 768w, https:\/\/mairiedebonnat.portesdelacreuseenmarche.fr\/mairiedebonnat-2023\/wp-content\/uploads\/2023\/10\/PICT0007-1536x1152.jpg 1536w, https:\/\/mairiedebonnat.portesdelacreuseenmarche.fr\/mairiedebonnat-2023\/wp-content\/uploads\/2023\/10\/PICT0007.jpg 2048w\" sizes=\"(max-width: 1024px) 100vw, 1024px\" \/>\t\t\t\t\t\t\t\t\t\t\t\t\t\t\t<\/div>\n\t\t\t\t<\/div>\n\t\t\t\t\t<\/div>\n\t\t<\/div>\n\t\t\t\t<div class=\"elementor-column elementor-col-25 elementor-inner-column elementor-element elementor-element-c0eba55\" data-id=\"c0eba55\" data-element_type=\"column\" data-e-type=\"column\">\n\t\t\t<div class=\"elementor-widget-wrap\">\n\t\t\t\t\t\t\t<\/div>\n\t\t<\/div>\n\t\t\t\t\t<\/div>\n\t\t<\/section>\n\t\t\t\t<div class=\"elementor-element elementor-element-e1c8678 elementor-widget elementor-widget-spacer\" data-id=\"e1c8678\" data-element_type=\"widget\" data-e-type=\"widget\" data-widget_type=\"spacer.default\">\n\t\t\t\t<div class=\"elementor-widget-container\">\n\t\t\t\t\t\t\t<div class=\"elementor-spacer\">\n\t\t\t<div class=\"elementor-spacer-inner\"><\/div>\n\t\t<\/div>\n\t\t\t\t\t\t<\/div>\n\t\t\t\t<\/div>\n\t\t\t\t\t<\/div>\n\t\t<\/div>\n\t\t\t\t<div class=\"elementor-column elementor-col-50 elementor-top-column elementor-element elementor-element-4076c17\" data-id=\"4076c17\" data-element_type=\"column\" data-e-type=\"column\" data-settings=\"{&quot;background_background&quot;:&quot;gradient&quot;}\">\n\t\t\t<div class=\"elementor-widget-wrap elementor-element-populated\">\n\t\t\t\t\t\t<div class=\"elementor-element elementor-element-1a72b06 elementor-widget elementor-widget-image\" data-id=\"1a72b06\" data-element_type=\"widget\" data-e-type=\"widget\" data-widget_type=\"image.default\">\n\t\t\t\t<div class=\"elementor-widget-container\">\n\t\t\t\t\t\t\t\t\t\t\t\t\t\t\t\t<a href=\"http:\/\/mairiedebonnat.portesdelacreuseenmarche.fr\/mairiedebonnat-2023\/agenda-sorties\/\">\n\t\t\t\t\t\t\t<img loading=\"lazy\" decoding=\"async\" width=\"600\" height=\"200\" src=\"https:\/\/mairiedebonnat.portesdelacreuseenmarche.fr\/mairiedebonnat-2023\/wp-content\/uploads\/2023\/03\/Sidebar-Agenda-1.png\" class=\"elementor-animation-shrink attachment-large size-large wp-image-1188\" alt=\"Sidebar Agenda\" srcset=\"https:\/\/mairiedebonnat.portesdelacreuseenmarche.fr\/mairiedebonnat-2023\/wp-content\/uploads\/2023\/03\/Sidebar-Agenda-1.png 600w, https:\/\/mairiedebonnat.portesdelacreuseenmarche.fr\/mairiedebonnat-2023\/wp-content\/uploads\/2023\/03\/Sidebar-Agenda-1-300x100.png 300w\" sizes=\"(max-width: 600px) 100vw, 600px\" \/>\t\t\t\t\t\t\t\t<\/a>\n\t\t\t\t\t\t\t\t\t\t\t\t\t\t\t<\/div>\n\t\t\t\t<\/div>\n\t\t\t\t<div class=\"elementor-element elementor-element-5b9caea elementor-widget elementor-widget-image\" data-id=\"5b9caea\" data-element_type=\"widget\" data-e-type=\"widget\" data-widget_type=\"image.default\">\n\t\t\t\t<div class=\"elementor-widget-container\">\n\t\t\t\t\t\t\t\t\t\t\t\t\t\t\t\t<a href=\"http:\/\/mairiedebonnat.portesdelacreuseenmarche.fr\/mairiedebonnat-2023\/demarches\/\">\n\t\t\t\t\t\t\t<img loading=\"lazy\" decoding=\"async\" width=\"600\" height=\"200\" src=\"https:\/\/mairiedebonnat.portesdelacreuseenmarche.fr\/mairiedebonnat-2023\/wp-content\/uploads\/2023\/03\/1-1.png\" class=\"elementor-animation-shrink attachment-large size-large wp-image-843\" alt=\"1\" srcset=\"https:\/\/mairiedebonnat.portesdelacreuseenmarche.fr\/mairiedebonnat-2023\/wp-content\/uploads\/2023\/03\/1-1.png 600w, https:\/\/mairiedebonnat.portesdelacreuseenmarche.fr\/mairiedebonnat-2023\/wp-content\/uploads\/2023\/03\/1-1-300x100.png 300w\" sizes=\"(max-width: 600px) 100vw, 600px\" \/>\t\t\t\t\t\t\t\t<\/a>\n\t\t\t\t\t\t\t\t\t\t\t\t\t\t\t<\/div>\n\t\t\t\t<\/div>\n\t\t\t\t<div class=\"elementor-element elementor-element-c401e10 elementor-widget elementor-widget-image\" data-id=\"c401e10\" data-element_type=\"widget\" data-e-type=\"widget\" data-widget_type=\"image.default\">\n\t\t\t\t<div class=\"elementor-widget-container\">\n\t\t\t\t\t\t\t\t\t\t\t\t\t\t\t\t<a href=\"https:\/\/mairiedebonnat.portesdelacreuseenmarche.fr\/mairiedebonnat-2023\/decisions-administratives\/\">\n\t\t\t\t\t\t\t<img loading=\"lazy\" decoding=\"async\" width=\"600\" height=\"200\" src=\"https:\/\/mairiedebonnat.portesdelacreuseenmarche.fr\/mairiedebonnat-2023\/wp-content\/uploads\/2023\/06\/Decisions-adm.jpg\" class=\"elementor-animation-shrink attachment-large size-large wp-image-4709\" alt=\"D\u00e9cisions adm\" srcset=\"https:\/\/mairiedebonnat.portesdelacreuseenmarche.fr\/mairiedebonnat-2023\/wp-content\/uploads\/2023\/06\/Decisions-adm.jpg 600w, https:\/\/mairiedebonnat.portesdelacreuseenmarche.fr\/mairiedebonnat-2023\/wp-content\/uploads\/2023\/06\/Decisions-adm-300x100.jpg 300w\" sizes=\"(max-width: 600px) 100vw, 600px\" \/>\t\t\t\t\t\t\t\t<\/a>\n\t\t\t\t\t\t\t\t\t\t\t\t\t\t\t<\/div>\n\t\t\t\t<\/div>\n\t\t\t\t<div class=\"elementor-element elementor-element-fdb6827 elementor-widget elementor-widget-image\" data-id=\"fdb6827\" data-element_type=\"widget\" data-e-type=\"widget\" data-widget_type=\"image.default\">\n\t\t\t\t<div class=\"elementor-widget-container\">\n\t\t\t\t\t\t\t\t\t\t\t\t\t\t\t\t<a href=\"http:\/\/mairiedebonnat.portesdelacreuseenmarche.fr\/mairiedebonnat-2023\/conseil-municipal\/\">\n\t\t\t\t\t\t\t<img loading=\"lazy\" decoding=\"async\" width=\"600\" height=\"200\" src=\"https:\/\/mairiedebonnat.portesdelacreuseenmarche.fr\/mairiedebonnat-2023\/wp-content\/uploads\/2023\/03\/4-3.png\" class=\"elementor-animation-shrink attachment-large size-large wp-image-846\" alt=\"4\" srcset=\"https:\/\/mairiedebonnat.portesdelacreuseenmarche.fr\/mairiedebonnat-2023\/wp-content\/uploads\/2023\/03\/4-3.png 600w, https:\/\/mairiedebonnat.portesdelacreuseenmarche.fr\/mairiedebonnat-2023\/wp-content\/uploads\/2023\/03\/4-3-300x100.png 300w\" sizes=\"(max-width: 600px) 100vw, 600px\" \/>\t\t\t\t\t\t\t\t<\/a>\n\t\t\t\t\t\t\t\t\t\t\t\t\t\t\t<\/div>\n\t\t\t\t<\/div>\n\t\t\t\t<div class=\"elementor-element elementor-element-2739d96 elementor-widget elementor-widget-image\" data-id=\"2739d96\" data-element_type=\"widget\" data-e-type=\"widget\" data-widget_type=\"image.default\">\n\t\t\t\t<div class=\"elementor-widget-container\">\n\t\t\t\t\t\t\t\t\t\t\t\t\t\t\t\t<a href=\"http:\/\/mairiedebonnat.portesdelacreuseenmarche.fr\/mairiedebonnat-2023\/la-bonnactu\/\">\n\t\t\t\t\t\t\t<img loading=\"lazy\" decoding=\"async\" width=\"600\" height=\"200\" src=\"https:\/\/mairiedebonnat.portesdelacreuseenmarche.fr\/mairiedebonnat-2023\/wp-content\/uploads\/2023\/03\/5-3.png\" class=\"elementor-animation-shrink attachment-large size-large wp-image-847\" alt=\"5\" srcset=\"https:\/\/mairiedebonnat.portesdelacreuseenmarche.fr\/mairiedebonnat-2023\/wp-content\/uploads\/2023\/03\/5-3.png 600w, https:\/\/mairiedebonnat.portesdelacreuseenmarche.fr\/mairiedebonnat-2023\/wp-content\/uploads\/2023\/03\/5-3-300x100.png 300w\" sizes=\"(max-width: 600px) 100vw, 600px\" \/>\t\t\t\t\t\t\t\t<\/a>\n\t\t\t\t\t\t\t\t\t\t\t\t\t\t\t<\/div>\n\t\t\t\t<\/div>\n\t\t\t\t<div class=\"elementor-element elementor-element-e0ee6fb elementor-widget elementor-widget-image\" data-id=\"e0ee6fb\" data-element_type=\"widget\" data-e-type=\"widget\" data-widget_type=\"image.default\">\n\t\t\t\t<div class=\"elementor-widget-container\">\n\t\t\t\t\t\t\t\t\t\t\t\t\t\t\t\t<a href=\"http:\/\/mairiedebonnat.portesdelacreuseenmarche.fr\/mairiedebonnat-2023\/les-bulletins-municipaux\/\">\n\t\t\t\t\t\t\t<img loading=\"lazy\" decoding=\"async\" width=\"600\" height=\"200\" src=\"https:\/\/mairiedebonnat.portesdelacreuseenmarche.fr\/mairiedebonnat-2023\/wp-content\/uploads\/2023\/06\/Sidebar-2-1.png\" class=\"elementor-animation-shrink attachment-large size-large wp-image-3540\" alt=\"Sidebar\" srcset=\"https:\/\/mairiedebonnat.portesdelacreuseenmarche.fr\/mairiedebonnat-2023\/wp-content\/uploads\/2023\/06\/Sidebar-2-1.png 600w, https:\/\/mairiedebonnat.portesdelacreuseenmarche.fr\/mairiedebonnat-2023\/wp-content\/uploads\/2023\/06\/Sidebar-2-1-300x100.png 300w\" sizes=\"(max-width: 600px) 100vw, 600px\" \/>\t\t\t\t\t\t\t\t<\/a>\n\t\t\t\t\t\t\t\t\t\t\t\t\t\t\t<\/div>\n\t\t\t\t<\/div>\n\t\t\t\t<div class=\"elementor-element elementor-element-6c692fe elementor-widget elementor-widget-image\" data-id=\"6c692fe\" data-element_type=\"widget\" data-e-type=\"widget\" data-widget_type=\"image.default\">\n\t\t\t\t<div class=\"elementor-widget-container\">\n\t\t\t\t\t\t\t\t\t\t\t\t\t\t\t\t<a href=\"https:\/\/mairiedebonnat.portesdelacreuseenmarche.fr\/mairiedebonnat-2023\/services-municipaux\/\">\n\t\t\t\t\t\t\t<img loading=\"lazy\" decoding=\"async\" width=\"600\" height=\"200\" src=\"https:\/\/mairiedebonnat.portesdelacreuseenmarche.fr\/mairiedebonnat-2023\/wp-content\/uploads\/2023\/03\/Sidebar-5-annuaire.png\" class=\"elementor-animation-shrink attachment-large size-large wp-image-1627\" alt=\"Sidebar 5 annuaire\" srcset=\"https:\/\/mairiedebonnat.portesdelacreuseenmarche.fr\/mairiedebonnat-2023\/wp-content\/uploads\/2023\/03\/Sidebar-5-annuaire.png 600w, https:\/\/mairiedebonnat.portesdelacreuseenmarche.fr\/mairiedebonnat-2023\/wp-content\/uploads\/2023\/03\/Sidebar-5-annuaire-300x100.png 300w\" sizes=\"(max-width: 600px) 100vw, 600px\" \/>\t\t\t\t\t\t\t\t<\/a>\n\t\t\t\t\t\t\t\t\t\t\t\t\t\t\t<\/div>\n\t\t\t\t<\/div>\n\t\t\t\t<div class=\"elementor-element elementor-element-3c3410a elementor-widget elementor-widget-spacer\" data-id=\"3c3410a\" data-element_type=\"widget\" data-e-type=\"widget\" data-widget_type=\"spacer.default\">\n\t\t\t\t<div class=\"elementor-widget-container\">\n\t\t\t\t\t\t\t<div class=\"elementor-spacer\">\n\t\t\t<div class=\"elementor-spacer-inner\"><\/div>\n\t\t<\/div>\n\t\t\t\t\t\t<\/div>\n\t\t\t\t<\/div>\n\t\t\t\t\t<\/div>\n\t\t<\/div>\n\t\t\t\t\t<\/div>\n\t\t<\/section>\n\t\t\t\t<section class=\"elementor-section elementor-top-section elementor-element elementor-element-7c25550 elementor-section-boxed elementor-section-height-default elementor-section-height-default\" data-id=\"7c25550\" data-element_type=\"section\" data-e-type=\"section\">\n\t\t\t\t\t\t<div class=\"elementor-container elementor-column-gap-default\">\n\t\t\t\t\t<div class=\"elementor-column elementor-col-100 elementor-top-column elementor-element elementor-element-94d6694\" data-id=\"94d6694\" data-element_type=\"column\" data-e-type=\"column\">\n\t\t\t<div class=\"elementor-widget-wrap\">\n\t\t\t\t\t\t\t<\/div>\n\t\t<\/div>\n\t\t\t\t\t<\/div>\n\t\t<\/section>\n\t\t\t\t<\/div>\n\t\t","protected":false},"excerpt":{"rendered":"<p>PATRIMOINE \u2a20 La Fontaine Saint-Sylvain La Fontaine est rattach\u00e9e \u00e0 l\u2019\u00e9glise d\u00e9di\u00e9e \u00e0 Saint-Sylvain, protecteur des enfants, \u00e9difi\u00e9e \u00e0 la fin du XIII\u00e8me si\u00e8cle. Elle se situe au village de la Borde. Ses eaux auraient la vertu de prot\u00e9ger les enfants contre les convulsions. Voir aussi La L\u00e9gende de la Fontaine Saint Sylvain 1 Statue&#8230;<\/p>\n","protected":false},"author":1,"featured_media":9219,"parent":0,"menu_order":0,"comment_status":"closed","ping_status":"closed","template":"","meta":{"_kad_post_transparent":"default","_kad_post_title":"hide","_kad_post_layout":"fullwidth","_kad_post_sidebar_id":"","_kad_post_content_style":"unboxed","_kad_post_vertical_padding":"hide","_kad_post_feature":"hide","_kad_post_feature_position":"","_kad_post_header":false,"_kad_post_footer":false,"slim_seo":{"title":"La Fontaine Saint-Sylvain - Commune de Bonnat","description":"PATRIMOINE \u2a20 La Fontaine Saint-Sylvain L a Fontaine est rattach\u00e9e \u00e0 l\u2019 \u00e9glise d\u00e9di\u00e9e \u00e0 Saint-Sylvain , protecteur des enfants, \u00e9difi\u00e9e \u00e0 la fin du XIII\u00e8me si\u00e8cl"},"footnotes":""},"class_list":["post-9249","page","type-page","status-publish","has-post-thumbnail","hentry"],"_links":{"self":[{"href":"https:\/\/mairiedebonnat.portesdelacreuseenmarche.fr\/mairiedebonnat-2023\/wp-json\/wp\/v2\/pages\/9249","targetHints":{"allow":["GET"]}}],"collection":[{"href":"https:\/\/mairiedebonnat.portesdelacreuseenmarche.fr\/mairiedebonnat-2023\/wp-json\/wp\/v2\/pages"}],"about":[{"href":"https:\/\/mairiedebonnat.portesdelacreuseenmarche.fr\/mairiedebonnat-2023\/wp-json\/wp\/v2\/types\/page"}],"author":[{"embeddable":true,"href":"https:\/\/mairiedebonnat.portesdelacreuseenmarche.fr\/mairiedebonnat-2023\/wp-json\/wp\/v2\/users\/1"}],"replies":[{"embeddable":true,"href":"https:\/\/mairiedebonnat.portesdelacreuseenmarche.fr\/mairiedebonnat-2023\/wp-json\/wp\/v2\/comments?post=9249"}],"version-history":[{"count":197,"href":"https:\/\/mairiedebonnat.portesdelacreuseenmarche.fr\/mairiedebonnat-2023\/wp-json\/wp\/v2\/pages\/9249\/revisions"}],"predecessor-version":[{"id":21396,"href":"https:\/\/mairiedebonnat.portesdelacreuseenmarche.fr\/mairiedebonnat-2023\/wp-json\/wp\/v2\/pages\/9249\/revisions\/21396"}],"wp:featuredmedia":[{"embeddable":true,"href":"https:\/\/mairiedebonnat.portesdelacreuseenmarche.fr\/mairiedebonnat-2023\/wp-json\/wp\/v2\/media\/9219"}],"wp:attachment":[{"href":"https:\/\/mairiedebonnat.portesdelacreuseenmarche.fr\/mairiedebonnat-2023\/wp-json\/wp\/v2\/media?parent=9249"}],"curies":[{"name":"wp","href":"https:\/\/api.w.org\/{rel}","templated":true}]}}