{"id":28054,"date":"2026-01-14T16:11:16","date_gmt":"2026-01-14T15:11:16","guid":{"rendered":"https:\/\/mairiedebonnat.portesdelacreuseenmarche.fr\/mairiedebonnat-2023\/?page_id=28054"},"modified":"2026-01-14T16:19:45","modified_gmt":"2026-01-14T15:19:45","slug":"decisions-administratives-2025","status":"publish","type":"page","link":"https:\/\/mairiedebonnat.portesdelacreuseenmarche.fr\/mairiedebonnat-2023\/decisions-administratives-2025\/","title":{"rendered":"D\u00e9cisions administratives 2025"},"content":{"rendered":"\t\t<div data-elementor-type=\"wp-page\" data-elementor-id=\"28054\" class=\"elementor elementor-28054\">\n\t\t\t\t\t\t<section class=\"elementor-section elementor-top-section elementor-element elementor-element-4735786 elementor-section-boxed elementor-section-height-default elementor-section-height-default\" data-id=\"4735786\" data-element_type=\"section\" data-e-type=\"section\">\n\t\t\t\t\t\t<div class=\"elementor-container elementor-column-gap-no\">\n\t\t\t\t\t<div class=\"elementor-column elementor-col-100 elementor-top-column elementor-element elementor-element-4b136db\" data-id=\"4b136db\" data-element_type=\"column\" data-e-type=\"column\">\n\t\t\t<div class=\"elementor-widget-wrap elementor-element-populated\">\n\t\t\t\t\t\t<div class=\"elementor-element elementor-element-e746ac0 elementor-widget elementor-widget-spacer\" data-id=\"e746ac0\" data-element_type=\"widget\" data-e-type=\"widget\" data-widget_type=\"spacer.default\">\n\t\t\t\t<div class=\"elementor-widget-container\">\n\t\t\t\t\t\t\t<div class=\"elementor-spacer\">\n\t\t\t<div class=\"elementor-spacer-inner\"><\/div>\n\t\t<\/div>\n\t\t\t\t\t\t<\/div>\n\t\t\t\t<\/div>\n\t\t\t\t<div class=\"elementor-element elementor-element-fa833a5 elementor-widget elementor-widget-text-editor\" data-id=\"fa833a5\" data-element_type=\"widget\" data-e-type=\"widget\" data-widget_type=\"text-editor.default\">\n\t\t\t\t<div class=\"elementor-widget-container\">\n\t\t\t\t\t\t\t\t\t<h1><a href=\"https:\/\/mairiedebonnat.portesdelacreuseenmarche.fr\/mairiedebonnat-2023\/\"> ACCUEIL \u2a20<\/a> D\u00e9cisions administratives 2025<\/h1>\t\t\t\t\t\t\t\t<\/div>\n\t\t\t\t<\/div>\n\t\t\t\t<div class=\"elementor-element elementor-element-c7faba6 elementor-widget-divider--view-line elementor-widget elementor-widget-divider\" data-id=\"c7faba6\" data-element_type=\"widget\" data-e-type=\"widget\" data-widget_type=\"divider.default\">\n\t\t\t\t<div class=\"elementor-widget-container\">\n\t\t\t\t\t\t\t<div class=\"elementor-divider\">\n\t\t\t<span class=\"elementor-divider-separator\">\n\t\t\t\t\t\t<\/span>\n\t\t<\/div>\n\t\t\t\t\t\t<\/div>\n\t\t\t\t<\/div>\n\t\t\t\t\t<\/div>\n\t\t<\/div>\n\t\t\t\t\t<\/div>\n\t\t<\/section>\n\t\t\t\t<section class=\"elementor-section elementor-top-section elementor-element elementor-element-89b3c55 elementor-section-boxed elementor-section-height-default elementor-section-height-default\" data-id=\"89b3c55\" data-element_type=\"section\" data-e-type=\"section\">\n\t\t\t\t\t\t<div class=\"elementor-container elementor-column-gap-no\">\n\t\t\t\t\t<div class=\"elementor-column elementor-col-50 elementor-top-column elementor-element elementor-element-7ceffd9\" data-id=\"7ceffd9\" data-element_type=\"column\" data-e-type=\"column\">\n\t\t\t<div class=\"elementor-widget-wrap\">\n\t\t\t\t\t\t\t<\/div>\n\t\t<\/div>\n\t\t\t\t<div class=\"elementor-column elementor-col-50 elementor-top-column elementor-element elementor-element-17f85be\" data-id=\"17f85be\" data-element_type=\"column\" data-e-type=\"column\">\n\t\t\t<div class=\"elementor-widget-wrap elementor-element-populated\">\n\t\t\t\t\t\t<div class=\"elementor-element elementor-element-ea8603a elementor-widget__width-initial elementor-widget elementor-widget-elementskit-header-search\" data-id=\"ea8603a\" data-element_type=\"widget\" data-e-type=\"widget\" data-widget_type=\"elementskit-header-search.default\">\n\t\t\t\t<div class=\"elementor-widget-container\">\n\t\t\t\t\t<div class=\"ekit-wid-con\" >        <a href=\"#ekit_modal-popup-ea8603a\" class=\"ekit_navsearch-button ekit-modal-popup\" aria-label=\"navsearch-button\">\n            <i aria-hidden=\"true\" class=\"icon icon-search\"><\/i>        <\/a>\n        <!-- language switcher strart -->\n        <!-- xs modal -->\n        <div class=\"zoom-anim-dialog mfp-hide ekit_modal-searchPanel\" id=\"ekit_modal-popup-ea8603a\">\n            <div class=\"ekit-search-panel\">\n            <!-- Polylang search - thanks to Alain Melsens -->\n                <form role=\"search\" method=\"get\" class=\"ekit-search-group\" action=\"https:\/\/mairiedebonnat.portesdelacreuseenmarche.fr\/mairiedebonnat-2023\/\">\n                    <input type=\"search\" class=\"ekit_search-field\" aria-label=\"search-form\" placeholder=\"Search...\" value=\"\" name=\"s\">\n\t\t\t\t\t<button type=\"submit\" class=\"ekit_search-button\" aria-label=\"search-button\">\n                        <i aria-hidden=\"true\" class=\"icon icon-search\"><\/i>                    <\/button>\n                <\/form>\n            <\/div>\n        <\/div><!-- End xs modal -->\n        <!-- end language switcher strart -->\n        <\/div>\t\t\t\t<\/div>\n\t\t\t\t<\/div>\n\t\t\t\t\t<\/div>\n\t\t<\/div>\n\t\t\t\t\t<\/div>\n\t\t<\/section>\n\t\t\t\t<section class=\"elementor-section elementor-top-section elementor-element elementor-element-a62b115 elementor-section-boxed elementor-section-height-default elementor-section-height-default\" data-id=\"a62b115\" data-element_type=\"section\" data-e-type=\"section\">\n\t\t\t\t\t\t<div class=\"elementor-container elementor-column-gap-no\">\n\t\t\t\t\t<div class=\"elementor-column elementor-col-50 elementor-top-column elementor-element elementor-element-f9080c4\" data-id=\"f9080c4\" data-element_type=\"column\" data-e-type=\"column\">\n\t\t\t<div class=\"elementor-widget-wrap elementor-element-populated\">\n\t\t\t\t\t\t<section class=\"elementor-section elementor-inner-section elementor-element elementor-element-87620b4 elementor-section-boxed elementor-section-height-default elementor-section-height-default\" data-id=\"87620b4\" data-element_type=\"section\" data-e-type=\"section\">\n\t\t\t\t\t\t<div class=\"elementor-container elementor-column-gap-default\">\n\t\t\t\t\t<div class=\"elementor-column elementor-col-50 elementor-inner-column elementor-element elementor-element-3deb04c\" data-id=\"3deb04c\" data-element_type=\"column\" data-e-type=\"column\">\n\t\t\t<div class=\"elementor-widget-wrap elementor-element-populated\">\n\t\t\t\t\t\t<div class=\"elementor-element elementor-element-e8b76f2 elementor-widget elementor-widget-upk-scott-list\" data-id=\"e8b76f2\" data-element_type=\"widget\" data-e-type=\"widget\" data-widget_type=\"upk-scott-list.default\">\n\t\t\t\t<div class=\"elementor-widget-container\">\n\t\t\t\t\t\t\t<div class=\"upk-scott-list upk-ajax-grid\" data-loadmore=\"[]\">\n\t\t\t<div class=\"upk-scott-list upk-ajax-grid-wrap\">\n\t\t\t\t\n\t\t\t\t\t\t\t<div class=\"upk-item\">\n\t\t\t\t\t<a class=\"upk-image-wrap\" href=\"https:\/\/mairiedebonnat.portesdelacreuseenmarche.fr\/mairiedebonnat-2023\/arrete-n2026-047-portant-reglementation-de-la-circulation-du-27-avril-au-07-mai-2026\/\">\n\t\t\t<img decoding=\"async\" src=\"https:\/\/mairiedebonnat.portesdelacreuseenmarche.fr\/mairiedebonnat-2023\/wp-content\/uploads\/2023\/11\/Reglementation-de-la-circulation-et-du-stationnement-768x432.jpg\" alt=\"Arr\u00eat\u00e9 n\u00b02026-047 portant r\u00e9glementation de la circulation du 27 avril au 07 mai 2026\">\n\t\t\t<span class=\"upk-img-overlay\"><\/span>\n\t\t<\/a>\n\t\t\t\t<div class=\"upk-content\">\n\t\t\t\t\t\t<div class=\"upk-category\">\n\t\t\t<a href=\"https:\/\/mairiedebonnat.portesdelacreuseenmarche.fr\/mairiedebonnat-2023\/category\/temporaire\/\" \n\t\t\t\t\t\t\taria-label=\"Category &gt; TEMPORAIRE\">&gt; TEMPORAIRE<\/a> <a href=\"https:\/\/mairiedebonnat.portesdelacreuseenmarche.fr\/mairiedebonnat-2023\/category\/2026\/\" \n\t\t\t\t\t\t\taria-label=\"Category 2026\">2026<\/a> <a href=\"https:\/\/mairiedebonnat.portesdelacreuseenmarche.fr\/mairiedebonnat-2023\/category\/arrete\/\" \n\t\t\t\t\t\t\taria-label=\"Category Arr\u00eat\u00e9\">Arr\u00eat\u00e9<\/a> <a href=\"https:\/\/mairiedebonnat.portesdelacreuseenmarche.fr\/mairiedebonnat-2023\/category\/stationnement\/\" \n\t\t\t\t\t\t\taria-label=\"Category Stationnement\">Stationnement<\/a>\t\t<\/div>\n\t\t\t\t\t<h6 class=\"upk-title\"><a href=\"https:\/\/mairiedebonnat.portesdelacreuseenmarche.fr\/mairiedebonnat-2023\/arrete-n2026-047-portant-reglementation-de-la-circulation-du-27-avril-au-07-mai-2026\/\" title=\"Arr\u00eat\u00e9 n\u00b02026-047 portant r\u00e9glementation de la circulation du 27 avril au 07 mai 2026\" class=\"title-animation-underline\" aria-label=\"Arr\u00eat\u00e9 n\u00b02026-047 portant r\u00e9glementation de la circulation du 27 avril au 07 mai 2026\">Arr\u00eat\u00e9 n\u00b02026-047 portant r\u00e9glementation de la circulation du 27 avril au 07 mai 2026<\/a><\/h6>\t\t\t\t\t\t\t<\/div>\n\t\t<\/div>\n\t\t\t\t\t\t\n\t\t\t\t\n\t\t\t\t\t\t\t<div class=\"upk-item\">\n\t\t\t\t\t<a class=\"upk-image-wrap\" href=\"https:\/\/mairiedebonnat.portesdelacreuseenmarche.fr\/mairiedebonnat-2023\/arrete-n2026-046-portant-reglementation-de-la-circulation-du-27-avril-au-07-mai-2026\/\">\n\t\t\t<img decoding=\"async\" src=\"https:\/\/mairiedebonnat.portesdelacreuseenmarche.fr\/mairiedebonnat-2023\/wp-content\/uploads\/2023\/11\/Reglementation-de-la-circulation-et-du-stationnement-768x432.jpg\" alt=\"Arr\u00eat\u00e9 n\u00b02026-046 portant r\u00e9glementation de la circulation du 27 avril au 07 mai 2026\">\n\t\t\t<span class=\"upk-img-overlay\"><\/span>\n\t\t<\/a>\n\t\t\t\t<div class=\"upk-content\">\n\t\t\t\t\t\t<div class=\"upk-category\">\n\t\t\t<a href=\"https:\/\/mairiedebonnat.portesdelacreuseenmarche.fr\/mairiedebonnat-2023\/category\/temporaire\/\" \n\t\t\t\t\t\t\taria-label=\"Category &gt; TEMPORAIRE\">&gt; TEMPORAIRE<\/a> <a href=\"https:\/\/mairiedebonnat.portesdelacreuseenmarche.fr\/mairiedebonnat-2023\/category\/2026\/\" \n\t\t\t\t\t\t\taria-label=\"Category 2026\">2026<\/a> <a href=\"https:\/\/mairiedebonnat.portesdelacreuseenmarche.fr\/mairiedebonnat-2023\/category\/arrete\/\" \n\t\t\t\t\t\t\taria-label=\"Category Arr\u00eat\u00e9\">Arr\u00eat\u00e9<\/a> <a href=\"https:\/\/mairiedebonnat.portesdelacreuseenmarche.fr\/mairiedebonnat-2023\/category\/stationnement\/\" \n\t\t\t\t\t\t\taria-label=\"Category Stationnement\">Stationnement<\/a>\t\t<\/div>\n\t\t\t\t\t<h6 class=\"upk-title\"><a href=\"https:\/\/mairiedebonnat.portesdelacreuseenmarche.fr\/mairiedebonnat-2023\/arrete-n2026-046-portant-reglementation-de-la-circulation-du-27-avril-au-07-mai-2026\/\" title=\"Arr\u00eat\u00e9 n\u00b02026-046 portant r\u00e9glementation de la circulation du 27 avril au 07 mai 2026\" class=\"title-animation-underline\" aria-label=\"Arr\u00eat\u00e9 n\u00b02026-046 portant r\u00e9glementation de la circulation du 27 avril au 07 mai 2026\">Arr\u00eat\u00e9 n\u00b02026-046 portant r\u00e9glementation de la circulation du 27 avril au 07 mai 2026<\/a><\/h6>\t\t\t\t\t\t\t<\/div>\n\t\t<\/div>\n\t\t\t\t\t\t\n\t\t\t\t\n\t\t\t\t\t\t\t<div class=\"upk-item\">\n\t\t\t\t\t<a class=\"upk-image-wrap\" href=\"https:\/\/mairiedebonnat.portesdelacreuseenmarche.fr\/mairiedebonnat-2023\/arrete-n2026-045-portant-reglementation-de-la-circulation-sur-la-voie-communale-n1-villesigne\/\">\n\t\t\t<img decoding=\"async\" src=\"https:\/\/mairiedebonnat.portesdelacreuseenmarche.fr\/mairiedebonnat-2023\/wp-content\/uploads\/2023\/11\/Reglementation-de-la-circulation-et-du-stationnement-768x432.jpg\" alt=\"Arr\u00eat\u00e9 n\u00b02026-045 portant r\u00e9glementation de la circulation sur la voie communale n\u00b01 &#8211; Villesigne\">\n\t\t\t<span class=\"upk-img-overlay\"><\/span>\n\t\t<\/a>\n\t\t\t\t<div class=\"upk-content\">\n\t\t\t\t\t\t<div class=\"upk-category\">\n\t\t\t<a href=\"https:\/\/mairiedebonnat.portesdelacreuseenmarche.fr\/mairiedebonnat-2023\/category\/temporaire\/\" \n\t\t\t\t\t\t\taria-label=\"Category &gt; TEMPORAIRE\">&gt; TEMPORAIRE<\/a> <a href=\"https:\/\/mairiedebonnat.portesdelacreuseenmarche.fr\/mairiedebonnat-2023\/category\/2026\/\" \n\t\t\t\t\t\t\taria-label=\"Category 2026\">2026<\/a> <a href=\"https:\/\/mairiedebonnat.portesdelacreuseenmarche.fr\/mairiedebonnat-2023\/category\/arrete\/\" \n\t\t\t\t\t\t\taria-label=\"Category Arr\u00eat\u00e9\">Arr\u00eat\u00e9<\/a> <a href=\"https:\/\/mairiedebonnat.portesdelacreuseenmarche.fr\/mairiedebonnat-2023\/category\/stationnement\/\" \n\t\t\t\t\t\t\taria-label=\"Category Stationnement\">Stationnement<\/a>\t\t<\/div>\n\t\t\t\t\t<h6 class=\"upk-title\"><a href=\"https:\/\/mairiedebonnat.portesdelacreuseenmarche.fr\/mairiedebonnat-2023\/arrete-n2026-045-portant-reglementation-de-la-circulation-sur-la-voie-communale-n1-villesigne\/\" title=\"Arr\u00eat\u00e9 n\u00b02026-045 portant r\u00e9glementation de la circulation sur la voie communale n\u00b01 &#8211; Villesigne\" class=\"title-animation-underline\" aria-label=\"Arr\u00eat\u00e9 n\u00b02026-045 portant r\u00e9glementation de la circulation sur la voie communale n\u00b01 &#8211; Villesigne\">Arr\u00eat\u00e9 n\u00b02026-045 portant r\u00e9glementation de la circulation sur la voie communale n\u00b01 &#8211; Villesigne<\/a><\/h6>\t\t\t\t\t\t\t<\/div>\n\t\t<\/div>\n\t\t\t\t\t\t\n\t\t\t\t\n\t\t\t\t\t\t\t<div class=\"upk-item\">\n\t\t\t\t\t<a class=\"upk-image-wrap\" href=\"https:\/\/mairiedebonnat.portesdelacreuseenmarche.fr\/mairiedebonnat-2023\/arrete-n2026-044-portant-permis-de-stationnement-du-24-au-27-avril-2026\/\">\n\t\t\t<img decoding=\"async\" src=\"https:\/\/mairiedebonnat.portesdelacreuseenmarche.fr\/mairiedebonnat-2023\/wp-content\/uploads\/2023\/11\/Reglementation-de-la-circulation-et-du-stationnement-768x432.jpg\" alt=\"Arr\u00eat\u00e9 n\u00b02026-044 portant permis de stationnement du 24 au 27 avril 2026\">\n\t\t\t<span class=\"upk-img-overlay\"><\/span>\n\t\t<\/a>\n\t\t\t\t<div class=\"upk-content\">\n\t\t\t\t\t\t<div class=\"upk-category\">\n\t\t\t<a href=\"https:\/\/mairiedebonnat.portesdelacreuseenmarche.fr\/mairiedebonnat-2023\/category\/temporaire\/\" \n\t\t\t\t\t\t\taria-label=\"Category &gt; TEMPORAIRE\">&gt; TEMPORAIRE<\/a> <a href=\"https:\/\/mairiedebonnat.portesdelacreuseenmarche.fr\/mairiedebonnat-2023\/category\/2026\/\" \n\t\t\t\t\t\t\taria-label=\"Category 2026\">2026<\/a> <a href=\"https:\/\/mairiedebonnat.portesdelacreuseenmarche.fr\/mairiedebonnat-2023\/category\/arrete\/\" \n\t\t\t\t\t\t\taria-label=\"Category Arr\u00eat\u00e9\">Arr\u00eat\u00e9<\/a> <a href=\"https:\/\/mairiedebonnat.portesdelacreuseenmarche.fr\/mairiedebonnat-2023\/category\/stationnement\/\" \n\t\t\t\t\t\t\taria-label=\"Category Stationnement\">Stationnement<\/a>\t\t<\/div>\n\t\t\t\t\t<h6 class=\"upk-title\"><a href=\"https:\/\/mairiedebonnat.portesdelacreuseenmarche.fr\/mairiedebonnat-2023\/arrete-n2026-044-portant-permis-de-stationnement-du-24-au-27-avril-2026\/\" title=\"Arr\u00eat\u00e9 n\u00b02026-044 portant permis de stationnement du 24 au 27 avril 2026\" class=\"title-animation-underline\" aria-label=\"Arr\u00eat\u00e9 n\u00b02026-044 portant permis de stationnement du 24 au 27 avril 2026\">Arr\u00eat\u00e9 n\u00b02026-044 portant permis de stationnement du 24 au 27 avril 2026<\/a><\/h6>\t\t\t\t\t\t\t<\/div>\n\t\t<\/div>\n\t\t\t\t\t\t\n\t\t\t\t\n\t\t\t\t\t\t\t<div class=\"upk-item\">\n\t\t\t\t\t<a class=\"upk-image-wrap\" href=\"https:\/\/mairiedebonnat.portesdelacreuseenmarche.fr\/mairiedebonnat-2023\/arrete-n2026-043-portant-autorisation-doccupation-du-domaine-public-a-des-fins-commerciales\/\">\n\t\t\t<img decoding=\"async\" src=\"https:\/\/mairiedebonnat.portesdelacreuseenmarche.fr\/mairiedebonnat-2023\/wp-content\/uploads\/2024\/06\/Autorisation-occupation-domaine-public-1-768x432.png\" alt=\"Arr\u00eat\u00e9 n\u00b02026-043 portant autorisation d&rsquo;occupation du domaine public \u00e0 des fins commerciales\">\n\t\t\t<span class=\"upk-img-overlay\"><\/span>\n\t\t<\/a>\n\t\t\t\t<div class=\"upk-content\">\n\t\t\t\t\t\t<div class=\"upk-category\">\n\t\t\t<a href=\"https:\/\/mairiedebonnat.portesdelacreuseenmarche.fr\/mairiedebonnat-2023\/category\/temporaire\/\" \n\t\t\t\t\t\t\taria-label=\"Category &gt; TEMPORAIRE\">&gt; TEMPORAIRE<\/a> <a href=\"https:\/\/mairiedebonnat.portesdelacreuseenmarche.fr\/mairiedebonnat-2023\/category\/2026\/\" \n\t\t\t\t\t\t\taria-label=\"Category 2026\">2026<\/a> <a href=\"https:\/\/mairiedebonnat.portesdelacreuseenmarche.fr\/mairiedebonnat-2023\/category\/arrete\/\" \n\t\t\t\t\t\t\taria-label=\"Category Arr\u00eat\u00e9\">Arr\u00eat\u00e9<\/a> <a href=\"https:\/\/mairiedebonnat.portesdelacreuseenmarche.fr\/mairiedebonnat-2023\/category\/occupation-domaine\/\" \n\t\t\t\t\t\t\taria-label=\"Category Occupation Domaine\">Occupation Domaine<\/a> <a href=\"https:\/\/mairiedebonnat.portesdelacreuseenmarche.fr\/mairiedebonnat-2023\/category\/stationnement\/\" \n\t\t\t\t\t\t\taria-label=\"Category Stationnement\">Stationnement<\/a>\t\t<\/div>\n\t\t\t\t\t<h6 class=\"upk-title\"><a href=\"https:\/\/mairiedebonnat.portesdelacreuseenmarche.fr\/mairiedebonnat-2023\/arrete-n2026-043-portant-autorisation-doccupation-du-domaine-public-a-des-fins-commerciales\/\" title=\"Arr\u00eat\u00e9 n\u00b02026-043 portant autorisation d&rsquo;occupation du domaine public \u00e0 des fins commerciales\" class=\"title-animation-underline\" aria-label=\"Arr\u00eat\u00e9 n\u00b02026-043 portant autorisation d&rsquo;occupation du domaine public \u00e0 des fins commerciales\">Arr\u00eat\u00e9 n\u00b02026-043 portant autorisation d&rsquo;occupation du domaine public \u00e0 des fins commerciales<\/a><\/h6>\t\t\t\t\t\t\t<\/div>\n\t\t<\/div>\n\t\t\t\t\t\t\n\t\t\t\t\n\t\t\t\t\t\t\t<div class=\"upk-item\">\n\t\t\t\t\t<a class=\"upk-image-wrap\" href=\"https:\/\/mairiedebonnat.portesdelacreuseenmarche.fr\/mairiedebonnat-2023\/arrete-n2026-035-portant-autorisation-doccupation-du-domaine-public-place-de-la-promenade-du-27-mars-au-10-avril-2026-2\/\">\n\t\t\t<img decoding=\"async\" src=\"https:\/\/mairiedebonnat.portesdelacreuseenmarche.fr\/mairiedebonnat-2023\/wp-content\/uploads\/2024\/06\/Autorisation-occupation-domaine-public-1-768x432.png\" alt=\"Arr\u00eat\u00e9 n\u00b02026-042 portant autorisation d&rsquo;occupation du domaine public \u00e0 des fins commerciales\">\n\t\t\t<span class=\"upk-img-overlay\"><\/span>\n\t\t<\/a>\n\t\t\t\t<div class=\"upk-content\">\n\t\t\t\t\t\t<div class=\"upk-category\">\n\t\t\t<a href=\"https:\/\/mairiedebonnat.portesdelacreuseenmarche.fr\/mairiedebonnat-2023\/category\/temporaire\/\" \n\t\t\t\t\t\t\taria-label=\"Category &gt; TEMPORAIRE\">&gt; TEMPORAIRE<\/a> <a href=\"https:\/\/mairiedebonnat.portesdelacreuseenmarche.fr\/mairiedebonnat-2023\/category\/2026\/\" \n\t\t\t\t\t\t\taria-label=\"Category 2026\">2026<\/a> <a href=\"https:\/\/mairiedebonnat.portesdelacreuseenmarche.fr\/mairiedebonnat-2023\/category\/arrete\/\" \n\t\t\t\t\t\t\taria-label=\"Category Arr\u00eat\u00e9\">Arr\u00eat\u00e9<\/a> <a href=\"https:\/\/mairiedebonnat.portesdelacreuseenmarche.fr\/mairiedebonnat-2023\/category\/occupation-domaine\/\" \n\t\t\t\t\t\t\taria-label=\"Category Occupation Domaine\">Occupation Domaine<\/a> <a href=\"https:\/\/mairiedebonnat.portesdelacreuseenmarche.fr\/mairiedebonnat-2023\/category\/stationnement\/\" \n\t\t\t\t\t\t\taria-label=\"Category Stationnement\">Stationnement<\/a>\t\t<\/div>\n\t\t\t\t\t<h6 class=\"upk-title\"><a href=\"https:\/\/mairiedebonnat.portesdelacreuseenmarche.fr\/mairiedebonnat-2023\/arrete-n2026-035-portant-autorisation-doccupation-du-domaine-public-place-de-la-promenade-du-27-mars-au-10-avril-2026-2\/\" title=\"Arr\u00eat\u00e9 n\u00b02026-042 portant autorisation d&rsquo;occupation du domaine public \u00e0 des fins commerciales\" class=\"title-animation-underline\" aria-label=\"Arr\u00eat\u00e9 n\u00b02026-042 portant autorisation d&rsquo;occupation du domaine public \u00e0 des fins commerciales\">Arr\u00eat\u00e9 n\u00b02026-042 portant autorisation d&rsquo;occupation du domaine public \u00e0 des fins commerciales<\/a><\/h6>\t\t\t\t\t\t\t<\/div>\n\t\t<\/div>\n\t\t\t\t\t\t\n\t\t\t\t\n\t\t\t\t\t\t\t<div class=\"upk-item\">\n\t\t\t\t\t<a class=\"upk-image-wrap\" href=\"https:\/\/mairiedebonnat.portesdelacreuseenmarche.fr\/mairiedebonnat-2023\/arrete-n2026-041-portant-reglementation-de-la-circulation-chemin-de-ronde-du-22-avril-2026-au-22-juin-2026\/\">\n\t\t\t<img decoding=\"async\" src=\"https:\/\/mairiedebonnat.portesdelacreuseenmarche.fr\/mairiedebonnat-2023\/wp-content\/uploads\/2023\/11\/Reglementation-de-la-circulation-et-du-stationnement-768x432.jpg\" alt=\"Arr\u00eat\u00e9 n\u00b02026-041 portant r\u00e9glementation de la circulation Chemin de Ronde du 22 avril 2026 au 22 juin 2026\">\n\t\t\t<span class=\"upk-img-overlay\"><\/span>\n\t\t<\/a>\n\t\t\t\t<div class=\"upk-content\">\n\t\t\t\t\t\t<div class=\"upk-category\">\n\t\t\t<a href=\"https:\/\/mairiedebonnat.portesdelacreuseenmarche.fr\/mairiedebonnat-2023\/category\/temporaire\/\" \n\t\t\t\t\t\t\taria-label=\"Category &gt; TEMPORAIRE\">&gt; TEMPORAIRE<\/a> <a href=\"https:\/\/mairiedebonnat.portesdelacreuseenmarche.fr\/mairiedebonnat-2023\/category\/2026\/\" \n\t\t\t\t\t\t\taria-label=\"Category 2026\">2026<\/a> <a href=\"https:\/\/mairiedebonnat.portesdelacreuseenmarche.fr\/mairiedebonnat-2023\/category\/arrete\/\" \n\t\t\t\t\t\t\taria-label=\"Category Arr\u00eat\u00e9\">Arr\u00eat\u00e9<\/a> <a href=\"https:\/\/mairiedebonnat.portesdelacreuseenmarche.fr\/mairiedebonnat-2023\/category\/stationnement\/\" \n\t\t\t\t\t\t\taria-label=\"Category Stationnement\">Stationnement<\/a>\t\t<\/div>\n\t\t\t\t\t<h6 class=\"upk-title\"><a href=\"https:\/\/mairiedebonnat.portesdelacreuseenmarche.fr\/mairiedebonnat-2023\/arrete-n2026-041-portant-reglementation-de-la-circulation-chemin-de-ronde-du-22-avril-2026-au-22-juin-2026\/\" title=\"Arr\u00eat\u00e9 n\u00b02026-041 portant r\u00e9glementation de la circulation Chemin de Ronde du 22 avril 2026 au 22 juin 2026\" class=\"title-animation-underline\" aria-label=\"Arr\u00eat\u00e9 n\u00b02026-041 portant r\u00e9glementation de la circulation Chemin de Ronde du 22 avril 2026 au 22 juin 2026\">Arr\u00eat\u00e9 n\u00b02026-041 portant r\u00e9glementation de la circulation Chemin de Ronde du 22 avril 2026 au 22 juin 2026<\/a><\/h6>\t\t\t\t\t\t\t<\/div>\n\t\t<\/div>\n\t\t\t\t\t\t\n\t\t\t\t\n\t\t\t\t\t\t\t<div class=\"upk-item\">\n\t\t\t\t\t<a class=\"upk-image-wrap\" href=\"https:\/\/mairiedebonnat.portesdelacreuseenmarche.fr\/mairiedebonnat-2023\/arrete-n2026-040-portant-reglementation-de-la-circulation-au-village-de-felines-du-13-avril-2026-au-12-mai-2026\/\">\n\t\t\t<img decoding=\"async\" src=\"https:\/\/mairiedebonnat.portesdelacreuseenmarche.fr\/mairiedebonnat-2023\/wp-content\/uploads\/2023\/11\/Reglementation-de-la-circulation-et-du-stationnement-768x432.jpg\" alt=\"Arr\u00eat\u00e9 n\u00b02026-040 portant r\u00e9glementation de la circulation au village de F\u00e9lines du 13 avril 2026 au 12 mai 2026\">\n\t\t\t<span class=\"upk-img-overlay\"><\/span>\n\t\t<\/a>\n\t\t\t\t<div class=\"upk-content\">\n\t\t\t\t\t\t<div class=\"upk-category\">\n\t\t\t<a href=\"https:\/\/mairiedebonnat.portesdelacreuseenmarche.fr\/mairiedebonnat-2023\/category\/temporaire\/\" \n\t\t\t\t\t\t\taria-label=\"Category &gt; TEMPORAIRE\">&gt; TEMPORAIRE<\/a> <a href=\"https:\/\/mairiedebonnat.portesdelacreuseenmarche.fr\/mairiedebonnat-2023\/category\/2026\/\" \n\t\t\t\t\t\t\taria-label=\"Category 2026\">2026<\/a> <a href=\"https:\/\/mairiedebonnat.portesdelacreuseenmarche.fr\/mairiedebonnat-2023\/category\/arrete\/\" \n\t\t\t\t\t\t\taria-label=\"Category Arr\u00eat\u00e9\">Arr\u00eat\u00e9<\/a> <a href=\"https:\/\/mairiedebonnat.portesdelacreuseenmarche.fr\/mairiedebonnat-2023\/category\/stationnement\/\" \n\t\t\t\t\t\t\taria-label=\"Category Stationnement\">Stationnement<\/a>\t\t<\/div>\n\t\t\t\t\t<h6 class=\"upk-title\"><a href=\"https:\/\/mairiedebonnat.portesdelacreuseenmarche.fr\/mairiedebonnat-2023\/arrete-n2026-040-portant-reglementation-de-la-circulation-au-village-de-felines-du-13-avril-2026-au-12-mai-2026\/\" title=\"Arr\u00eat\u00e9 n\u00b02026-040 portant r\u00e9glementation de la circulation au village de F\u00e9lines du 13 avril 2026 au 12 mai 2026\" class=\"title-animation-underline\" aria-label=\"Arr\u00eat\u00e9 n\u00b02026-040 portant r\u00e9glementation de la circulation au village de F\u00e9lines du 13 avril 2026 au 12 mai 2026\">Arr\u00eat\u00e9 n\u00b02026-040 portant r\u00e9glementation de la circulation au village de F\u00e9lines du 13 avril 2026 au 12 mai 2026<\/a><\/h6>\t\t\t\t\t\t\t<\/div>\n\t\t<\/div>\n\t\t\t\t\t\t\n\t\t\t\t\n\t\t\t\t\t\t\t<div class=\"upk-item\">\n\t\t\t\t\t<a class=\"upk-image-wrap\" href=\"https:\/\/mairiedebonnat.portesdelacreuseenmarche.fr\/mairiedebonnat-2023\/arrete-n2026-039-portant-reglementation-temporaire-de-la-circulation-et-du-stationnement-au-lieu-dit-le-theil-du-07-au-10-avril-2026\/\">\n\t\t\t<img decoding=\"async\" src=\"https:\/\/mairiedebonnat.portesdelacreuseenmarche.fr\/mairiedebonnat-2023\/wp-content\/uploads\/2023\/11\/Reglementation-de-la-circulation-et-du-stationnement-768x432.jpg\" alt=\"Arr\u00eat\u00e9 n\u00b02026-039 portant r\u00e9glementation temporaire de la circulation et du stationnement au lieu-dit \u00ab\u00a0le Theil\u00a0\u00bb du 07 au 10 avril 2026\">\n\t\t\t<span class=\"upk-img-overlay\"><\/span>\n\t\t<\/a>\n\t\t\t\t<div class=\"upk-content\">\n\t\t\t\t\t\t<div class=\"upk-category\">\n\t\t\t<a href=\"https:\/\/mairiedebonnat.portesdelacreuseenmarche.fr\/mairiedebonnat-2023\/category\/temporaire\/\" \n\t\t\t\t\t\t\taria-label=\"Category &gt; TEMPORAIRE\">&gt; TEMPORAIRE<\/a> <a href=\"https:\/\/mairiedebonnat.portesdelacreuseenmarche.fr\/mairiedebonnat-2023\/category\/2026\/\" \n\t\t\t\t\t\t\taria-label=\"Category 2026\">2026<\/a> <a href=\"https:\/\/mairiedebonnat.portesdelacreuseenmarche.fr\/mairiedebonnat-2023\/category\/arrete\/\" \n\t\t\t\t\t\t\taria-label=\"Category Arr\u00eat\u00e9\">Arr\u00eat\u00e9<\/a> <a href=\"https:\/\/mairiedebonnat.portesdelacreuseenmarche.fr\/mairiedebonnat-2023\/category\/stationnement\/\" \n\t\t\t\t\t\t\taria-label=\"Category Stationnement\">Stationnement<\/a>\t\t<\/div>\n\t\t\t\t\t<h6 class=\"upk-title\"><a href=\"https:\/\/mairiedebonnat.portesdelacreuseenmarche.fr\/mairiedebonnat-2023\/arrete-n2026-039-portant-reglementation-temporaire-de-la-circulation-et-du-stationnement-au-lieu-dit-le-theil-du-07-au-10-avril-2026\/\" title=\"Arr\u00eat\u00e9 n\u00b02026-039 portant r\u00e9glementation temporaire de la circulation et du stationnement au lieu-dit \u00ab\u00a0le Theil\u00a0\u00bb du 07 au 10 avril 2026\" class=\"title-animation-underline\" aria-label=\"Arr\u00eat\u00e9 n\u00b02026-039 portant r\u00e9glementation temporaire de la circulation et du stationnement au lieu-dit \u00ab\u00a0le Theil\u00a0\u00bb du 07 au 10 avril 2026\">Arr\u00eat\u00e9 n\u00b02026-039 portant r\u00e9glementation temporaire de la circulation et du stationnement au lieu-dit \u00ab\u00a0le Theil\u00a0\u00bb du 07 au 10 avril 2026<\/a><\/h6>\t\t\t\t\t\t\t<\/div>\n\t\t<\/div>\n\t\t\t\t\t\t\n\t\t\t\t\n\t\t\t\t\t\t\t<div class=\"upk-item\">\n\t\t\t\t\t<a class=\"upk-image-wrap\" href=\"https:\/\/mairiedebonnat.portesdelacreuseenmarche.fr\/mairiedebonnat-2023\/arrete-n2026-038-portant-autorisation-dun-debit-de-boissons-temporaire-les-02-et-03-mai-2026-a-loccasion-de-qualifications-triplettes-mixtes-de-petanque-organise-par-la-boule-bonnachonne\/\">\n\t\t\t<img decoding=\"async\" src=\"https:\/\/mairiedebonnat.portesdelacreuseenmarche.fr\/mairiedebonnat-2023\/wp-content\/uploads\/2023\/07\/Autorisation-de-debit-de-boissons-768x432.jpg\" alt=\"Arr\u00eat\u00e9 n\u00b02026-038 portant autorisation d&rsquo;un d\u00e9bit de boissons temporaire les 02 et 03 mai 2026 \u00e0 l&rsquo;occasion de qualifications triplettes mixtes de p\u00e9tanque organis\u00e9 par la boule bonnachonne\">\n\t\t\t<span class=\"upk-img-overlay\"><\/span>\n\t\t<\/a>\n\t\t\t\t<div class=\"upk-content\">\n\t\t\t\t\t\t<div class=\"upk-category\">\n\t\t\t<a href=\"https:\/\/mairiedebonnat.portesdelacreuseenmarche.fr\/mairiedebonnat-2023\/category\/temporaire\/\" \n\t\t\t\t\t\t\taria-label=\"Category &gt; TEMPORAIRE\">&gt; TEMPORAIRE<\/a> <a href=\"https:\/\/mairiedebonnat.portesdelacreuseenmarche.fr\/mairiedebonnat-2023\/category\/2026\/\" \n\t\t\t\t\t\t\taria-label=\"Category 2026\">2026<\/a> <a href=\"https:\/\/mairiedebonnat.portesdelacreuseenmarche.fr\/mairiedebonnat-2023\/category\/arrete\/\" \n\t\t\t\t\t\t\taria-label=\"Category Arr\u00eat\u00e9\">Arr\u00eat\u00e9<\/a> <a href=\"https:\/\/mairiedebonnat.portesdelacreuseenmarche.fr\/mairiedebonnat-2023\/category\/debit-de-boissons\/\" \n\t\t\t\t\t\t\taria-label=\"Category D\u00e9bit de boissons\">D\u00e9bit de boissons<\/a> <a href=\"https:\/\/mairiedebonnat.portesdelacreuseenmarche.fr\/mairiedebonnat-2023\/category\/manifestations\/\" \n\t\t\t\t\t\t\taria-label=\"Category Manifestations\">Manifestations<\/a>\t\t<\/div>\n\t\t\t\t\t<h6 class=\"upk-title\"><a href=\"https:\/\/mairiedebonnat.portesdelacreuseenmarche.fr\/mairiedebonnat-2023\/arrete-n2026-038-portant-autorisation-dun-debit-de-boissons-temporaire-les-02-et-03-mai-2026-a-loccasion-de-qualifications-triplettes-mixtes-de-petanque-organise-par-la-boule-bonnachonne\/\" title=\"Arr\u00eat\u00e9 n\u00b02026-038 portant autorisation d&rsquo;un d\u00e9bit de boissons temporaire les 02 et 03 mai 2026 \u00e0 l&rsquo;occasion de qualifications triplettes mixtes de p\u00e9tanque organis\u00e9 par la boule bonnachonne\" class=\"title-animation-underline\" aria-label=\"Arr\u00eat\u00e9 n\u00b02026-038 portant autorisation d&rsquo;un d\u00e9bit de boissons temporaire les 02 et 03 mai 2026 \u00e0 l&rsquo;occasion de qualifications triplettes mixtes de p\u00e9tanque organis\u00e9 par la boule bonnachonne\">Arr\u00eat\u00e9 n\u00b02026-038 portant autorisation d&rsquo;un d\u00e9bit de boissons temporaire les 02 et 03 mai 2026 \u00e0 l&rsquo;occasion de qualifications triplettes mixtes de p\u00e9tanque organis\u00e9 par la boule bonnachonne<\/a><\/h6>\t\t\t\t\t\t\t<\/div>\n\t\t<\/div>\n\t\t\t\t\t\t\n\t\t\t\t\t\t\t<\/div>\n\t\t<\/div>\n\n\t\t\n\t\t\t\t\t<div class=\"ep-pagination\">\n\t\t\t\t<ul class=\"upk-pagination\" data-widget-id=\"e8b76f2\">\n<li class=\"upk-active\"><a href=\"https:\/\/mairiedebonnat.portesdelacreuseenmarche.fr\/mairiedebonnat-2023\/wp-json\/wp\/v2\/pages\/28054\/\">1<\/a><\/li>\n<li><a href=\"https:\/\/mairiedebonnat.portesdelacreuseenmarche.fr\/mairiedebonnat-2023\/wp-json\/wp\/v2\/pages\/28054\/page\/2\/\">2<\/a><\/li>\n<li><a href=\"https:\/\/mairiedebonnat.portesdelacreuseenmarche.fr\/mairiedebonnat-2023\/wp-json\/wp\/v2\/pages\/28054\/page\/3\/\">3<\/a><\/li>\n<li class=\"upk-pagination-dot-dot\"><span>...<\/span><\/li>\n<li><a href=\"https:\/\/mairiedebonnat.portesdelacreuseenmarche.fr\/mairiedebonnat-2023\/wp-json\/wp\/v2\/pages\/28054\/page\/18\/\">18<\/a><\/li>\n<li class=\"upk-pagination-next\"><a href=\"https:\/\/mairiedebonnat.portesdelacreuseenmarche.fr\/mairiedebonnat-2023\/wp-json\/wp\/v2\/pages\/28054\/page\/2\/\" aria-label=\"Next Page\"><span data-upk-pagination-next><i class=\"upk-icon-arrow-right-5\" aria-hidden=\"true\"><\/i><\/span><\/a><\/li>\n<\/ul>\n\t\t\t<\/div>\n\t\t\t\t<\/div>\n\t\t\t\t<\/div>\n\t\t\t\t\t<\/div>\n\t\t<\/div>\n\t\t\t\t<div class=\"elementor-column elementor-col-50 elementor-inner-column elementor-element elementor-element-2c48153\" data-id=\"2c48153\" data-element_type=\"column\" data-e-type=\"column\">\n\t\t\t<div class=\"elementor-widget-wrap\">\n\t\t\t\t\t\t\t<\/div>\n\t\t<\/div>\n\t\t\t\t\t<\/div>\n\t\t<\/section>\n\t\t\t\t<div class=\"elementor-element elementor-element-8de2536 elementor-widget elementor-widget-spacer\" data-id=\"8de2536\" data-element_type=\"widget\" data-e-type=\"widget\" data-widget_type=\"spacer.default\">\n\t\t\t\t<div class=\"elementor-widget-container\">\n\t\t\t\t\t\t\t<div class=\"elementor-spacer\">\n\t\t\t<div class=\"elementor-spacer-inner\"><\/div>\n\t\t<\/div>\n\t\t\t\t\t\t<\/div>\n\t\t\t\t<\/div>\n\t\t\t\t<section class=\"elementor-section elementor-inner-section elementor-element elementor-element-ff3a24c elementor-section-boxed elementor-section-height-default elementor-section-height-default\" data-id=\"ff3a24c\" data-element_type=\"section\" data-e-type=\"section\">\n\t\t\t\t\t\t<div class=\"elementor-container elementor-column-gap-default\">\n\t\t\t\t\t<div class=\"elementor-column elementor-col-16 elementor-inner-column elementor-element elementor-element-f19b4e5\" data-id=\"f19b4e5\" data-element_type=\"column\" data-e-type=\"column\">\n\t\t\t<div class=\"elementor-widget-wrap\">\n\t\t\t\t\t\t\t<\/div>\n\t\t<\/div>\n\t\t\t\t<div class=\"elementor-column elementor-col-16 elementor-inner-column elementor-element elementor-element-88f8991\" data-id=\"88f8991\" data-element_type=\"column\" data-e-type=\"column\">\n\t\t\t<div class=\"elementor-widget-wrap\">\n\t\t\t\t\t\t\t<\/div>\n\t\t<\/div>\n\t\t\t\t<div class=\"elementor-column elementor-col-16 elementor-inner-column elementor-element elementor-element-955c21d\" data-id=\"955c21d\" data-element_type=\"column\" data-e-type=\"column\">\n\t\t\t<div class=\"elementor-widget-wrap\">\n\t\t\t\t\t\t\t<\/div>\n\t\t<\/div>\n\t\t\t\t<div class=\"elementor-column elementor-col-16 elementor-inner-column elementor-element elementor-element-9f8c01d\" data-id=\"9f8c01d\" data-element_type=\"column\" data-e-type=\"column\">\n\t\t\t<div class=\"elementor-widget-wrap elementor-element-populated\">\n\t\t\t\t\t\t<div class=\"elementor-element elementor-element-6086a92 elementor-widget elementor-widget-eael-creative-button\" data-id=\"6086a92\" data-element_type=\"widget\" data-e-type=\"widget\" data-widget_type=\"eael-creative-button.default\">\n\t\t\t\t<div class=\"elementor-widget-container\">\n\t\t\t\t\t        <div class=\"eael-creative-button-wrapper\">\n\n            <a class=\"eael-creative-button eael-creative-button--winona eael-cb-icon-position-\" href=\"https:\/\/mairiedebonnat.portesdelacreuseenmarche.fr\/mairiedebonnat-2023\/decisions-administratives-2024\/\" data-text=\"C&#039;est parti !\">\n            \t    \n                <div class=\"creative-button-inner\">\n\n                    \n                    <span class=\"cretive-button-text\">2024<\/span>\n\n                                    <\/div>\n\t                        <\/a>\n        <\/div>\n        \t\t\t\t<\/div>\n\t\t\t\t<\/div>\n\t\t\t\t\t<\/div>\n\t\t<\/div>\n\t\t\t\t<div class=\"elementor-column elementor-col-16 elementor-inner-column elementor-element elementor-element-7b26ba8\" data-id=\"7b26ba8\" data-element_type=\"column\" data-e-type=\"column\">\n\t\t\t<div class=\"elementor-widget-wrap elementor-element-populated\">\n\t\t\t\t\t\t<div class=\"elementor-element elementor-element-95f836a elementor-widget elementor-widget-eael-creative-button\" data-id=\"95f836a\" data-element_type=\"widget\" data-e-type=\"widget\" data-widget_type=\"eael-creative-button.default\">\n\t\t\t\t<div class=\"elementor-widget-container\">\n\t\t\t\t\t        <div class=\"eael-creative-button-wrapper\">\n\n            <a class=\"eael-creative-button eael-creative-button--winona eael-cb-icon-position-\" href=\"https:\/\/mairiedebonnat.portesdelacreuseenmarche.fr\/mairiedebonnat-2023\/decisions-administratives-2023\/\" data-text=\"C&#039;est parti !\">\n            \t    \n                <div class=\"creative-button-inner\">\n\n                    \n                    <span class=\"cretive-button-text\">2023<\/span>\n\n                                    <\/div>\n\t                        <\/a>\n        <\/div>\n        \t\t\t\t<\/div>\n\t\t\t\t<\/div>\n\t\t\t\t\t<\/div>\n\t\t<\/div>\n\t\t\t\t<div class=\"elementor-column elementor-col-16 elementor-inner-column elementor-element elementor-element-5018652\" data-id=\"5018652\" data-element_type=\"column\" data-e-type=\"column\">\n\t\t\t<div class=\"elementor-widget-wrap\">\n\t\t\t\t\t\t\t<\/div>\n\t\t<\/div>\n\t\t\t\t\t<\/div>\n\t\t<\/section>\n\t\t\t\t<div class=\"elementor-element elementor-element-1cbf1fc elementor-widget elementor-widget-spacer\" data-id=\"1cbf1fc\" data-element_type=\"widget\" data-e-type=\"widget\" data-widget_type=\"spacer.default\">\n\t\t\t\t<div class=\"elementor-widget-container\">\n\t\t\t\t\t\t\t<div class=\"elementor-spacer\">\n\t\t\t<div class=\"elementor-spacer-inner\"><\/div>\n\t\t<\/div>\n\t\t\t\t\t\t<\/div>\n\t\t\t\t<\/div>\n\t\t\t\t\t<\/div>\n\t\t<\/div>\n\t\t\t\t<div class=\"elementor-column elementor-col-50 elementor-top-column elementor-element elementor-element-725a44d\" data-id=\"725a44d\" data-element_type=\"column\" data-e-type=\"column\" data-settings=\"{&quot;background_background&quot;:&quot;gradient&quot;}\">\n\t\t\t<div class=\"elementor-widget-wrap elementor-element-populated\">\n\t\t\t\t\t\t<div class=\"elementor-element elementor-element-791477a elementor-widget elementor-widget-image\" data-id=\"791477a\" data-element_type=\"widget\" data-e-type=\"widget\" data-widget_type=\"image.default\">\n\t\t\t\t<div class=\"elementor-widget-container\">\n\t\t\t\t\t\t\t\t\t\t\t\t\t\t\t\t<a href=\"http:\/\/mairiedebonnat.portesdelacreuseenmarche.fr\/mairiedebonnat-2023\/agenda-sorties\/\">\n\t\t\t\t\t\t\t<img fetchpriority=\"high\" decoding=\"async\" width=\"600\" height=\"200\" src=\"https:\/\/mairiedebonnat.portesdelacreuseenmarche.fr\/mairiedebonnat-2023\/wp-content\/uploads\/2023\/03\/Sidebar-Agenda-1.png\" class=\"elementor-animation-shrink attachment-large size-large wp-image-1188\" alt=\"Sidebar Agenda\" srcset=\"https:\/\/mairiedebonnat.portesdelacreuseenmarche.fr\/mairiedebonnat-2023\/wp-content\/uploads\/2023\/03\/Sidebar-Agenda-1.png 600w, https:\/\/mairiedebonnat.portesdelacreuseenmarche.fr\/mairiedebonnat-2023\/wp-content\/uploads\/2023\/03\/Sidebar-Agenda-1-300x100.png 300w\" sizes=\"(max-width: 600px) 100vw, 600px\" \/>\t\t\t\t\t\t\t\t<\/a>\n\t\t\t\t\t\t\t\t\t\t\t\t\t\t\t<\/div>\n\t\t\t\t<\/div>\n\t\t\t\t<div class=\"elementor-element elementor-element-9cba89f elementor-widget elementor-widget-image\" data-id=\"9cba89f\" data-element_type=\"widget\" data-e-type=\"widget\" data-widget_type=\"image.default\">\n\t\t\t\t<div class=\"elementor-widget-container\">\n\t\t\t\t\t\t\t\t\t\t\t\t\t\t\t\t<a href=\"http:\/\/mairiedebonnat.portesdelacreuseenmarche.fr\/mairiedebonnat-2023\/demarches\/\">\n\t\t\t\t\t\t\t<img decoding=\"async\" width=\"600\" height=\"200\" src=\"https:\/\/mairiedebonnat.portesdelacreuseenmarche.fr\/mairiedebonnat-2023\/wp-content\/uploads\/2023\/03\/1-1.png\" class=\"elementor-animation-shrink attachment-large size-large wp-image-843\" alt=\"1\" srcset=\"https:\/\/mairiedebonnat.portesdelacreuseenmarche.fr\/mairiedebonnat-2023\/wp-content\/uploads\/2023\/03\/1-1.png 600w, https:\/\/mairiedebonnat.portesdelacreuseenmarche.fr\/mairiedebonnat-2023\/wp-content\/uploads\/2023\/03\/1-1-300x100.png 300w\" sizes=\"(max-width: 600px) 100vw, 600px\" \/>\t\t\t\t\t\t\t\t<\/a>\n\t\t\t\t\t\t\t\t\t\t\t\t\t\t\t<\/div>\n\t\t\t\t<\/div>\n\t\t\t\t<div class=\"elementor-element elementor-element-72dac53 elementor-widget elementor-widget-image\" data-id=\"72dac53\" data-element_type=\"widget\" data-e-type=\"widget\" data-widget_type=\"image.default\">\n\t\t\t\t<div class=\"elementor-widget-container\">\n\t\t\t\t\t\t\t\t\t\t\t\t\t\t\t\t<a href=\"https:\/\/mairiedebonnat.portesdelacreuseenmarche.fr\/mairiedebonnat-2023\/decisions-administratives\/\">\n\t\t\t\t\t\t\t<img decoding=\"async\" width=\"600\" height=\"200\" src=\"https:\/\/mairiedebonnat.portesdelacreuseenmarche.fr\/mairiedebonnat-2023\/wp-content\/uploads\/2023\/06\/Decisions-adm.jpg\" class=\"elementor-animation-shrink attachment-large size-large wp-image-4709\" alt=\"D\u00e9cisions adm\" srcset=\"https:\/\/mairiedebonnat.portesdelacreuseenmarche.fr\/mairiedebonnat-2023\/wp-content\/uploads\/2023\/06\/Decisions-adm.jpg 600w, https:\/\/mairiedebonnat.portesdelacreuseenmarche.fr\/mairiedebonnat-2023\/wp-content\/uploads\/2023\/06\/Decisions-adm-300x100.jpg 300w\" sizes=\"(max-width: 600px) 100vw, 600px\" \/>\t\t\t\t\t\t\t\t<\/a>\n\t\t\t\t\t\t\t\t\t\t\t\t\t\t\t<\/div>\n\t\t\t\t<\/div>\n\t\t\t\t<div class=\"elementor-element elementor-element-480cf55 elementor-widget elementor-widget-image\" data-id=\"480cf55\" data-element_type=\"widget\" data-e-type=\"widget\" data-widget_type=\"image.default\">\n\t\t\t\t<div class=\"elementor-widget-container\">\n\t\t\t\t\t\t\t\t\t\t\t\t\t\t\t\t<a href=\"http:\/\/mairiedebonnat.portesdelacreuseenmarche.fr\/mairiedebonnat-2023\/conseil-municipal\/\">\n\t\t\t\t\t\t\t<img loading=\"lazy\" decoding=\"async\" width=\"600\" height=\"200\" src=\"https:\/\/mairiedebonnat.portesdelacreuseenmarche.fr\/mairiedebonnat-2023\/wp-content\/uploads\/2023\/03\/4-3.png\" class=\"elementor-animation-shrink attachment-large size-large wp-image-846\" alt=\"4\" srcset=\"https:\/\/mairiedebonnat.portesdelacreuseenmarche.fr\/mairiedebonnat-2023\/wp-content\/uploads\/2023\/03\/4-3.png 600w, https:\/\/mairiedebonnat.portesdelacreuseenmarche.fr\/mairiedebonnat-2023\/wp-content\/uploads\/2023\/03\/4-3-300x100.png 300w\" sizes=\"(max-width: 600px) 100vw, 600px\" \/>\t\t\t\t\t\t\t\t<\/a>\n\t\t\t\t\t\t\t\t\t\t\t\t\t\t\t<\/div>\n\t\t\t\t<\/div>\n\t\t\t\t<div class=\"elementor-element elementor-element-dd527af elementor-widget elementor-widget-image\" data-id=\"dd527af\" data-element_type=\"widget\" data-e-type=\"widget\" data-widget_type=\"image.default\">\n\t\t\t\t<div class=\"elementor-widget-container\">\n\t\t\t\t\t\t\t\t\t\t\t\t\t\t\t\t<a href=\"http:\/\/mairiedebonnat.portesdelacreuseenmarche.fr\/mairiedebonnat-2023\/la-bonnactu\/\">\n\t\t\t\t\t\t\t<img loading=\"lazy\" decoding=\"async\" width=\"600\" height=\"200\" src=\"https:\/\/mairiedebonnat.portesdelacreuseenmarche.fr\/mairiedebonnat-2023\/wp-content\/uploads\/2023\/03\/5-3.png\" class=\"elementor-animation-shrink attachment-large size-large wp-image-847\" alt=\"5\" srcset=\"https:\/\/mairiedebonnat.portesdelacreuseenmarche.fr\/mairiedebonnat-2023\/wp-content\/uploads\/2023\/03\/5-3.png 600w, https:\/\/mairiedebonnat.portesdelacreuseenmarche.fr\/mairiedebonnat-2023\/wp-content\/uploads\/2023\/03\/5-3-300x100.png 300w\" sizes=\"(max-width: 600px) 100vw, 600px\" \/>\t\t\t\t\t\t\t\t<\/a>\n\t\t\t\t\t\t\t\t\t\t\t\t\t\t\t<\/div>\n\t\t\t\t<\/div>\n\t\t\t\t<div class=\"elementor-element elementor-element-0f26d4e elementor-widget elementor-widget-image\" data-id=\"0f26d4e\" data-element_type=\"widget\" data-e-type=\"widget\" data-widget_type=\"image.default\">\n\t\t\t\t<div class=\"elementor-widget-container\">\n\t\t\t\t\t\t\t\t\t\t\t\t\t\t\t\t<a href=\"http:\/\/mairiedebonnat.portesdelacreuseenmarche.fr\/mairiedebonnat-2023\/les-bulletins-municipaux\/\">\n\t\t\t\t\t\t\t<img loading=\"lazy\" decoding=\"async\" width=\"600\" height=\"200\" src=\"https:\/\/mairiedebonnat.portesdelacreuseenmarche.fr\/mairiedebonnat-2023\/wp-content\/uploads\/2023\/06\/Sidebar-2-1.png\" class=\"elementor-animation-shrink attachment-large size-large wp-image-3540\" alt=\"Sidebar\" srcset=\"https:\/\/mairiedebonnat.portesdelacreuseenmarche.fr\/mairiedebonnat-2023\/wp-content\/uploads\/2023\/06\/Sidebar-2-1.png 600w, https:\/\/mairiedebonnat.portesdelacreuseenmarche.fr\/mairiedebonnat-2023\/wp-content\/uploads\/2023\/06\/Sidebar-2-1-300x100.png 300w\" sizes=\"(max-width: 600px) 100vw, 600px\" \/>\t\t\t\t\t\t\t\t<\/a>\n\t\t\t\t\t\t\t\t\t\t\t\t\t\t\t<\/div>\n\t\t\t\t<\/div>\n\t\t\t\t<div class=\"elementor-element elementor-element-3bccd77 elementor-widget elementor-widget-image\" data-id=\"3bccd77\" data-element_type=\"widget\" data-e-type=\"widget\" data-widget_type=\"image.default\">\n\t\t\t\t<div class=\"elementor-widget-container\">\n\t\t\t\t\t\t\t\t\t\t\t\t\t\t\t\t<a href=\"https:\/\/mairiedebonnat.portesdelacreuseenmarche.fr\/mairiedebonnat-2023\/services-municipaux\/\">\n\t\t\t\t\t\t\t<img loading=\"lazy\" decoding=\"async\" width=\"600\" height=\"200\" src=\"https:\/\/mairiedebonnat.portesdelacreuseenmarche.fr\/mairiedebonnat-2023\/wp-content\/uploads\/2023\/03\/Sidebar-5-annuaire.png\" class=\"elementor-animation-shrink attachment-large size-large wp-image-1627\" alt=\"Sidebar 5 annuaire\" srcset=\"https:\/\/mairiedebonnat.portesdelacreuseenmarche.fr\/mairiedebonnat-2023\/wp-content\/uploads\/2023\/03\/Sidebar-5-annuaire.png 600w, https:\/\/mairiedebonnat.portesdelacreuseenmarche.fr\/mairiedebonnat-2023\/wp-content\/uploads\/2023\/03\/Sidebar-5-annuaire-300x100.png 300w\" sizes=\"(max-width: 600px) 100vw, 600px\" \/>\t\t\t\t\t\t\t\t<\/a>\n\t\t\t\t\t\t\t\t\t\t\t\t\t\t\t<\/div>\n\t\t\t\t<\/div>\n\t\t\t\t<div class=\"elementor-element elementor-element-3c3410a elementor-widget elementor-widget-spacer\" data-id=\"3c3410a\" data-element_type=\"widget\" data-e-type=\"widget\" data-widget_type=\"spacer.default\">\n\t\t\t\t<div class=\"elementor-widget-container\">\n\t\t\t\t\t\t\t<div class=\"elementor-spacer\">\n\t\t\t<div class=\"elementor-spacer-inner\"><\/div>\n\t\t<\/div>\n\t\t\t\t\t\t<\/div>\n\t\t\t\t<\/div>\n\t\t\t\t\t<\/div>\n\t\t<\/div>\n\t\t\t\t\t<\/div>\n\t\t<\/section>\n\t\t\t\t<\/div>\n\t\t","protected":false},"excerpt":{"rendered":"<p>ACCUEIL \u2a20 D\u00e9cisions administratives 2025 &gt; PERMANENT 2025 Arr\u00eat\u00e9 Occupation Domaine Stationnement Arr\u00eat\u00e9 n\u00b02025-133 portant r\u00e9glementation de la circulation et mise en place d&rsquo;une d\u00e9viation du 05 au 09 JANVIER 2026 &gt; PERMANENT 2025 Arr\u00eat\u00e9 Occupation Domaine Stationnement Arr\u00eat\u00e9 n\u00b02025-132 r\u00e9glementant le stationnement &gt; PERMANENT 2025 Arr\u00eat\u00e9 Occupation Domaine Stationnement Arr\u00eat\u00e9 permanent n\u00b02025-131 portant autorisation&#8230;<\/p>\n","protected":false},"author":1,"featured_media":21380,"parent":0,"menu_order":0,"comment_status":"closed","ping_status":"closed","template":"","meta":{"_kad_post_transparent":"default","_kad_post_title":"hide","_kad_post_layout":"fullwidth","_kad_post_sidebar_id":"","_kad_post_content_style":"unboxed","_kad_post_vertical_padding":"hide","_kad_post_feature":"hide","_kad_post_feature_position":"","_kad_post_header":false,"_kad_post_footer":false,"slim_seo":{"title":"Arr\u00eat\u00e9 d\u00e9bit de boisson","description":"Retourner \u00e0 la page pr\u00e9c\u00e9dente Arr\u00eat\u00e9 n\u00b02026-038 portant autorisation d'un d\u00e9bit de boissons temporaire les 02 et 03 mai 2026 \u00e0 l'occasion de qualifications tri"},"footnotes":""},"class_list":["post-28054","page","type-page","status-publish","has-post-thumbnail","hentry"],"_links":{"self":[{"href":"https:\/\/mairiedebonnat.portesdelacreuseenmarche.fr\/mairiedebonnat-2023\/wp-json\/wp\/v2\/pages\/28054","targetHints":{"allow":["GET"]}}],"collection":[{"href":"https:\/\/mairiedebonnat.portesdelacreuseenmarche.fr\/mairiedebonnat-2023\/wp-json\/wp\/v2\/pages"}],"about":[{"href":"https:\/\/mairiedebonnat.portesdelacreuseenmarche.fr\/mairiedebonnat-2023\/wp-json\/wp\/v2\/types\/page"}],"author":[{"embeddable":true,"href":"https:\/\/mairiedebonnat.portesdelacreuseenmarche.fr\/mairiedebonnat-2023\/wp-json\/wp\/v2\/users\/1"}],"replies":[{"embeddable":true,"href":"https:\/\/mairiedebonnat.portesdelacreuseenmarche.fr\/mairiedebonnat-2023\/wp-json\/wp\/v2\/comments?post=28054"}],"version-history":[{"count":4,"href":"https:\/\/mairiedebonnat.portesdelacreuseenmarche.fr\/mairiedebonnat-2023\/wp-json\/wp\/v2\/pages\/28054\/revisions"}],"predecessor-version":[{"id":28059,"href":"https:\/\/mairiedebonnat.portesdelacreuseenmarche.fr\/mairiedebonnat-2023\/wp-json\/wp\/v2\/pages\/28054\/revisions\/28059"}],"wp:featuredmedia":[{"embeddable":true,"href":"https:\/\/mairiedebonnat.portesdelacreuseenmarche.fr\/mairiedebonnat-2023\/wp-json\/wp\/v2\/media\/21380"}],"wp:attachment":[{"href":"https:\/\/mairiedebonnat.portesdelacreuseenmarche.fr\/mairiedebonnat-2023\/wp-json\/wp\/v2\/media?parent=28054"}],"curies":[{"name":"wp","href":"https:\/\/api.w.org\/{rel}","templated":true}]}}