{"id":13328,"date":"2024-01-05T14:30:52","date_gmt":"2024-01-05T13:30:52","guid":{"rendered":"https:\/\/mairiedebonnat.portesdelacreuseenmarche.fr\/mairiedebonnat-2023\/?page_id=13328"},"modified":"2025-10-30T12:32:45","modified_gmt":"2025-10-30T11:32:45","slug":"associations-sportives","status":"publish","type":"page","link":"https:\/\/mairiedebonnat.portesdelacreuseenmarche.fr\/mairiedebonnat-2023\/associations-sportives\/","title":{"rendered":"Associations Sportives"},"content":{"rendered":"\t\t<div data-elementor-type=\"wp-page\" data-elementor-id=\"13328\" class=\"elementor elementor-13328\">\n\t\t\t\t\t\t<section class=\"elementor-section elementor-top-section elementor-element elementor-element-4735786 elementor-section-boxed elementor-section-height-default elementor-section-height-default\" data-id=\"4735786\" data-element_type=\"section\" data-e-type=\"section\">\n\t\t\t\t\t\t<div class=\"elementor-container elementor-column-gap-no\">\n\t\t\t\t\t<div class=\"elementor-column elementor-col-100 elementor-top-column elementor-element elementor-element-4b136db\" data-id=\"4b136db\" data-element_type=\"column\" data-e-type=\"column\">\n\t\t\t<div class=\"elementor-widget-wrap elementor-element-populated\">\n\t\t\t\t\t\t<div class=\"elementor-element elementor-element-e746ac0 elementor-widget elementor-widget-spacer\" data-id=\"e746ac0\" data-element_type=\"widget\" data-e-type=\"widget\" data-widget_type=\"spacer.default\">\n\t\t\t\t<div class=\"elementor-widget-container\">\n\t\t\t\t\t\t\t<div class=\"elementor-spacer\">\n\t\t\t<div class=\"elementor-spacer-inner\"><\/div>\n\t\t<\/div>\n\t\t\t\t\t\t<\/div>\n\t\t\t\t<\/div>\n\t\t\t\t<div class=\"elementor-element elementor-element-fa833a5 elementor-widget elementor-widget-text-editor\" data-id=\"fa833a5\" data-element_type=\"widget\" data-e-type=\"widget\" data-widget_type=\"text-editor.default\">\n\t\t\t\t<div class=\"elementor-widget-container\">\n\t\t\t\t\t\t\t\t\t<h1><a href=\"https:\/\/mairiedebonnat.portesdelacreuseenmarche.fr\/mairiedebonnat-2023\/annuaire-des-associations\/\">ANNUAIRE DES ASSOCIATIONS \u2a20<\/a> Associations Sportives<\/h1>\t\t\t\t\t\t\t\t<\/div>\n\t\t\t\t<\/div>\n\t\t\t\t<div class=\"elementor-element elementor-element-c7faba6 elementor-widget-divider--view-line elementor-widget elementor-widget-divider\" data-id=\"c7faba6\" data-element_type=\"widget\" data-e-type=\"widget\" data-widget_type=\"divider.default\">\n\t\t\t\t<div class=\"elementor-widget-container\">\n\t\t\t\t\t\t\t<div class=\"elementor-divider\">\n\t\t\t<span class=\"elementor-divider-separator\">\n\t\t\t\t\t\t<\/span>\n\t\t<\/div>\n\t\t\t\t\t\t<\/div>\n\t\t\t\t<\/div>\n\t\t\t\t<div class=\"elementor-element elementor-element-e174413 elementor-widget elementor-widget-spacer\" data-id=\"e174413\" data-element_type=\"widget\" data-e-type=\"widget\" data-widget_type=\"spacer.default\">\n\t\t\t\t<div class=\"elementor-widget-container\">\n\t\t\t\t\t\t\t<div class=\"elementor-spacer\">\n\t\t\t<div class=\"elementor-spacer-inner\"><\/div>\n\t\t<\/div>\n\t\t\t\t\t\t<\/div>\n\t\t\t\t<\/div>\n\t\t\t\t\t<\/div>\n\t\t<\/div>\n\t\t\t\t\t<\/div>\n\t\t<\/section>\n\t\t\t\t<section class=\"elementor-section elementor-top-section elementor-element elementor-element-9656f7b elementor-section-boxed elementor-section-height-default elementor-section-height-default\" data-id=\"9656f7b\" data-element_type=\"section\" data-e-type=\"section\">\n\t\t\t\t\t\t<div class=\"elementor-container elementor-column-gap-no\">\n\t\t\t\t\t<div class=\"elementor-column elementor-col-50 elementor-top-column elementor-element elementor-element-431f16b\" data-id=\"431f16b\" data-element_type=\"column\" data-e-type=\"column\">\n\t\t\t<div class=\"elementor-widget-wrap elementor-element-populated\">\n\t\t\t\t\t\t<div class=\"elementor-element elementor-element-5c03466 elementor-widget elementor-widget-spacer\" data-id=\"5c03466\" data-element_type=\"widget\" data-e-type=\"widget\" data-widget_type=\"spacer.default\">\n\t\t\t\t<div class=\"elementor-widget-container\">\n\t\t\t\t\t\t\t<div class=\"elementor-spacer\">\n\t\t\t<div class=\"elementor-spacer-inner\"><\/div>\n\t\t<\/div>\n\t\t\t\t\t\t<\/div>\n\t\t\t\t<\/div>\n\t\t\t\t<section class=\"elementor-section elementor-inner-section elementor-element elementor-element-8076a87 elementor-section-boxed elementor-section-height-default elementor-section-height-default\" data-id=\"8076a87\" data-element_type=\"section\" data-e-type=\"section\">\n\t\t\t\t\t\t<div class=\"elementor-container elementor-column-gap-default\">\n\t\t\t\t\t<div class=\"elementor-column elementor-col-33 elementor-inner-column elementor-element elementor-element-a34d959\" data-id=\"a34d959\" data-element_type=\"column\" data-e-type=\"column\" data-settings=\"{&quot;background_background&quot;:&quot;gradient&quot;}\">\n\t\t\t<div class=\"elementor-widget-wrap elementor-element-populated\">\n\t\t\t\t\t\t<div class=\"elementor-element elementor-element-f47ce55 elementor-widget-tablet__width-initial elementor-widget-mobile__width-initial elementor-widget elementor-widget-text-editor\" data-id=\"f47ce55\" data-element_type=\"widget\" data-e-type=\"widget\" data-widget_type=\"text-editor.default\">\n\t\t\t\t<div class=\"elementor-widget-container\">\n\t\t\t\t\t\t\t\t\t<div class=\"x11i5rnm xat24cr x1mh8g0r x1vvkbs xtlvy1s x126k92a\"><div dir=\"auto\"><ul><li><strong>\u00c0 chacun sa voie<\/strong><\/li><\/ul><p>Club d&rsquo;escalade \u00e0 Bonnat d\u00e8s 14 ans. Un loisir sant\u00e9, pour renforcer vos muscles, booster votre \u00e9nergie, garder l&rsquo;esprit clair, gagner en confiance et lutter contre le vieillissement. Quelque soit son \u00e2ge, son niveau, ses motivations ou ses attentes, grimper est vari\u00e9, amusant, dansant&#8230;\u00a0<\/p><p><em><strong>Au complexe des deux vall\u00e9es le lundi de 17h \u00e0 19h.<\/strong><\/em><\/p><p><strong><span style=\"text-decoration: underline;\">Renseignements<\/span> :\u00a0 \u00a0 \u00a0 \u00a0 \u00a0 \u00a0 \u00a0 \u00a0 \u00a0 \u00a0 \u00a0 \u00a0 \u00a0 \u00a0 \u00a0 \u00a0 \u00a0 \u00a0 \u00a0 \u00a0 \u00a0 \u00a0 \u00a0 \u00a0 \u00a0 \u00a0 \u00a0 \u00a0 \u00a0 \u00a0 \u00a0 \u00a0 \u00a0 \u00a0 \u00a0 \u00a0 \u00a0 \u00a0 \u00a0 \u00a0 \u00a0 <\/strong><strong>06.86.00.10.58 06.50.49.99.22 06.89.86.11.96\u00a0<br \/>@ : contact.achacunsavoie@gmail.com\u00a0<\/strong><\/p><\/div><\/div>\t\t\t\t\t\t\t\t<\/div>\n\t\t\t\t<\/div>\n\t\t\t\t<div class=\"elementor-element elementor-element-7758285 elementor-widget elementor-widget-spacer\" data-id=\"7758285\" data-element_type=\"widget\" data-e-type=\"widget\" data-widget_type=\"spacer.default\">\n\t\t\t\t<div class=\"elementor-widget-container\">\n\t\t\t\t\t\t\t<div class=\"elementor-spacer\">\n\t\t\t<div class=\"elementor-spacer-inner\"><\/div>\n\t\t<\/div>\n\t\t\t\t\t\t<\/div>\n\t\t\t\t<\/div>\n\t\t\t\t\t<\/div>\n\t\t<\/div>\n\t\t\t\t<div class=\"elementor-column elementor-col-33 elementor-inner-column elementor-element elementor-element-ed42c99\" data-id=\"ed42c99\" data-element_type=\"column\" data-e-type=\"column\">\n\t\t\t<div class=\"elementor-widget-wrap elementor-element-populated\">\n\t\t\t\t\t\t<div class=\"elementor-element elementor-element-2fc0f65 elementor-widget elementor-widget-image\" data-id=\"2fc0f65\" data-element_type=\"widget\" data-e-type=\"widget\" data-widget_type=\"image.default\">\n\t\t\t\t<div class=\"elementor-widget-container\">\n\t\t\t\t\t\t\t\t\t\t\t\t\t\t\t<img decoding=\"async\" src=\"https:\/\/mairiedebonnat.portesdelacreuseenmarche.fr\/mairiedebonnat-2023\/wp-content\/uploads\/elementor\/thumbs\/climbing-756665_1280-rdx20xj6vrg3ty8mxe834ocdpjk237lovrmwlco876.jpg\" title=\"climbing-756665_1280\" alt=\"Climbing 756665 1280\" loading=\"lazy\" \/>\t\t\t\t\t\t\t\t\t\t\t\t\t\t\t<\/div>\n\t\t\t\t<\/div>\n\t\t\t\t\t<\/div>\n\t\t<\/div>\n\t\t\t\t<div class=\"elementor-column elementor-col-33 elementor-inner-column elementor-element elementor-element-c64a93c\" data-id=\"c64a93c\" data-element_type=\"column\" data-e-type=\"column\">\n\t\t\t<div class=\"elementor-widget-wrap\">\n\t\t\t\t\t\t\t<\/div>\n\t\t<\/div>\n\t\t\t\t\t<\/div>\n\t\t<\/section>\n\t\t\t\t<section class=\"elementor-section elementor-inner-section elementor-element elementor-element-e7a9c00 elementor-section-boxed elementor-section-height-default elementor-section-height-default\" data-id=\"e7a9c00\" data-element_type=\"section\" data-e-type=\"section\">\n\t\t\t\t\t\t<div class=\"elementor-container elementor-column-gap-default\">\n\t\t\t\t\t<div class=\"elementor-column elementor-col-33 elementor-inner-column elementor-element elementor-element-3f362dd\" data-id=\"3f362dd\" data-element_type=\"column\" data-e-type=\"column\" data-settings=\"{&quot;background_background&quot;:&quot;gradient&quot;}\">\n\t\t\t<div class=\"elementor-widget-wrap elementor-element-populated\">\n\t\t\t\t\t\t<div class=\"elementor-element elementor-element-538dbc0 elementor-widget-tablet__width-initial elementor-widget-mobile__width-initial elementor-widget elementor-widget-text-editor\" data-id=\"538dbc0\" data-element_type=\"widget\" data-e-type=\"widget\" data-widget_type=\"text-editor.default\">\n\t\t\t\t<div class=\"elementor-widget-container\">\n\t\t\t\t\t\t\t\t\t<div class=\"x11i5rnm xat24cr x1mh8g0r x1vvkbs xtlvy1s x126k92a\"><div dir=\"auto\"><ul><li><strong>Amicale bouliste bonnachonne<br \/><\/strong><\/li><\/ul><p>L\u2019association organise tous les ans une rencontre entre les diff\u00e9rentes associations bonnachonnes dans le but de tisser des liens entre les membres de celle-ci et de passer un bon moment. Elle organise \u00e9galement deux petits concours gratuits et ouverts \u00e0 tous pendant l\u2019\u00e9t\u00e9.<\/p><p><strong><span style=\"text-decoration: underline;\">Renseignements<\/span> : J\u00e9r\u00e9mie CARRIAT au 05.55.62.12.05<\/strong><\/p><\/div><\/div>\t\t\t\t\t\t\t\t<\/div>\n\t\t\t\t<\/div>\n\t\t\t\t<div class=\"elementor-element elementor-element-fc94157 elementor-widget elementor-widget-spacer\" data-id=\"fc94157\" data-element_type=\"widget\" data-e-type=\"widget\" data-widget_type=\"spacer.default\">\n\t\t\t\t<div class=\"elementor-widget-container\">\n\t\t\t\t\t\t\t<div class=\"elementor-spacer\">\n\t\t\t<div class=\"elementor-spacer-inner\"><\/div>\n\t\t<\/div>\n\t\t\t\t\t\t<\/div>\n\t\t\t\t<\/div>\n\t\t\t\t\t<\/div>\n\t\t<\/div>\n\t\t\t\t<div class=\"elementor-column elementor-col-33 elementor-inner-column elementor-element elementor-element-a85c352\" data-id=\"a85c352\" data-element_type=\"column\" data-e-type=\"column\">\n\t\t\t<div class=\"elementor-widget-wrap elementor-element-populated\">\n\t\t\t\t\t\t<div class=\"elementor-element elementor-element-6a1f507 elementor-widget elementor-widget-image\" data-id=\"6a1f507\" data-element_type=\"widget\" data-e-type=\"widget\" data-widget_type=\"image.default\">\n\t\t\t\t<div class=\"elementor-widget-container\">\n\t\t\t\t\t\t\t\t\t\t\t\t\t\t\t<img decoding=\"async\" src=\"https:\/\/mairiedebonnat.portesdelacreuseenmarche.fr\/mairiedebonnat-2023\/wp-content\/uploads\/elementor\/thumbs\/petanque-1227761_1280-qlqjmam91oa5xk8k7zqsajubt243kee734ltmxkt72.jpg\" title=\"petanque-1227761_1280\" alt=\"petanque-1227761_1280\" loading=\"lazy\" \/>\t\t\t\t\t\t\t\t\t\t\t\t\t\t\t<\/div>\n\t\t\t\t<\/div>\n\t\t\t\t\t<\/div>\n\t\t<\/div>\n\t\t\t\t<div class=\"elementor-column elementor-col-33 elementor-inner-column elementor-element elementor-element-f51a36e\" data-id=\"f51a36e\" data-element_type=\"column\" data-e-type=\"column\">\n\t\t\t<div class=\"elementor-widget-wrap\">\n\t\t\t\t\t\t\t<\/div>\n\t\t<\/div>\n\t\t\t\t\t<\/div>\n\t\t<\/section>\n\t\t\t\t<section class=\"elementor-section elementor-inner-section elementor-element elementor-element-f9e19f4 elementor-section-boxed elementor-section-height-default elementor-section-height-default\" data-id=\"f9e19f4\" data-element_type=\"section\" data-e-type=\"section\">\n\t\t\t\t\t\t<div class=\"elementor-container elementor-column-gap-default\">\n\t\t\t\t\t<div class=\"elementor-column elementor-col-33 elementor-inner-column elementor-element elementor-element-b9b6d10\" data-id=\"b9b6d10\" data-element_type=\"column\" data-e-type=\"column\" data-settings=\"{&quot;background_background&quot;:&quot;gradient&quot;}\">\n\t\t\t<div class=\"elementor-widget-wrap elementor-element-populated\">\n\t\t\t\t\t\t<div class=\"elementor-element elementor-element-9643228 elementor-widget-tablet__width-initial elementor-widget-mobile__width-initial elementor-widget elementor-widget-text-editor\" data-id=\"9643228\" data-element_type=\"widget\" data-e-type=\"widget\" data-widget_type=\"text-editor.default\">\n\t\t\t\t<div class=\"elementor-widget-container\">\n\t\t\t\t\t\t\t\t\t<div class=\"x11i5rnm xat24cr x1mh8g0r x1vvkbs xtlvy1s x126k92a\"><ul><li dir=\"auto\"><strong>Bonnat\u2019o\u2019nic<br \/><\/strong><\/li><\/ul><div dir=\"auto\">Club de gymnastique d\u2019entretien et fitness avec cours le mercredi de 18h \u00e0 19h et 19h15 \u00e0 20h15 au complexe sportif de Bonnat. Le club compte une activit\u00e9 randonn\u00e9e \u2013 Grande Rando Nature , organis\u00e9e chaque ann\u00e9e en mars.<\/div><div dir=\"auto\">\u00a0<\/div><div dir=\"auto\"><strong><span style=\"text-decoration: underline;\">Renseignements<\/span> : 06.86.14.77.63<br \/>@ : catherine_bignet@orange.fr<\/strong><\/div><\/div>\t\t\t\t\t\t\t\t<\/div>\n\t\t\t\t<\/div>\n\t\t\t\t<div class=\"elementor-element elementor-element-629ea73 elementor-widget elementor-widget-spacer\" data-id=\"629ea73\" data-element_type=\"widget\" data-e-type=\"widget\" data-widget_type=\"spacer.default\">\n\t\t\t\t<div class=\"elementor-widget-container\">\n\t\t\t\t\t\t\t<div class=\"elementor-spacer\">\n\t\t\t<div class=\"elementor-spacer-inner\"><\/div>\n\t\t<\/div>\n\t\t\t\t\t\t<\/div>\n\t\t\t\t<\/div>\n\t\t\t\t\t<\/div>\n\t\t<\/div>\n\t\t\t\t<div class=\"elementor-column elementor-col-33 elementor-inner-column elementor-element elementor-element-0a36176\" data-id=\"0a36176\" data-element_type=\"column\" data-e-type=\"column\">\n\t\t\t<div class=\"elementor-widget-wrap elementor-element-populated\">\n\t\t\t\t\t\t<div class=\"elementor-element elementor-element-0278bbd elementor-widget elementor-widget-image\" data-id=\"0278bbd\" data-element_type=\"widget\" data-e-type=\"widget\" data-widget_type=\"image.default\">\n\t\t\t\t<div class=\"elementor-widget-container\">\n\t\t\t\t\t\t\t\t\t\t\t\t\t\t\t<img decoding=\"async\" src=\"https:\/\/mairiedebonnat.portesdelacreuseenmarche.fr\/mairiedebonnat-2023\/wp-content\/uploads\/elementor\/thumbs\/dumbbells-2465478_1280-qlqjmrjcgoxbqjjzh722jfkmhzspey9d5gck9wvpx8.jpg\" title=\"dumbbells-2465478_1280\" alt=\"dumbbells-2465478_1280\" loading=\"lazy\" \/>\t\t\t\t\t\t\t\t\t\t\t\t\t\t\t<\/div>\n\t\t\t\t<\/div>\n\t\t\t\t\t<\/div>\n\t\t<\/div>\n\t\t\t\t<div class=\"elementor-column elementor-col-33 elementor-inner-column elementor-element elementor-element-4d71097\" data-id=\"4d71097\" data-element_type=\"column\" data-e-type=\"column\">\n\t\t\t<div class=\"elementor-widget-wrap\">\n\t\t\t\t\t\t\t<\/div>\n\t\t<\/div>\n\t\t\t\t\t<\/div>\n\t\t<\/section>\n\t\t\t\t<section class=\"elementor-section elementor-inner-section elementor-element elementor-element-c9f4e13 elementor-section-boxed elementor-section-height-default elementor-section-height-default\" data-id=\"c9f4e13\" data-element_type=\"section\" data-e-type=\"section\">\n\t\t\t\t\t\t<div class=\"elementor-container elementor-column-gap-default\">\n\t\t\t\t\t<div class=\"elementor-column elementor-col-33 elementor-inner-column elementor-element elementor-element-64edf25\" data-id=\"64edf25\" data-element_type=\"column\" data-e-type=\"column\" data-settings=\"{&quot;background_background&quot;:&quot;gradient&quot;}\">\n\t\t\t<div class=\"elementor-widget-wrap elementor-element-populated\">\n\t\t\t\t\t\t<div class=\"elementor-element elementor-element-39d2b18 elementor-widget-tablet__width-initial elementor-widget-mobile__width-initial elementor-widget elementor-widget-text-editor\" data-id=\"39d2b18\" data-element_type=\"widget\" data-e-type=\"widget\" data-widget_type=\"text-editor.default\">\n\t\t\t\t<div class=\"elementor-widget-container\">\n\t\t\t\t\t\t\t\t\t<div class=\"x11i5rnm xat24cr x1mh8g0r x1vvkbs xtlvy1s x126k92a\"><ul><li dir=\"auto\"><strong>Handball<\/strong><\/li><\/ul><div dir=\"auto\">Cr\u00e9e depuis septembre 2015, rattach\u00e9e \u00e0 la Section Sportive de Bonnat, la Section Handball comprend actuellement une \u00e9quipe de LOISIRS mixte (de 16 \u00e0 99 ans) qui s\u2019entraine tous les mercredis au complexe sportif de 20h \u00e0 22h. Cette \u00e9quipe participe \u00e0 des matchs amicaux ainsi qu\u2019\u00e0 des tournois tout au cours de la saison, et ce, sous le r\u00e9gime de la convivialit\u00e9. Affili\u00e9e \u00e0 la F\u00e9d\u00e9ration Fran\u00e7aise de Handball, cette section est en mesure d\u2019accueillir des \u00e9quipe comp\u00e9titives.<\/div><div dir=\"auto\">\u00a0<\/div><div dir=\"auto\"><strong><span style=\"text-decoration: underline;\">Renseignements<\/span> : Eric ANDRE au 06.12.56.59.99<br \/><\/strong><\/div><\/div>\t\t\t\t\t\t\t\t<\/div>\n\t\t\t\t<\/div>\n\t\t\t\t<div class=\"elementor-element elementor-element-8541255 elementor-widget elementor-widget-spacer\" data-id=\"8541255\" data-element_type=\"widget\" data-e-type=\"widget\" data-widget_type=\"spacer.default\">\n\t\t\t\t<div class=\"elementor-widget-container\">\n\t\t\t\t\t\t\t<div class=\"elementor-spacer\">\n\t\t\t<div class=\"elementor-spacer-inner\"><\/div>\n\t\t<\/div>\n\t\t\t\t\t\t<\/div>\n\t\t\t\t<\/div>\n\t\t\t\t\t<\/div>\n\t\t<\/div>\n\t\t\t\t<div class=\"elementor-column elementor-col-33 elementor-inner-column elementor-element elementor-element-90361ad\" data-id=\"90361ad\" data-element_type=\"column\" data-e-type=\"column\">\n\t\t\t<div class=\"elementor-widget-wrap elementor-element-populated\">\n\t\t\t\t\t\t<div class=\"elementor-element elementor-element-bf80e73 elementor-widget elementor-widget-image\" data-id=\"bf80e73\" data-element_type=\"widget\" data-e-type=\"widget\" data-widget_type=\"image.default\">\n\t\t\t\t<div class=\"elementor-widget-container\">\n\t\t\t\t\t\t\t\t\t\t\t\t\t\t\t<img decoding=\"async\" src=\"https:\/\/mairiedebonnat.portesdelacreuseenmarche.fr\/mairiedebonnat-2023\/wp-content\/uploads\/elementor\/thumbs\/handball-4655544_1280-qlqjn4p34dfc930vccquic92tdzuepplv9hczsc7i4.jpg\" title=\"handball-4655544_1280\" alt=\"handball-4655544_1280\" loading=\"lazy\" \/>\t\t\t\t\t\t\t\t\t\t\t\t\t\t\t<\/div>\n\t\t\t\t<\/div>\n\t\t\t\t\t<\/div>\n\t\t<\/div>\n\t\t\t\t<div class=\"elementor-column elementor-col-33 elementor-inner-column elementor-element elementor-element-41dd37a\" data-id=\"41dd37a\" data-element_type=\"column\" data-e-type=\"column\">\n\t\t\t<div class=\"elementor-widget-wrap\">\n\t\t\t\t\t\t\t<\/div>\n\t\t<\/div>\n\t\t\t\t\t<\/div>\n\t\t<\/section>\n\t\t\t\t<section class=\"elementor-section elementor-inner-section elementor-element elementor-element-bce7ba7 elementor-section-boxed elementor-section-height-default elementor-section-height-default\" data-id=\"bce7ba7\" data-element_type=\"section\" data-e-type=\"section\">\n\t\t\t\t\t\t<div class=\"elementor-container elementor-column-gap-default\">\n\t\t\t\t\t<div class=\"elementor-column elementor-col-33 elementor-inner-column elementor-element elementor-element-7bc1207\" data-id=\"7bc1207\" data-element_type=\"column\" data-e-type=\"column\" data-settings=\"{&quot;background_background&quot;:&quot;gradient&quot;}\">\n\t\t\t<div class=\"elementor-widget-wrap elementor-element-populated\">\n\t\t\t\t\t\t<div class=\"elementor-element elementor-element-94a01b0 elementor-widget-tablet__width-initial elementor-widget-mobile__width-initial elementor-widget elementor-widget-text-editor\" data-id=\"94a01b0\" data-element_type=\"widget\" data-e-type=\"widget\" data-widget_type=\"text-editor.default\">\n\t\t\t\t<div class=\"elementor-widget-container\">\n\t\t\t\t\t\t\t\t\t<div class=\"x11i5rnm xat24cr x1mh8g0r x1vvkbs xtlvy1s x126k92a\"><ul><li dir=\"auto\"><strong>Judo des 2 vall\u00e9es<\/strong><\/li><\/ul><div dir=\"auto\">Le club accueille de plus en plus d\u2019adh\u00e9rents qui sont venus d\u00e9couvrir les joies et les bienfaits de ce sport. Inscriptions d\u00e8s 5 ans \u00e0 adultes au complexe sportif des deux vall\u00e9es.<\/div><div dir=\"auto\">\u00a0<\/div><div dir=\"auto\"><strong><span style=\"text-decoration: underline;\">Renseignements<\/span> : 06.41.58.90.36<br \/>@ : judoclubbonnat@gmail.com<br \/><\/strong><\/div><\/div>\t\t\t\t\t\t\t\t<\/div>\n\t\t\t\t<\/div>\n\t\t\t\t<div class=\"elementor-element elementor-element-be98f47 elementor-widget elementor-widget-spacer\" data-id=\"be98f47\" data-element_type=\"widget\" data-e-type=\"widget\" data-widget_type=\"spacer.default\">\n\t\t\t\t<div class=\"elementor-widget-container\">\n\t\t\t\t\t\t\t<div class=\"elementor-spacer\">\n\t\t\t<div class=\"elementor-spacer-inner\"><\/div>\n\t\t<\/div>\n\t\t\t\t\t\t<\/div>\n\t\t\t\t<\/div>\n\t\t\t\t\t<\/div>\n\t\t<\/div>\n\t\t\t\t<div class=\"elementor-column elementor-col-33 elementor-inner-column elementor-element elementor-element-aceeee0\" data-id=\"aceeee0\" data-element_type=\"column\" data-e-type=\"column\">\n\t\t\t<div class=\"elementor-widget-wrap elementor-element-populated\">\n\t\t\t\t\t\t<div class=\"elementor-element elementor-element-35fa529 elementor-widget elementor-widget-image\" data-id=\"35fa529\" data-element_type=\"widget\" data-e-type=\"widget\" data-widget_type=\"image.default\">\n\t\t\t\t<div class=\"elementor-widget-container\">\n\t\t\t\t\t\t\t\t\t\t\t\t\t\t\t<img decoding=\"async\" src=\"https:\/\/mairiedebonnat.portesdelacreuseenmarche.fr\/mairiedebonnat-2023\/wp-content\/uploads\/elementor\/thumbs\/sport-3468115_1280-qlqjolc1r3feb8weszhydyyw2ysedrikqi0jva65to.jpg\" title=\"sport-3468115_1280\" alt=\"sport-3468115_1280\" loading=\"lazy\" \/>\t\t\t\t\t\t\t\t\t\t\t\t\t\t\t<\/div>\n\t\t\t\t<\/div>\n\t\t\t\t\t<\/div>\n\t\t<\/div>\n\t\t\t\t<div class=\"elementor-column elementor-col-33 elementor-inner-column elementor-element elementor-element-cdbc9ec\" data-id=\"cdbc9ec\" data-element_type=\"column\" data-e-type=\"column\">\n\t\t\t<div class=\"elementor-widget-wrap\">\n\t\t\t\t\t\t\t<\/div>\n\t\t<\/div>\n\t\t\t\t\t<\/div>\n\t\t<\/section>\n\t\t\t\t<section class=\"elementor-section elementor-inner-section elementor-element elementor-element-98ede8e elementor-section-boxed elementor-section-height-default elementor-section-height-default\" data-id=\"98ede8e\" data-element_type=\"section\" data-e-type=\"section\">\n\t\t\t\t\t\t<div class=\"elementor-container elementor-column-gap-default\">\n\t\t\t\t\t<div class=\"elementor-column elementor-col-33 elementor-inner-column elementor-element elementor-element-b7644ee\" data-id=\"b7644ee\" data-element_type=\"column\" data-e-type=\"column\" data-settings=\"{&quot;background_background&quot;:&quot;gradient&quot;}\">\n\t\t\t<div class=\"elementor-widget-wrap elementor-element-populated\">\n\t\t\t\t\t\t<div class=\"elementor-element elementor-element-aae9ea5 elementor-widget-tablet__width-initial elementor-widget-mobile__width-initial elementor-widget elementor-widget-text-editor\" data-id=\"aae9ea5\" data-element_type=\"widget\" data-e-type=\"widget\" data-widget_type=\"text-editor.default\">\n\t\t\t\t<div class=\"elementor-widget-container\">\n\t\t\t\t\t\t\t\t\t<div class=\"x11i5rnm xat24cr x1mh8g0r x1vvkbs xtlvy1s x126k92a\"><ul><li dir=\"auto\"><strong>La Boule Bonnachonne<\/strong><\/li><\/ul><div dir=\"auto\">L\u2019association est affili\u00e9e \u00e0 la F\u00e9d\u00e9ration Fran\u00e7aise de P\u00e9tanque et Jeu Proven\u00e7al, le but \u00e9tant de pratiquer la p\u00e9tanque en comp\u00e9tition. Elle a \u00e9t\u00e9 cr\u00e9\u00e9e en septembre 2015. Le Conseil D\u00e9partemental de la Creuse a lou\u00e9 l\u2019ancien gymnase du coll\u00e8ge vacant depuis plusieurs ann\u00e9es afin d\u2019en faire un boulodrome. Les pistes permettent de s\u2019entra\u00eener les mercredis, vendredis et dimanches et recevoir pour nos championnats hivernaux et d\u2019organiser des concours.<\/div><div dir=\"auto\">\u00a0<\/div><div dir=\"auto\"><strong><span style=\"text-decoration: underline;\">Renseignements<\/span> : Fabrice PETITJEAN au 06.07.86.11.62<br \/><\/strong><\/div><\/div>\t\t\t\t\t\t\t\t<\/div>\n\t\t\t\t<\/div>\n\t\t\t\t<div class=\"elementor-element elementor-element-65860fb elementor-widget elementor-widget-spacer\" data-id=\"65860fb\" data-element_type=\"widget\" data-e-type=\"widget\" data-widget_type=\"spacer.default\">\n\t\t\t\t<div class=\"elementor-widget-container\">\n\t\t\t\t\t\t\t<div class=\"elementor-spacer\">\n\t\t\t<div class=\"elementor-spacer-inner\"><\/div>\n\t\t<\/div>\n\t\t\t\t\t\t<\/div>\n\t\t\t\t<\/div>\n\t\t\t\t\t<\/div>\n\t\t<\/div>\n\t\t\t\t<div class=\"elementor-column elementor-col-33 elementor-inner-column elementor-element elementor-element-7f44862\" data-id=\"7f44862\" data-element_type=\"column\" data-e-type=\"column\">\n\t\t\t<div class=\"elementor-widget-wrap elementor-element-populated\">\n\t\t\t\t\t\t<div class=\"elementor-element elementor-element-410a839 elementor-widget elementor-widget-image\" data-id=\"410a839\" data-element_type=\"widget\" data-e-type=\"widget\" data-widget_type=\"image.default\">\n\t\t\t\t<div class=\"elementor-widget-container\">\n\t\t\t\t\t\t\t\t\t\t\t\t\t\t\t<img decoding=\"async\" src=\"https:\/\/mairiedebonnat.portesdelacreuseenmarche.fr\/mairiedebonnat-2023\/wp-content\/uploads\/elementor\/thumbs\/boule-3058654_1280-qlqjowm413uu6kg0z4dh7w4f7l8sy4rcs1udmlpfno.jpg\" title=\"boule-3058654_1280\" alt=\"boule-3058654_1280\" loading=\"lazy\" \/>\t\t\t\t\t\t\t\t\t\t\t\t\t\t\t<\/div>\n\t\t\t\t<\/div>\n\t\t\t\t\t<\/div>\n\t\t<\/div>\n\t\t\t\t<div class=\"elementor-column elementor-col-33 elementor-inner-column elementor-element elementor-element-b146ebb\" data-id=\"b146ebb\" data-element_type=\"column\" data-e-type=\"column\">\n\t\t\t<div class=\"elementor-widget-wrap\">\n\t\t\t\t\t\t\t<\/div>\n\t\t<\/div>\n\t\t\t\t\t<\/div>\n\t\t<\/section>\n\t\t\t\t<section class=\"elementor-section elementor-inner-section elementor-element elementor-element-215c6b5 elementor-section-boxed elementor-section-height-default elementor-section-height-default\" data-id=\"215c6b5\" data-element_type=\"section\" data-e-type=\"section\">\n\t\t\t\t\t\t<div class=\"elementor-container elementor-column-gap-default\">\n\t\t\t\t\t<div class=\"elementor-column elementor-col-33 elementor-inner-column elementor-element elementor-element-3e77a8d\" data-id=\"3e77a8d\" data-element_type=\"column\" data-e-type=\"column\" data-settings=\"{&quot;background_background&quot;:&quot;gradient&quot;}\">\n\t\t\t<div class=\"elementor-widget-wrap elementor-element-populated\">\n\t\t\t\t\t\t<div class=\"elementor-element elementor-element-f543d94 elementor-widget-tablet__width-initial elementor-widget-mobile__width-initial elementor-widget elementor-widget-text-editor\" data-id=\"f543d94\" data-element_type=\"widget\" data-e-type=\"widget\" data-widget_type=\"text-editor.default\">\n\t\t\t\t<div class=\"elementor-widget-container\">\n\t\t\t\t\t\t\t\t\t<div class=\"x11i5rnm xat24cr x1mh8g0r x1vvkbs xtlvy1s x126k92a\"><ul><li><strong>Moto Club<\/strong><\/li><\/ul><p>Club de moto cr\u00e9e en 1985 qui a pour mission d\u2019entretenir la bonne humeur, et l\u2019amiti\u00e9 lors de ses Enduros et Randos motos. Le club organise tous les ans pour le week-end de l\u2019Ascension un enduro championnat de ligue, et une randonn\u00e9e moto de route au mois d\u2019octobre. Le jour de la course enduro, le Club a besoin de personnel pour les contr\u00f4le administratif et technique, pour tenir les contr\u00f4les de passage et horaire, pour s\u00e9curiser les sp\u00e9ciales. Tous les b\u00e9n\u00e9voles int\u00e9ress\u00e9s pour participer \u00e0 ces rendez-vous sont les bienvenus, il suffit de le signaler \u00e0 une personne du MC2C.<\/p><div dir=\"auto\">\u00a0<\/div><div dir=\"auto\"><strong><span style=\"text-decoration: underline;\">Renseignements<\/span> : Vincent ALABRE au 06.62.15.82.89<br \/>@ : mc2creuse@gmail.com<br \/><\/strong><\/div><\/div>\t\t\t\t\t\t\t\t<\/div>\n\t\t\t\t<\/div>\n\t\t\t\t<div class=\"elementor-element elementor-element-5e992b3 elementor-widget elementor-widget-spacer\" data-id=\"5e992b3\" data-element_type=\"widget\" data-e-type=\"widget\" data-widget_type=\"spacer.default\">\n\t\t\t\t<div class=\"elementor-widget-container\">\n\t\t\t\t\t\t\t<div class=\"elementor-spacer\">\n\t\t\t<div class=\"elementor-spacer-inner\"><\/div>\n\t\t<\/div>\n\t\t\t\t\t\t<\/div>\n\t\t\t\t<\/div>\n\t\t\t\t\t<\/div>\n\t\t<\/div>\n\t\t\t\t<div class=\"elementor-column elementor-col-33 elementor-inner-column elementor-element elementor-element-ff6ba91\" data-id=\"ff6ba91\" data-element_type=\"column\" data-e-type=\"column\">\n\t\t\t<div class=\"elementor-widget-wrap elementor-element-populated\">\n\t\t\t\t\t\t<div class=\"elementor-element elementor-element-fe93828 elementor-widget elementor-widget-image\" data-id=\"fe93828\" data-element_type=\"widget\" data-e-type=\"widget\" data-widget_type=\"image.default\">\n\t\t\t\t<div class=\"elementor-widget-container\">\n\t\t\t\t\t\t\t\t\t\t\t\t\t\t\t<img decoding=\"async\" src=\"https:\/\/mairiedebonnat.portesdelacreuseenmarche.fr\/mairiedebonnat-2023\/wp-content\/uploads\/elementor\/thumbs\/motocross-1641797_1280-qlqjp9ruoscup3wwua296ssvizfxxw7lhuz6ch5xbw.jpg\" title=\"motocross-1641797_1280\" alt=\"motocross-1641797_1280\" loading=\"lazy\" \/>\t\t\t\t\t\t\t\t\t\t\t\t\t\t\t<\/div>\n\t\t\t\t<\/div>\n\t\t\t\t\t<\/div>\n\t\t<\/div>\n\t\t\t\t<div class=\"elementor-column elementor-col-33 elementor-inner-column elementor-element elementor-element-6b31b25\" data-id=\"6b31b25\" data-element_type=\"column\" data-e-type=\"column\">\n\t\t\t<div class=\"elementor-widget-wrap\">\n\t\t\t\t\t\t\t<\/div>\n\t\t<\/div>\n\t\t\t\t\t<\/div>\n\t\t<\/section>\n\t\t\t\t<section class=\"elementor-section elementor-inner-section elementor-element elementor-element-cce48dd elementor-section-boxed elementor-section-height-default elementor-section-height-default\" data-id=\"cce48dd\" data-element_type=\"section\" data-e-type=\"section\">\n\t\t\t\t\t\t<div class=\"elementor-container elementor-column-gap-default\">\n\t\t\t\t\t<div class=\"elementor-column elementor-col-33 elementor-inner-column elementor-element elementor-element-6fa494a\" data-id=\"6fa494a\" data-element_type=\"column\" data-e-type=\"column\" data-settings=\"{&quot;background_background&quot;:&quot;gradient&quot;}\">\n\t\t\t<div class=\"elementor-widget-wrap elementor-element-populated\">\n\t\t\t\t\t\t<div class=\"elementor-element elementor-element-968d04a elementor-widget-tablet__width-initial elementor-widget-mobile__width-initial elementor-widget elementor-widget-text-editor\" data-id=\"968d04a\" data-element_type=\"widget\" data-e-type=\"widget\" data-widget_type=\"text-editor.default\">\n\t\t\t\t<div class=\"elementor-widget-container\">\n\t\t\t\t\t\t\t\t\t<div class=\"x11i5rnm xat24cr x1mh8g0r x1vvkbs xtlvy1s x126k92a\"><ul><li><strong>Racing 23<\/strong><\/li><\/ul><p>Association de pistards qui a pour but de faire d\u00e9couvriret partager la moto sur circuit et terrain de cross.<\/p><div dir=\"auto\"><strong><span style=\"text-decoration: underline;\">Renseignements<\/span> : Valentin SENEJOUX au 06.62.52.09.98<\/strong><\/div><div dir=\"auto\"><strong>@ : assoracing23@gmail.com\u00a0<\/strong><\/div><\/div>\t\t\t\t\t\t\t\t<\/div>\n\t\t\t\t<\/div>\n\t\t\t\t<div class=\"elementor-element elementor-element-f4917d4 elementor-widget elementor-widget-spacer\" data-id=\"f4917d4\" data-element_type=\"widget\" data-e-type=\"widget\" data-widget_type=\"spacer.default\">\n\t\t\t\t<div class=\"elementor-widget-container\">\n\t\t\t\t\t\t\t<div class=\"elementor-spacer\">\n\t\t\t<div class=\"elementor-spacer-inner\"><\/div>\n\t\t<\/div>\n\t\t\t\t\t\t<\/div>\n\t\t\t\t<\/div>\n\t\t\t\t\t<\/div>\n\t\t<\/div>\n\t\t\t\t<div class=\"elementor-column elementor-col-33 elementor-inner-column elementor-element elementor-element-30d100f\" data-id=\"30d100f\" data-element_type=\"column\" data-e-type=\"column\">\n\t\t\t<div class=\"elementor-widget-wrap elementor-element-populated\">\n\t\t\t\t\t\t<div class=\"elementor-element elementor-element-d8a7bfa elementor-widget elementor-widget-image\" data-id=\"d8a7bfa\" data-element_type=\"widget\" data-e-type=\"widget\" data-widget_type=\"image.default\">\n\t\t\t\t<div class=\"elementor-widget-container\">\n\t\t\t\t\t\t\t\t\t\t\t\t\t\t\t<img decoding=\"async\" src=\"https:\/\/mairiedebonnat.portesdelacreuseenmarche.fr\/mairiedebonnat-2023\/wp-content\/uploads\/elementor\/thumbs\/motorcycle-1084694_1280-r84eic5ogq95u2iw87689uuq1mo4jeeqzsngvb32zs.jpg\" title=\"motorcycle-1084694_1280\" alt=\"Motorcycle 1084694 1280\" loading=\"lazy\" \/>\t\t\t\t\t\t\t\t\t\t\t\t\t\t\t<\/div>\n\t\t\t\t<\/div>\n\t\t\t\t\t<\/div>\n\t\t<\/div>\n\t\t\t\t<div class=\"elementor-column elementor-col-33 elementor-inner-column elementor-element elementor-element-3c1c2eb\" data-id=\"3c1c2eb\" data-element_type=\"column\" data-e-type=\"column\">\n\t\t\t<div class=\"elementor-widget-wrap\">\n\t\t\t\t\t\t\t<\/div>\n\t\t<\/div>\n\t\t\t\t\t<\/div>\n\t\t<\/section>\n\t\t\t\t<section class=\"elementor-section elementor-inner-section elementor-element elementor-element-db83e59 elementor-section-boxed elementor-section-height-default elementor-section-height-default\" data-id=\"db83e59\" data-element_type=\"section\" data-e-type=\"section\">\n\t\t\t\t\t\t<div class=\"elementor-container elementor-column-gap-default\">\n\t\t\t\t\t<div class=\"elementor-column elementor-col-33 elementor-inner-column elementor-element elementor-element-086da12\" data-id=\"086da12\" data-element_type=\"column\" data-e-type=\"column\" data-settings=\"{&quot;background_background&quot;:&quot;gradient&quot;}\">\n\t\t\t<div class=\"elementor-widget-wrap elementor-element-populated\">\n\t\t\t\t\t\t<div class=\"elementor-element elementor-element-6352c8c elementor-widget-tablet__width-initial elementor-widget-mobile__width-initial elementor-widget elementor-widget-text-editor\" data-id=\"6352c8c\" data-element_type=\"widget\" data-e-type=\"widget\" data-widget_type=\"text-editor.default\">\n\t\t\t\t<div class=\"elementor-widget-container\">\n\t\t\t\t\t\t\t\t\t<div class=\"x11i5rnm xat24cr x1mh8g0r x1vvkbs xtlvy1s x126k92a\"><div dir=\"auto\"><ul><li><strong>SSBAB 23<br \/><\/strong><\/li><\/ul><p>Le club de Badminton vous permet d\u2019essayer ce sport en plein essor sur trois s\u00e9ances, vous pr\u00eate les raquettes et les volants, et en plus vous accompagne dans votre initiation.<\/p><ul><li>S\u00e9ances jeunes : lundi 17h30 \u00e0 19h &amp; samedi 10h \u00e0 12h<\/li><li>S\u00e9ances adultes : mardi &amp; jeudi 19h30 \u00e0 22h, samedi 10h \u00e0 12h<\/li><\/ul><p><strong><span style=\"text-decoration: underline;\">Renseignements<\/span> : Yoann BARRET au 06.98.30.82.80<\/strong><\/p><\/div><div dir=\"auto\"><strong>@ : ssbab23@free.fr<br \/><\/strong><\/div><div dir=\"auto\"><strong><a href=\"https:\/\/www.facebook.com\/bonnat23\" target=\"_blank\" rel=\"noopener\">Facebook\u00a0<\/a><\/strong><\/div><\/div>\t\t\t\t\t\t\t\t<\/div>\n\t\t\t\t<\/div>\n\t\t\t\t<div class=\"elementor-element elementor-element-046f520 elementor-widget elementor-widget-spacer\" data-id=\"046f520\" data-element_type=\"widget\" data-e-type=\"widget\" data-widget_type=\"spacer.default\">\n\t\t\t\t<div class=\"elementor-widget-container\">\n\t\t\t\t\t\t\t<div class=\"elementor-spacer\">\n\t\t\t<div class=\"elementor-spacer-inner\"><\/div>\n\t\t<\/div>\n\t\t\t\t\t\t<\/div>\n\t\t\t\t<\/div>\n\t\t\t\t\t<\/div>\n\t\t<\/div>\n\t\t\t\t<div class=\"elementor-column elementor-col-33 elementor-inner-column elementor-element elementor-element-4532b4b\" data-id=\"4532b4b\" data-element_type=\"column\" data-e-type=\"column\">\n\t\t\t<div class=\"elementor-widget-wrap elementor-element-populated\">\n\t\t\t\t\t\t<div class=\"elementor-element elementor-element-3a1c66b elementor-widget elementor-widget-image\" data-id=\"3a1c66b\" data-element_type=\"widget\" data-e-type=\"widget\" data-widget_type=\"image.default\">\n\t\t\t\t<div class=\"elementor-widget-container\">\n\t\t\t\t\t\t\t\t\t\t\t\t\t\t\t<img decoding=\"async\" src=\"https:\/\/mairiedebonnat.portesdelacreuseenmarche.fr\/mairiedebonnat-2023\/wp-content\/uploads\/elementor\/thumbs\/badminton-1019110_1280-qlqjpj68l4ppx7j9be4ivqfhgu5m2v8wv5i158rzlo.jpg\" title=\"badminton-1019110_1280\" alt=\"badminton-1019110_1280\" loading=\"lazy\" \/>\t\t\t\t\t\t\t\t\t\t\t\t\t\t\t<\/div>\n\t\t\t\t<\/div>\n\t\t\t\t\t<\/div>\n\t\t<\/div>\n\t\t\t\t<div class=\"elementor-column elementor-col-33 elementor-inner-column elementor-element elementor-element-2c9fa55\" data-id=\"2c9fa55\" data-element_type=\"column\" data-e-type=\"column\">\n\t\t\t<div class=\"elementor-widget-wrap\">\n\t\t\t\t\t\t\t<\/div>\n\t\t<\/div>\n\t\t\t\t\t<\/div>\n\t\t<\/section>\n\t\t\t\t<section class=\"elementor-section elementor-inner-section elementor-element elementor-element-7214ef7 elementor-section-boxed elementor-section-height-default elementor-section-height-default\" data-id=\"7214ef7\" data-element_type=\"section\" data-e-type=\"section\">\n\t\t\t\t\t\t<div class=\"elementor-container elementor-column-gap-default\">\n\t\t\t\t\t<div class=\"elementor-column elementor-col-33 elementor-inner-column elementor-element elementor-element-7a4a07c\" data-id=\"7a4a07c\" data-element_type=\"column\" data-e-type=\"column\" data-settings=\"{&quot;background_background&quot;:&quot;gradient&quot;}\">\n\t\t\t<div class=\"elementor-widget-wrap elementor-element-populated\">\n\t\t\t\t\t\t<div class=\"elementor-element elementor-element-411494c elementor-widget-tablet__width-initial elementor-widget-mobile__width-initial elementor-widget elementor-widget-text-editor\" data-id=\"411494c\" data-element_type=\"widget\" data-e-type=\"widget\" data-widget_type=\"text-editor.default\">\n\t\t\t\t<div class=\"elementor-widget-container\">\n\t\t\t\t\t\t\t\t\t<div class=\"x11i5rnm xat24cr x1mh8g0r x1vvkbs xtlvy1s x126k92a\"><div dir=\"auto\"><ul><li><strong>SSBB<br \/><\/strong><\/li><\/ul><p>Le Club de Basket vous accueille pour d\u00e9couvrir ce sport tout au long de la semaine :<\/p><ul><li>Micro\/mini U3 \u00e0 U8 (2018 \u00e0 2023) : vendredi 18h15 \u00e0 19h<\/li><li>U9 \u00e0 U11 (2015 \u00e0 2017) : mardi 17h30 \u00e0 19h<\/li><li>U12G \u00e0 U15G (2011 \u00e0 2014) : mardi &amp; jeudi 17h30 \u00e0 19h<\/li><li>U12F \u00e0 U15F (2011 \u00e0 2014) : mercredi 18h30-20h &amp; jeudi 17h30-19h<\/li><li>U16G \u00e0 U18G (2008 \u00e0 2010) : mercredi 17h-18h30 &amp; vendredi 19h-20h45<\/li><li>S\u00e9niors (filles &amp; gar\u00e7ons) : vendredi 20h45-22h45<\/li><\/ul><p><strong><span style=\"text-decoration: underline;\">Renseignements<\/span> : 06.61.98.75.05 &#8211; 06.59.55.93.18\u00a0 \u00a0 \u00a0 \u00a0 \u00a0 \u00a0 \u00a0 \u00a0 \u00a0 \u00a0 \u00a0 \u00a0 \u00a0<\/strong><strong>@ : <\/strong><strong>ssbb23220@gmail.com \u00a0\u00a0 \u00a0\u00a0 \u00a0\u00a0 \u00a0\u00a0 \u00a0\u00a0 \u00a0\u00a0 \u00a0\u00a0 \u00a0\u00a0 \u00a0\u00a0 \u00a0\u00a0 \u00a0\u00a0 \u00a0\u00a0 \u00a0\u00a0 \u00a0\u00a0 \u00a0\u00a0 \u00a0\u00a0 \u00a0\u00a0 \u00a0 <\/strong><strong><a href=\"https:\/\/www.facebook.com\/ssbonnatbasket\" target=\"_blank\" rel=\"noopener\">Facebook<\/a><\/strong><\/p><\/div><\/div>\t\t\t\t\t\t\t\t<\/div>\n\t\t\t\t<\/div>\n\t\t\t\t<div class=\"elementor-element elementor-element-addf0ab elementor-widget elementor-widget-spacer\" data-id=\"addf0ab\" data-element_type=\"widget\" data-e-type=\"widget\" data-widget_type=\"spacer.default\">\n\t\t\t\t<div class=\"elementor-widget-container\">\n\t\t\t\t\t\t\t<div class=\"elementor-spacer\">\n\t\t\t<div class=\"elementor-spacer-inner\"><\/div>\n\t\t<\/div>\n\t\t\t\t\t\t<\/div>\n\t\t\t\t<\/div>\n\t\t\t\t\t<\/div>\n\t\t<\/div>\n\t\t\t\t<div class=\"elementor-column elementor-col-33 elementor-inner-column elementor-element elementor-element-091c105\" data-id=\"091c105\" data-element_type=\"column\" data-e-type=\"column\">\n\t\t\t<div class=\"elementor-widget-wrap elementor-element-populated\">\n\t\t\t\t\t\t<div class=\"elementor-element elementor-element-f13f743 elementor-widget elementor-widget-image\" data-id=\"f13f743\" data-element_type=\"widget\" data-e-type=\"widget\" data-widget_type=\"image.default\">\n\t\t\t\t<div class=\"elementor-widget-container\">\n\t\t\t\t\t\t\t\t\t\t\t\t\t\t\t<img decoding=\"async\" src=\"https:\/\/mairiedebonnat.portesdelacreuseenmarche.fr\/mairiedebonnat-2023\/wp-content\/uploads\/elementor\/thumbs\/basketball-2099656_1280-qlqjpugav562j2tqf8vzd0x17m4qonnl2a4e5ar6ps.jpg\" title=\"basketball-2099656_1280\" alt=\"basketball-2099656_1280\" loading=\"lazy\" \/>\t\t\t\t\t\t\t\t\t\t\t\t\t\t\t<\/div>\n\t\t\t\t<\/div>\n\t\t\t\t\t<\/div>\n\t\t<\/div>\n\t\t\t\t<div class=\"elementor-column elementor-col-33 elementor-inner-column elementor-element elementor-element-23b05cc\" data-id=\"23b05cc\" data-element_type=\"column\" data-e-type=\"column\">\n\t\t\t<div class=\"elementor-widget-wrap\">\n\t\t\t\t\t\t\t<\/div>\n\t\t<\/div>\n\t\t\t\t\t<\/div>\n\t\t<\/section>\n\t\t\t\t<section class=\"elementor-section elementor-inner-section elementor-element elementor-element-69db464 elementor-section-boxed elementor-section-height-default elementor-section-height-default\" data-id=\"69db464\" data-element_type=\"section\" data-e-type=\"section\">\n\t\t\t\t\t\t<div class=\"elementor-container elementor-column-gap-default\">\n\t\t\t\t\t<div class=\"elementor-column elementor-col-33 elementor-inner-column elementor-element elementor-element-0dadc19\" data-id=\"0dadc19\" data-element_type=\"column\" data-e-type=\"column\" data-settings=\"{&quot;background_background&quot;:&quot;gradient&quot;}\">\n\t\t\t<div class=\"elementor-widget-wrap elementor-element-populated\">\n\t\t\t\t\t\t<div class=\"elementor-element elementor-element-617b697 elementor-widget-tablet__width-initial elementor-widget-mobile__width-initial elementor-widget elementor-widget-text-editor\" data-id=\"617b697\" data-element_type=\"widget\" data-e-type=\"widget\" data-widget_type=\"text-editor.default\">\n\t\t\t\t<div class=\"elementor-widget-container\">\n\t\t\t\t\t\t\t\t\t<div class=\"x11i5rnm xat24cr x1mh8g0r x1vvkbs xtlvy1s x126k92a\"><div dir=\"auto\"><ul><li><strong>Uppercut 23<\/strong><\/li><\/ul><p>Club de savate boxe fran\u00e7aise et disciplines associ\u00e9es. Les cours se d\u00e9roulent au complexe sportif des deux vall\u00e9es. Les 3 essais sont gratuits. \u00c0 partir de 9ans.<\/p><ul><li>Adultes &amp; enfants : mardi 18h \u00e0 19h30<\/li><li>Adultes : vendredi 18h \u00e0 20h<\/li><li>Comp\u00e9titeurs : mercredi 16h \u00e0 18h<\/li><\/ul><\/div><div dir=\"auto\">\u00a0<\/div><div dir=\"auto\"><strong><span style=\"text-decoration: underline;\">Renseignements<\/span> : Aude POLLET au 06.25.77.02.31<br \/><\/strong><\/div><\/div>\t\t\t\t\t\t\t\t<\/div>\n\t\t\t\t<\/div>\n\t\t\t\t<div class=\"elementor-element elementor-element-42ceb2b elementor-widget elementor-widget-spacer\" data-id=\"42ceb2b\" data-element_type=\"widget\" data-e-type=\"widget\" data-widget_type=\"spacer.default\">\n\t\t\t\t<div class=\"elementor-widget-container\">\n\t\t\t\t\t\t\t<div class=\"elementor-spacer\">\n\t\t\t<div class=\"elementor-spacer-inner\"><\/div>\n\t\t<\/div>\n\t\t\t\t\t\t<\/div>\n\t\t\t\t<\/div>\n\t\t\t\t\t<\/div>\n\t\t<\/div>\n\t\t\t\t<div class=\"elementor-column elementor-col-33 elementor-inner-column elementor-element elementor-element-a15802d\" data-id=\"a15802d\" data-element_type=\"column\" data-e-type=\"column\">\n\t\t\t<div class=\"elementor-widget-wrap elementor-element-populated\">\n\t\t\t\t\t\t<div class=\"elementor-element elementor-element-c9851d4 elementor-widget elementor-widget-image\" data-id=\"c9851d4\" data-element_type=\"widget\" data-e-type=\"widget\" data-widget_type=\"image.default\">\n\t\t\t\t<div class=\"elementor-widget-container\">\n\t\t\t\t\t\t\t\t\t\t\t\t\t\t\t<img decoding=\"async\" src=\"https:\/\/mairiedebonnat.portesdelacreuseenmarche.fr\/mairiedebonnat-2023\/wp-content\/uploads\/elementor\/thumbs\/boxing-1331470_1280-qlqjq5qd55klnumhnnvkjkqjq32f7lqgy95onvujgc.jpg\" title=\"boxing-1331470_1280\" alt=\"boxing-1331470_1280\" loading=\"lazy\" \/>\t\t\t\t\t\t\t\t\t\t\t\t\t\t\t<\/div>\n\t\t\t\t<\/div>\n\t\t\t\t\t<\/div>\n\t\t<\/div>\n\t\t\t\t<div class=\"elementor-column elementor-col-33 elementor-inner-column elementor-element elementor-element-acad60b\" data-id=\"acad60b\" data-element_type=\"column\" data-e-type=\"column\">\n\t\t\t<div class=\"elementor-widget-wrap\">\n\t\t\t\t\t\t\t<\/div>\n\t\t<\/div>\n\t\t\t\t\t<\/div>\n\t\t<\/section>\n\t\t\t\t<section class=\"elementor-section elementor-inner-section elementor-element elementor-element-9eebfa0 elementor-section-boxed elementor-section-height-default elementor-section-height-default\" data-id=\"9eebfa0\" data-element_type=\"section\" data-e-type=\"section\">\n\t\t\t\t\t\t<div class=\"elementor-container elementor-column-gap-default\">\n\t\t\t\t\t<div class=\"elementor-column elementor-col-33 elementor-inner-column elementor-element elementor-element-d4a232b\" data-id=\"d4a232b\" data-element_type=\"column\" data-e-type=\"column\" data-settings=\"{&quot;background_background&quot;:&quot;gradient&quot;}\">\n\t\t\t<div class=\"elementor-widget-wrap elementor-element-populated\">\n\t\t\t\t\t\t<div class=\"elementor-element elementor-element-347b49a elementor-widget-tablet__width-initial elementor-widget-mobile__width-initial elementor-widget elementor-widget-text-editor\" data-id=\"347b49a\" data-element_type=\"widget\" data-e-type=\"widget\" data-widget_type=\"text-editor.default\">\n\t\t\t\t<div class=\"elementor-widget-container\">\n\t\t\t\t\t\t\t\t\t<div class=\"x11i5rnm xat24cr x1mh8g0r x1vvkbs xtlvy1s x126k92a\"><div dir=\"auto\"><ul><li><strong>Yoga Bonnat<\/strong><\/li><\/ul><p>Yoga signifie \u00e0 la fois unir et ma\u00eetriser, psychoth\u00e9rapie comportementale et r\u00e9\u00e9ducation corporelle pour associer le corps et l\u2019esprit dans un m\u00eame travail. Les effets b\u00e9n\u00e9fiques du yoga sont nombreux et si vous voulez les d\u00e9couvrir rejoignez-nous au Complexe Sportif des 2 Vall\u00e9es chaque jeudi de 10h \u00e0 11h30. (S\u00e9ance de d\u00e9couverte gratuite).<\/p><\/div><div dir=\"auto\">\u00a0<\/div><div dir=\"auto\"><strong><span style=\"text-decoration: underline;\">Renseignements<\/span> : Georges au 06.32.35.02.25 et Ginette au 06.42.77.64.48<br \/><\/strong><\/div><\/div>\t\t\t\t\t\t\t\t<\/div>\n\t\t\t\t<\/div>\n\t\t\t\t<div class=\"elementor-element elementor-element-2cd9bba elementor-widget elementor-widget-spacer\" data-id=\"2cd9bba\" data-element_type=\"widget\" data-e-type=\"widget\" data-widget_type=\"spacer.default\">\n\t\t\t\t<div class=\"elementor-widget-container\">\n\t\t\t\t\t\t\t<div class=\"elementor-spacer\">\n\t\t\t<div class=\"elementor-spacer-inner\"><\/div>\n\t\t<\/div>\n\t\t\t\t\t\t<\/div>\n\t\t\t\t<\/div>\n\t\t\t\t\t<\/div>\n\t\t<\/div>\n\t\t\t\t<div class=\"elementor-column elementor-col-33 elementor-inner-column elementor-element elementor-element-4baf9cf\" data-id=\"4baf9cf\" data-element_type=\"column\" data-e-type=\"column\">\n\t\t\t<div class=\"elementor-widget-wrap elementor-element-populated\">\n\t\t\t\t\t\t<div class=\"elementor-element elementor-element-37572ce elementor-widget elementor-widget-image\" data-id=\"37572ce\" data-element_type=\"widget\" data-e-type=\"widget\" data-widget_type=\"image.default\">\n\t\t\t\t<div class=\"elementor-widget-container\">\n\t\t\t\t\t\t\t\t\t\t\t\t\t\t\t<img decoding=\"async\" src=\"https:\/\/mairiedebonnat.portesdelacreuseenmarche.fr\/mairiedebonnat-2023\/wp-content\/uploads\/elementor\/thumbs\/yoga-2683522_1280-qlqjqh0ff601j663tsr3dhw2upitryz8zszif7dtdo.jpg\" title=\"yoga-2683522_1280\" alt=\"yoga-2683522_1280\" loading=\"lazy\" \/>\t\t\t\t\t\t\t\t\t\t\t\t\t\t\t<\/div>\n\t\t\t\t<\/div>\n\t\t\t\t\t<\/div>\n\t\t<\/div>\n\t\t\t\t<div class=\"elementor-column elementor-col-33 elementor-inner-column elementor-element elementor-element-6e34477\" data-id=\"6e34477\" data-element_type=\"column\" data-e-type=\"column\">\n\t\t\t<div class=\"elementor-widget-wrap\">\n\t\t\t\t\t\t\t<\/div>\n\t\t<\/div>\n\t\t\t\t\t<\/div>\n\t\t<\/section>\n\t\t\t\t<div class=\"elementor-element elementor-element-e1c8678 elementor-widget elementor-widget-spacer\" data-id=\"e1c8678\" data-element_type=\"widget\" data-e-type=\"widget\" data-widget_type=\"spacer.default\">\n\t\t\t\t<div class=\"elementor-widget-container\">\n\t\t\t\t\t\t\t<div class=\"elementor-spacer\">\n\t\t\t<div class=\"elementor-spacer-inner\"><\/div>\n\t\t<\/div>\n\t\t\t\t\t\t<\/div>\n\t\t\t\t<\/div>\n\t\t\t\t\t<\/div>\n\t\t<\/div>\n\t\t\t\t<div class=\"elementor-column elementor-col-50 elementor-top-column elementor-element elementor-element-4076c17\" data-id=\"4076c17\" data-element_type=\"column\" data-e-type=\"column\" data-settings=\"{&quot;background_background&quot;:&quot;gradient&quot;}\">\n\t\t\t<div class=\"elementor-widget-wrap elementor-element-populated\">\n\t\t\t\t\t\t<div class=\"elementor-element elementor-element-1a72b06 elementor-widget elementor-widget-image\" data-id=\"1a72b06\" data-element_type=\"widget\" data-e-type=\"widget\" data-widget_type=\"image.default\">\n\t\t\t\t<div class=\"elementor-widget-container\">\n\t\t\t\t\t\t\t\t\t\t\t\t\t\t\t\t<a href=\"http:\/\/mairiedebonnat.portesdelacreuseenmarche.fr\/mairiedebonnat-2023\/agenda-sorties\/\">\n\t\t\t\t\t\t\t<img fetchpriority=\"high\" decoding=\"async\" width=\"600\" height=\"200\" src=\"https:\/\/mairiedebonnat.portesdelacreuseenmarche.fr\/mairiedebonnat-2023\/wp-content\/uploads\/2023\/03\/Sidebar-Agenda-1.png\" class=\"elementor-animation-shrink attachment-large size-large wp-image-1188\" alt=\"Sidebar Agenda\" srcset=\"https:\/\/mairiedebonnat.portesdelacreuseenmarche.fr\/mairiedebonnat-2023\/wp-content\/uploads\/2023\/03\/Sidebar-Agenda-1.png 600w, https:\/\/mairiedebonnat.portesdelacreuseenmarche.fr\/mairiedebonnat-2023\/wp-content\/uploads\/2023\/03\/Sidebar-Agenda-1-300x100.png 300w\" sizes=\"(max-width: 600px) 100vw, 600px\" \/>\t\t\t\t\t\t\t\t<\/a>\n\t\t\t\t\t\t\t\t\t\t\t\t\t\t\t<\/div>\n\t\t\t\t<\/div>\n\t\t\t\t<div class=\"elementor-element elementor-element-5b9caea elementor-widget elementor-widget-image\" data-id=\"5b9caea\" data-element_type=\"widget\" data-e-type=\"widget\" data-widget_type=\"image.default\">\n\t\t\t\t<div class=\"elementor-widget-container\">\n\t\t\t\t\t\t\t\t\t\t\t\t\t\t\t\t<a href=\"http:\/\/mairiedebonnat.portesdelacreuseenmarche.fr\/mairiedebonnat-2023\/demarches\/\">\n\t\t\t\t\t\t\t<img decoding=\"async\" width=\"600\" height=\"200\" src=\"https:\/\/mairiedebonnat.portesdelacreuseenmarche.fr\/mairiedebonnat-2023\/wp-content\/uploads\/2023\/03\/1-1.png\" class=\"elementor-animation-shrink attachment-large size-large wp-image-843\" alt=\"1\" srcset=\"https:\/\/mairiedebonnat.portesdelacreuseenmarche.fr\/mairiedebonnat-2023\/wp-content\/uploads\/2023\/03\/1-1.png 600w, https:\/\/mairiedebonnat.portesdelacreuseenmarche.fr\/mairiedebonnat-2023\/wp-content\/uploads\/2023\/03\/1-1-300x100.png 300w\" sizes=\"(max-width: 600px) 100vw, 600px\" \/>\t\t\t\t\t\t\t\t<\/a>\n\t\t\t\t\t\t\t\t\t\t\t\t\t\t\t<\/div>\n\t\t\t\t<\/div>\n\t\t\t\t<div class=\"elementor-element elementor-element-c401e10 elementor-widget elementor-widget-image\" data-id=\"c401e10\" data-element_type=\"widget\" data-e-type=\"widget\" data-widget_type=\"image.default\">\n\t\t\t\t<div class=\"elementor-widget-container\">\n\t\t\t\t\t\t\t\t\t\t\t\t\t\t\t\t<a href=\"https:\/\/mairiedebonnat.portesdelacreuseenmarche.fr\/mairiedebonnat-2023\/decisions-administratives\/\">\n\t\t\t\t\t\t\t<img decoding=\"async\" width=\"600\" height=\"200\" src=\"https:\/\/mairiedebonnat.portesdelacreuseenmarche.fr\/mairiedebonnat-2023\/wp-content\/uploads\/2023\/06\/Decisions-adm.jpg\" class=\"elementor-animation-shrink attachment-large size-large wp-image-4709\" alt=\"D\u00e9cisions adm\" srcset=\"https:\/\/mairiedebonnat.portesdelacreuseenmarche.fr\/mairiedebonnat-2023\/wp-content\/uploads\/2023\/06\/Decisions-adm.jpg 600w, https:\/\/mairiedebonnat.portesdelacreuseenmarche.fr\/mairiedebonnat-2023\/wp-content\/uploads\/2023\/06\/Decisions-adm-300x100.jpg 300w\" sizes=\"(max-width: 600px) 100vw, 600px\" \/>\t\t\t\t\t\t\t\t<\/a>\n\t\t\t\t\t\t\t\t\t\t\t\t\t\t\t<\/div>\n\t\t\t\t<\/div>\n\t\t\t\t<div class=\"elementor-element elementor-element-fdb6827 elementor-widget elementor-widget-image\" data-id=\"fdb6827\" data-element_type=\"widget\" data-e-type=\"widget\" data-widget_type=\"image.default\">\n\t\t\t\t<div class=\"elementor-widget-container\">\n\t\t\t\t\t\t\t\t\t\t\t\t\t\t\t\t<a href=\"http:\/\/mairiedebonnat.portesdelacreuseenmarche.fr\/mairiedebonnat-2023\/conseil-municipal\/\">\n\t\t\t\t\t\t\t<img loading=\"lazy\" decoding=\"async\" width=\"600\" height=\"200\" src=\"https:\/\/mairiedebonnat.portesdelacreuseenmarche.fr\/mairiedebonnat-2023\/wp-content\/uploads\/2023\/03\/4-3.png\" class=\"elementor-animation-shrink attachment-large size-large wp-image-846\" alt=\"4\" srcset=\"https:\/\/mairiedebonnat.portesdelacreuseenmarche.fr\/mairiedebonnat-2023\/wp-content\/uploads\/2023\/03\/4-3.png 600w, https:\/\/mairiedebonnat.portesdelacreuseenmarche.fr\/mairiedebonnat-2023\/wp-content\/uploads\/2023\/03\/4-3-300x100.png 300w\" sizes=\"(max-width: 600px) 100vw, 600px\" \/>\t\t\t\t\t\t\t\t<\/a>\n\t\t\t\t\t\t\t\t\t\t\t\t\t\t\t<\/div>\n\t\t\t\t<\/div>\n\t\t\t\t<div class=\"elementor-element elementor-element-2739d96 elementor-widget elementor-widget-image\" data-id=\"2739d96\" data-element_type=\"widget\" data-e-type=\"widget\" data-widget_type=\"image.default\">\n\t\t\t\t<div class=\"elementor-widget-container\">\n\t\t\t\t\t\t\t\t\t\t\t\t\t\t\t\t<a href=\"http:\/\/mairiedebonnat.portesdelacreuseenmarche.fr\/mairiedebonnat-2023\/la-bonnactu\/\">\n\t\t\t\t\t\t\t<img loading=\"lazy\" decoding=\"async\" width=\"600\" height=\"200\" src=\"https:\/\/mairiedebonnat.portesdelacreuseenmarche.fr\/mairiedebonnat-2023\/wp-content\/uploads\/2023\/03\/5-3.png\" class=\"elementor-animation-shrink attachment-large size-large wp-image-847\" alt=\"5\" srcset=\"https:\/\/mairiedebonnat.portesdelacreuseenmarche.fr\/mairiedebonnat-2023\/wp-content\/uploads\/2023\/03\/5-3.png 600w, https:\/\/mairiedebonnat.portesdelacreuseenmarche.fr\/mairiedebonnat-2023\/wp-content\/uploads\/2023\/03\/5-3-300x100.png 300w\" sizes=\"(max-width: 600px) 100vw, 600px\" \/>\t\t\t\t\t\t\t\t<\/a>\n\t\t\t\t\t\t\t\t\t\t\t\t\t\t\t<\/div>\n\t\t\t\t<\/div>\n\t\t\t\t<div class=\"elementor-element elementor-element-e0ee6fb elementor-widget elementor-widget-image\" data-id=\"e0ee6fb\" data-element_type=\"widget\" data-e-type=\"widget\" data-widget_type=\"image.default\">\n\t\t\t\t<div class=\"elementor-widget-container\">\n\t\t\t\t\t\t\t\t\t\t\t\t\t\t\t\t<a href=\"http:\/\/mairiedebonnat.portesdelacreuseenmarche.fr\/mairiedebonnat-2023\/les-bulletins-municipaux\/\">\n\t\t\t\t\t\t\t<img loading=\"lazy\" decoding=\"async\" width=\"600\" height=\"200\" src=\"https:\/\/mairiedebonnat.portesdelacreuseenmarche.fr\/mairiedebonnat-2023\/wp-content\/uploads\/2023\/06\/Sidebar-2-1.png\" class=\"elementor-animation-shrink attachment-large size-large wp-image-3540\" alt=\"Sidebar\" srcset=\"https:\/\/mairiedebonnat.portesdelacreuseenmarche.fr\/mairiedebonnat-2023\/wp-content\/uploads\/2023\/06\/Sidebar-2-1.png 600w, https:\/\/mairiedebonnat.portesdelacreuseenmarche.fr\/mairiedebonnat-2023\/wp-content\/uploads\/2023\/06\/Sidebar-2-1-300x100.png 300w\" sizes=\"(max-width: 600px) 100vw, 600px\" \/>\t\t\t\t\t\t\t\t<\/a>\n\t\t\t\t\t\t\t\t\t\t\t\t\t\t\t<\/div>\n\t\t\t\t<\/div>\n\t\t\t\t<div class=\"elementor-element elementor-element-6c692fe elementor-widget elementor-widget-image\" data-id=\"6c692fe\" data-element_type=\"widget\" data-e-type=\"widget\" data-widget_type=\"image.default\">\n\t\t\t\t<div class=\"elementor-widget-container\">\n\t\t\t\t\t\t\t\t\t\t\t\t\t\t\t\t<a href=\"https:\/\/mairiedebonnat.portesdelacreuseenmarche.fr\/mairiedebonnat-2023\/services-municipaux\/\">\n\t\t\t\t\t\t\t<img loading=\"lazy\" decoding=\"async\" width=\"600\" height=\"200\" src=\"https:\/\/mairiedebonnat.portesdelacreuseenmarche.fr\/mairiedebonnat-2023\/wp-content\/uploads\/2023\/03\/Sidebar-5-annuaire.png\" class=\"elementor-animation-shrink attachment-large size-large wp-image-1627\" alt=\"Sidebar 5 annuaire\" srcset=\"https:\/\/mairiedebonnat.portesdelacreuseenmarche.fr\/mairiedebonnat-2023\/wp-content\/uploads\/2023\/03\/Sidebar-5-annuaire.png 600w, https:\/\/mairiedebonnat.portesdelacreuseenmarche.fr\/mairiedebonnat-2023\/wp-content\/uploads\/2023\/03\/Sidebar-5-annuaire-300x100.png 300w\" sizes=\"(max-width: 600px) 100vw, 600px\" \/>\t\t\t\t\t\t\t\t<\/a>\n\t\t\t\t\t\t\t\t\t\t\t\t\t\t\t<\/div>\n\t\t\t\t<\/div>\n\t\t\t\t<div class=\"elementor-element elementor-element-3c3410a elementor-widget elementor-widget-spacer\" data-id=\"3c3410a\" data-element_type=\"widget\" data-e-type=\"widget\" data-widget_type=\"spacer.default\">\n\t\t\t\t<div class=\"elementor-widget-container\">\n\t\t\t\t\t\t\t<div class=\"elementor-spacer\">\n\t\t\t<div class=\"elementor-spacer-inner\"><\/div>\n\t\t<\/div>\n\t\t\t\t\t\t<\/div>\n\t\t\t\t<\/div>\n\t\t\t\t\t<\/div>\n\t\t<\/div>\n\t\t\t\t\t<\/div>\n\t\t<\/section>\n\t\t\t\t<\/div>\n\t\t","protected":false},"excerpt":{"rendered":"<p>ANNUAIRE DES ASSOCIATIONS \u2a20 Associations Sportives \u00c0 chacun sa voie Club d&rsquo;escalade \u00e0 Bonnat d\u00e8s 14 ans. Un loisir sant\u00e9, pour renforcer vos muscles, booster votre \u00e9nergie, garder l&rsquo;esprit clair, gagner en confiance et lutter contre le vieillissement. Quelque soit son \u00e2ge, son niveau, ses motivations ou ses attentes, grimper est vari\u00e9, amusant, dansant&#8230;\u00a0 Au&#8230;<\/p>\n","protected":false},"author":1,"featured_media":0,"parent":0,"menu_order":0,"comment_status":"closed","ping_status":"closed","template":"","meta":{"_kad_post_transparent":"","_kad_post_title":"hide","_kad_post_layout":"fullwidth","_kad_post_sidebar_id":"","_kad_post_content_style":"unboxed","_kad_post_vertical_padding":"hide","_kad_post_feature":"hide","_kad_post_feature_position":"","_kad_post_header":false,"_kad_post_footer":false,"slim_seo":{"title":"Associations Sportives - Commune de Bonnat","description":"ANNUAIRE DES ASSOCIATIONS \u2a20 Associations Sportives \u00c0 chacun sa voie Club d'escalade \u00e0 Bonnat d\u00e8s 14 ans. Un loisir sant\u00e9, pour renforcer vos muscles, booster vo"},"footnotes":""},"class_list":["post-13328","page","type-page","status-publish","hentry"],"_links":{"self":[{"href":"https:\/\/mairiedebonnat.portesdelacreuseenmarche.fr\/mairiedebonnat-2023\/wp-json\/wp\/v2\/pages\/13328","targetHints":{"allow":["GET"]}}],"collection":[{"href":"https:\/\/mairiedebonnat.portesdelacreuseenmarche.fr\/mairiedebonnat-2023\/wp-json\/wp\/v2\/pages"}],"about":[{"href":"https:\/\/mairiedebonnat.portesdelacreuseenmarche.fr\/mairiedebonnat-2023\/wp-json\/wp\/v2\/types\/page"}],"author":[{"embeddable":true,"href":"https:\/\/mairiedebonnat.portesdelacreuseenmarche.fr\/mairiedebonnat-2023\/wp-json\/wp\/v2\/users\/1"}],"replies":[{"embeddable":true,"href":"https:\/\/mairiedebonnat.portesdelacreuseenmarche.fr\/mairiedebonnat-2023\/wp-json\/wp\/v2\/comments?post=13328"}],"version-history":[{"count":112,"href":"https:\/\/mairiedebonnat.portesdelacreuseenmarche.fr\/mairiedebonnat-2023\/wp-json\/wp\/v2\/pages\/13328\/revisions"}],"predecessor-version":[{"id":27548,"href":"https:\/\/mairiedebonnat.portesdelacreuseenmarche.fr\/mairiedebonnat-2023\/wp-json\/wp\/v2\/pages\/13328\/revisions\/27548"}],"wp:attachment":[{"href":"https:\/\/mairiedebonnat.portesdelacreuseenmarche.fr\/mairiedebonnat-2023\/wp-json\/wp\/v2\/media?parent=13328"}],"curies":[{"name":"wp","href":"https:\/\/api.w.org\/{rel}","templated":true}]}}