{"id":10723,"date":"2023-10-17T14:08:36","date_gmt":"2023-10-17T12:08:36","guid":{"rendered":"https:\/\/mairiedebonnat.portesdelacreuseenmarche.fr\/mairiedebonnat-2023\/?page_id=10723"},"modified":"2024-06-04T13:59:36","modified_gmt":"2024-06-04T11:59:36","slug":"a-pied","status":"publish","type":"page","link":"https:\/\/mairiedebonnat.portesdelacreuseenmarche.fr\/mairiedebonnat-2023\/a-pied\/","title":{"rendered":"\u00c0 pied"},"content":{"rendered":"\t\t<div data-elementor-type=\"wp-page\" data-elementor-id=\"10723\" class=\"elementor elementor-10723\">\n\t\t\t\t\t\t<section class=\"elementor-section elementor-top-section elementor-element elementor-element-4735786 elementor-section-boxed elementor-section-height-default elementor-section-height-default\" data-id=\"4735786\" data-element_type=\"section\" data-e-type=\"section\">\n\t\t\t\t\t\t<div class=\"elementor-container elementor-column-gap-no\">\n\t\t\t\t\t<div class=\"elementor-column elementor-col-100 elementor-top-column elementor-element elementor-element-4b136db\" data-id=\"4b136db\" data-element_type=\"column\" data-e-type=\"column\">\n\t\t\t<div class=\"elementor-widget-wrap elementor-element-populated\">\n\t\t\t\t\t\t<div class=\"elementor-element elementor-element-e746ac0 elementor-widget elementor-widget-spacer\" data-id=\"e746ac0\" data-element_type=\"widget\" data-e-type=\"widget\" data-widget_type=\"spacer.default\">\n\t\t\t\t<div class=\"elementor-widget-container\">\n\t\t\t\t\t\t\t<div class=\"elementor-spacer\">\n\t\t\t<div class=\"elementor-spacer-inner\"><\/div>\n\t\t<\/div>\n\t\t\t\t\t\t<\/div>\n\t\t\t\t<\/div>\n\t\t\t\t<div class=\"elementor-element elementor-element-fa833a5 elementor-widget elementor-widget-text-editor\" data-id=\"fa833a5\" data-element_type=\"widget\" data-e-type=\"widget\" data-widget_type=\"text-editor.default\">\n\t\t\t\t<div class=\"elementor-widget-container\">\n\t\t\t\t\t\t\t\t\t<h1><a href=\"https:\/\/mairiedebonnat.portesdelacreuseenmarche.fr\/mairiedebonnat-2023\/ou-se-promener\/\">O\u00d9 SE PROMENER \u2a20<\/a>\u00a0\u00c0 pied<\/h1>\t\t\t\t\t\t\t\t<\/div>\n\t\t\t\t<\/div>\n\t\t\t\t<div class=\"elementor-element elementor-element-c7faba6 elementor-widget-divider--view-line elementor-widget elementor-widget-divider\" data-id=\"c7faba6\" data-element_type=\"widget\" data-e-type=\"widget\" data-widget_type=\"divider.default\">\n\t\t\t\t<div class=\"elementor-widget-container\">\n\t\t\t\t\t\t\t<div class=\"elementor-divider\">\n\t\t\t<span class=\"elementor-divider-separator\">\n\t\t\t\t\t\t<\/span>\n\t\t<\/div>\n\t\t\t\t\t\t<\/div>\n\t\t\t\t<\/div>\n\t\t\t\t<div class=\"elementor-element elementor-element-e174413 elementor-widget elementor-widget-spacer\" data-id=\"e174413\" data-element_type=\"widget\" data-e-type=\"widget\" data-widget_type=\"spacer.default\">\n\t\t\t\t<div class=\"elementor-widget-container\">\n\t\t\t\t\t\t\t<div class=\"elementor-spacer\">\n\t\t\t<div class=\"elementor-spacer-inner\"><\/div>\n\t\t<\/div>\n\t\t\t\t\t\t<\/div>\n\t\t\t\t<\/div>\n\t\t\t\t\t<\/div>\n\t\t<\/div>\n\t\t\t\t\t<\/div>\n\t\t<\/section>\n\t\t\t\t<section class=\"elementor-section elementor-top-section elementor-element elementor-element-9656f7b elementor-section-boxed elementor-section-height-default elementor-section-height-default\" data-id=\"9656f7b\" data-element_type=\"section\" data-e-type=\"section\">\n\t\t\t\t\t\t<div class=\"elementor-container elementor-column-gap-no\">\n\t\t\t\t\t<div class=\"elementor-column elementor-col-50 elementor-top-column elementor-element elementor-element-431f16b\" data-id=\"431f16b\" data-element_type=\"column\" data-e-type=\"column\">\n\t\t\t<div class=\"elementor-widget-wrap elementor-element-populated\">\n\t\t\t\t\t\t<section class=\"elementor-section elementor-inner-section elementor-element elementor-element-8076a87 elementor-section-boxed elementor-section-height-default elementor-section-height-default\" data-id=\"8076a87\" data-element_type=\"section\" data-e-type=\"section\">\n\t\t\t\t\t\t<div class=\"elementor-container elementor-column-gap-default\">\n\t\t\t\t\t<div class=\"elementor-column elementor-col-50 elementor-inner-column elementor-element elementor-element-a34d959\" data-id=\"a34d959\" data-element_type=\"column\" data-e-type=\"column\" data-settings=\"{&quot;background_background&quot;:&quot;gradient&quot;}\">\n\t\t\t<div class=\"elementor-widget-wrap elementor-element-populated\">\n\t\t\t\t\t\t<div class=\"elementor-element elementor-element-f47ce55 elementor-widget-tablet__width-initial elementor-widget-mobile__width-initial elementor-widget elementor-widget-text-editor\" data-id=\"f47ce55\" data-element_type=\"widget\" data-e-type=\"widget\" data-widget_type=\"text-editor.default\">\n\t\t\t\t<div class=\"elementor-widget-container\">\n\t\t\t\t\t\t\t\t\t<div class=\"x11i5rnm xat24cr x1mh8g0r x1vvkbs xtlvy1s x126k92a\"><div dir=\"auto\"><p>Depuis mai 2015, un groupe de b\u00e9n\u00e9voles et d\u2019\u00e9lus travaille sur la conception d\u2019un r\u00e9seau intercommunal de randonn\u00e9e p\u00e9destre \u00e0 l\u2019\u00e9chelle intercommunale.<\/p><p>L\u2019objectif du projet est de proposer des<strong> circuits ouverts \u00e0 tous<\/strong> <em>(du promeneur occasionnel au marcheur confirm\u00e9)<\/em>, en d\u00e9veloppant un <strong>r\u00e9seau d\u2019itin\u00e9raires entretenus, am\u00e9nag\u00e9s et balis\u00e9s<\/strong> valorisant les richesses des 17 communes-membres de la <strong><a href=\"https:\/\/mairiedebonnat.portesdelacreuseenmarche.fr\/mairiedebonnat-2023\/ccpcm\/\">Communaut\u00e9 de Communes Portes de la Creuse en Marche <\/a>(CCPCM)<\/strong>, tout en proposant un topo-guide et des outils num\u00e9riques (trac\u00e9s gps, etc.).<\/p><p>Ce r\u00e9seau est la pierre angulaire du travail sur le tourisme pour notre territoire.<br \/>Il permet d\u2019une part de s\u2019ouvrir sur les trac\u00e9s de nos voisins (Gu\u00e9ret, Boussac), d\u2019autre part d\u2019ouvrir quelques chemins \u00e0 d\u2019autres utilisateurs comme les cavaliers, les quadistes, etc.<\/p><\/div><\/div>\t\t\t\t\t\t\t\t<\/div>\n\t\t\t\t<\/div>\n\t\t\t\t<div class=\"elementor-element elementor-element-90782b6 elementor-widget elementor-widget-image\" data-id=\"90782b6\" data-element_type=\"widget\" data-e-type=\"widget\" data-widget_type=\"image.default\">\n\t\t\t\t<div class=\"elementor-widget-container\">\n\t\t\t\t\t\t\t\t\t\t\t\t\t\t\t<img fetchpriority=\"high\" decoding=\"async\" width=\"1024\" height=\"213\" src=\"https:\/\/mairiedebonnat.portesdelacreuseenmarche.fr\/mairiedebonnat-2023\/wp-content\/uploads\/2023\/10\/Bonnat-1-1920x400-2-1024x213.jpg\" class=\"attachment-large size-large wp-image-10732\" alt=\"Bonnat 1 1920x400\" srcset=\"https:\/\/mairiedebonnat.portesdelacreuseenmarche.fr\/mairiedebonnat-2023\/wp-content\/uploads\/2023\/10\/Bonnat-1-1920x400-2-1024x213.jpg 1024w, https:\/\/mairiedebonnat.portesdelacreuseenmarche.fr\/mairiedebonnat-2023\/wp-content\/uploads\/2023\/10\/Bonnat-1-1920x400-2-300x63.jpg 300w, https:\/\/mairiedebonnat.portesdelacreuseenmarche.fr\/mairiedebonnat-2023\/wp-content\/uploads\/2023\/10\/Bonnat-1-1920x400-2-768x160.jpg 768w, https:\/\/mairiedebonnat.portesdelacreuseenmarche.fr\/mairiedebonnat-2023\/wp-content\/uploads\/2023\/10\/Bonnat-1-1920x400-2-1536x320.jpg 1536w, https:\/\/mairiedebonnat.portesdelacreuseenmarche.fr\/mairiedebonnat-2023\/wp-content\/uploads\/2023\/10\/Bonnat-1-1920x400-2.jpg 1920w\" sizes=\"(max-width: 1024px) 100vw, 1024px\" \/>\t\t\t\t\t\t\t\t\t\t\t\t\t\t\t<\/div>\n\t\t\t\t<\/div>\n\t\t\t\t<div class=\"elementor-element elementor-element-6d94bed elementor-widget elementor-widget-text-editor\" data-id=\"6d94bed\" data-element_type=\"widget\" data-e-type=\"widget\" data-widget_type=\"text-editor.default\">\n\t\t\t\t<div class=\"elementor-widget-container\">\n\t\t\t\t\t\t\t\t\t<p><em>Par <a href=\"https:\/\/www.rando-portesdelacreuse.com\/circuits-balades\/pont-a-chatte\/\" target=\"_blank\" rel=\"noopener\">rando-portesdelacreuse.com<\/a><br \/><\/em><\/p>\t\t\t\t\t\t\t\t<\/div>\n\t\t\t\t<\/div>\n\t\t\t\t\t<\/div>\n\t\t<\/div>\n\t\t\t\t<div class=\"elementor-column elementor-col-50 elementor-inner-column elementor-element elementor-element-ed42c99\" data-id=\"ed42c99\" data-element_type=\"column\" data-e-type=\"column\">\n\t\t\t<div class=\"elementor-widget-wrap\">\n\t\t\t\t\t\t\t<\/div>\n\t\t<\/div>\n\t\t\t\t\t<\/div>\n\t\t<\/section>\n\t\t\t\t<section class=\"elementor-section elementor-inner-section elementor-element elementor-element-aa6e550 elementor-section-boxed elementor-section-height-default elementor-section-height-default\" data-id=\"aa6e550\" data-element_type=\"section\" data-e-type=\"section\">\n\t\t\t\t\t\t<div class=\"elementor-container elementor-column-gap-default\">\n\t\t\t\t\t<div class=\"elementor-column elementor-col-50 elementor-inner-column elementor-element elementor-element-84ad111\" data-id=\"84ad111\" data-element_type=\"column\" data-e-type=\"column\">\n\t\t\t<div class=\"elementor-widget-wrap elementor-element-populated\">\n\t\t\t\t\t\t<div class=\"elementor-element elementor-element-8b5a533 elementor-widget__width-initial elementor-widget-tablet__width-initial elementor-widget-mobile__width-initial elementor-widget elementor-widget-text-editor\" data-id=\"8b5a533\" data-element_type=\"widget\" data-e-type=\"widget\" data-widget_type=\"text-editor.default\">\n\t\t\t\t<div class=\"elementor-widget-container\">\n\t\t\t\t\t\t\t\t\t<p>Gr\u00e2ce \u00e0 la <a href=\"https:\/\/www.rando-portesdelacreuse.com\/carte-des-circuits\/\" target=\"_blank\" rel=\"noopener\"><strong>carte interactive<\/strong><\/a> du r\u00e9seau de randonn\u00e9e et aux traces GPS \u00e0 t\u00e9l\u00e9charger, vous pourrez choisir et organiser vos randonn\u00e9es de chez vous avant de partir \u00e0 la d\u00e9couverte des circuits des Portes de la Creuse en Marche.<\/p><p><strong>Acc\u00e9dez \u00e0 la carte interractive sur <\/strong><a href=\"https:\/\/www.rando-portesdelacreuse.com\/\" target=\"_blank\" rel=\"noopener\"><strong>rando-portesdelacreuse.com<\/strong><\/a><\/p>\t\t\t\t\t\t\t\t<\/div>\n\t\t\t\t<\/div>\n\t\t\t\t\t<\/div>\n\t\t<\/div>\n\t\t\t\t<div class=\"elementor-column elementor-col-50 elementor-inner-column elementor-element elementor-element-4f87913\" data-id=\"4f87913\" data-element_type=\"column\" data-e-type=\"column\">\n\t\t\t<div class=\"elementor-widget-wrap\">\n\t\t\t\t\t\t\t<\/div>\n\t\t<\/div>\n\t\t\t\t\t<\/div>\n\t\t<\/section>\n\t\t\t\t<section class=\"elementor-section elementor-inner-section elementor-element elementor-element-7a830fa elementor-section-boxed elementor-section-height-default elementor-section-height-default\" data-id=\"7a830fa\" data-element_type=\"section\" data-e-type=\"section\">\n\t\t\t\t\t\t<div class=\"elementor-container elementor-column-gap-default\">\n\t\t\t\t\t<div class=\"elementor-column elementor-col-33 elementor-inner-column elementor-element elementor-element-5b8cd93\" data-id=\"5b8cd93\" data-element_type=\"column\" data-e-type=\"column\" data-settings=\"{&quot;background_background&quot;:&quot;gradient&quot;}\">\n\t\t\t<div class=\"elementor-widget-wrap elementor-element-populated\">\n\t\t\t\t\t\t<div class=\"elementor-element elementor-element-664bfc3 elementor-widget__width-initial elementor-widget-tablet__width-initial elementor-widget-mobile__width-initial elementor-widget elementor-widget-text-editor\" data-id=\"664bfc3\" data-element_type=\"widget\" data-e-type=\"widget\" data-widget_type=\"text-editor.default\">\n\t\t\t\t<div class=\"elementor-widget-container\">\n\t\t\t\t\t\t\t\t\t<p>Le r\u00e9seau de randonn\u00e9e p\u00e9destre des Portes de la Creuse en Marche (CCPCM) en quelques chiffres :<\/p><ul><li>16 communes<\/li><li><strong><a href=\"http:\/\/www.rando-portesdelacreuse.com\/circuits-balades\/\" target=\"_blank\" rel=\"noopener\">32 circuits<\/a><\/strong><\/li><li>375 km de balisage<\/li><li>160 km de chemins entretenus par la CCPCM<\/li><li>50 km de liaisons<\/li><\/ul>\t\t\t\t\t\t\t\t<\/div>\n\t\t\t\t<\/div>\n\t\t\t\t\t<\/div>\n\t\t<\/div>\n\t\t\t\t<div class=\"elementor-column elementor-col-33 elementor-inner-column elementor-element elementor-element-d78098b\" data-id=\"d78098b\" data-element_type=\"column\" data-e-type=\"column\">\n\t\t\t<div class=\"elementor-widget-wrap elementor-element-populated\">\n\t\t\t\t\t\t<div class=\"elementor-element elementor-element-425327b elementor-widget__width-initial elementor-widget elementor-widget-image\" data-id=\"425327b\" data-element_type=\"widget\" data-e-type=\"widget\" data-widget_type=\"image.default\">\n\t\t\t\t<div class=\"elementor-widget-container\">\n\t\t\t\t\t\t\t\t\t\t\t\t\t\t\t\t<a href=\"https:\/\/mairiedebonnat.portesdelacreuseenmarche.fr\/mairiedebonnat-2023\/wp-content\/uploads\/2023\/10\/3-768x576-1.jpg\" data-elementor-open-lightbox=\"yes\" data-elementor-lightbox-title=\"3-768x576\" data-e-action-hash=\"#elementor-action%3Aaction%3Dlightbox%26settings%3DeyJpZCI6MTA3NDMsInVybCI6Imh0dHBzOlwvXC9tYWlyaWVkZWJvbm5hdC5wb3J0ZXNkZWxhY3JldXNlZW5tYXJjaGUuZnJcL21haXJpZWRlYm9ubmF0LTIwMjNcL3dwLWNvbnRlbnRcL3VwbG9hZHNcLzIwMjNcLzEwXC8zLTc2OHg1NzYtMS5qcGcifQ%3D%3D\">\n\t\t\t\t\t\t\t<img decoding=\"async\" width=\"768\" height=\"576\" src=\"https:\/\/mairiedebonnat.portesdelacreuseenmarche.fr\/mairiedebonnat-2023\/wp-content\/uploads\/2023\/10\/3-768x576-1.jpg\" class=\"attachment-full size-full wp-image-10743\" alt=\"3 768x576\" srcset=\"https:\/\/mairiedebonnat.portesdelacreuseenmarche.fr\/mairiedebonnat-2023\/wp-content\/uploads\/2023\/10\/3-768x576-1.jpg 768w, https:\/\/mairiedebonnat.portesdelacreuseenmarche.fr\/mairiedebonnat-2023\/wp-content\/uploads\/2023\/10\/3-768x576-1-300x225.jpg 300w\" sizes=\"(max-width: 768px) 100vw, 768px\" \/>\t\t\t\t\t\t\t\t<\/a>\n\t\t\t\t\t\t\t\t\t\t\t\t\t\t\t<\/div>\n\t\t\t\t<\/div>\n\t\t\t\t\t<\/div>\n\t\t<\/div>\n\t\t\t\t<div class=\"elementor-column elementor-col-33 elementor-inner-column elementor-element elementor-element-20ce6df\" data-id=\"20ce6df\" data-element_type=\"column\" data-e-type=\"column\">\n\t\t\t<div class=\"elementor-widget-wrap\">\n\t\t\t\t\t\t\t<\/div>\n\t\t<\/div>\n\t\t\t\t\t<\/div>\n\t\t<\/section>\n\t\t\t\t<div class=\"elementor-element elementor-element-1bd7338 elementor-widget elementor-widget-spacer\" data-id=\"1bd7338\" data-element_type=\"widget\" data-e-type=\"widget\" data-widget_type=\"spacer.default\">\n\t\t\t\t<div class=\"elementor-widget-container\">\n\t\t\t\t\t\t\t<div class=\"elementor-spacer\">\n\t\t\t<div class=\"elementor-spacer-inner\"><\/div>\n\t\t<\/div>\n\t\t\t\t\t\t<\/div>\n\t\t\t\t<\/div>\n\t\t\t\t<section class=\"elementor-section elementor-inner-section elementor-element elementor-element-4b8ce1d elementor-section-boxed elementor-section-height-default elementor-section-height-default\" data-id=\"4b8ce1d\" data-element_type=\"section\" data-e-type=\"section\">\n\t\t\t\t\t\t<div class=\"elementor-container elementor-column-gap-default\">\n\t\t\t\t\t<div class=\"elementor-column elementor-col-50 elementor-inner-column elementor-element elementor-element-d42f545\" data-id=\"d42f545\" data-element_type=\"column\" data-e-type=\"column\">\n\t\t\t<div class=\"elementor-widget-wrap elementor-element-populated\">\n\t\t\t\t\t\t<div class=\"elementor-element elementor-element-5c98bad elementor-widget__width-initial elementor-widget-tablet__width-initial elementor-widget-mobile__width-initial elementor-widget elementor-widget-text-editor\" data-id=\"5c98bad\" data-element_type=\"widget\" data-e-type=\"widget\" data-widget_type=\"text-editor.default\">\n\t\t\t\t<div class=\"elementor-widget-container\">\n\t\t\t\t\t\t\t\t\t<p>Le <strong>Topoguide<\/strong> <strong>\u00ab Randos &amp; balades \u00bb<\/strong> est \u00e9galement \u00e0 votre disposition <span style=\"text-decoration: underline;\">gratuitement<br \/><\/span>dans les 16 Mairies de la Communaut\u00e9 de Communes ainsi qu&rsquo;au si\u00e8ge social \u00e0 Genouillac.<\/p><p><strong><em>Bonne balade sur nos chemins\u2026<\/em><\/strong><\/p>\t\t\t\t\t\t\t\t<\/div>\n\t\t\t\t<\/div>\n\t\t\t\t\t<\/div>\n\t\t<\/div>\n\t\t\t\t<div class=\"elementor-column elementor-col-50 elementor-inner-column elementor-element elementor-element-5859069\" data-id=\"5859069\" data-element_type=\"column\" data-e-type=\"column\">\n\t\t\t<div class=\"elementor-widget-wrap\">\n\t\t\t\t\t\t\t<\/div>\n\t\t<\/div>\n\t\t\t\t\t<\/div>\n\t\t<\/section>\n\t\t\t\t<div class=\"elementor-element elementor-element-e1c8678 elementor-widget elementor-widget-spacer\" data-id=\"e1c8678\" data-element_type=\"widget\" data-e-type=\"widget\" data-widget_type=\"spacer.default\">\n\t\t\t\t<div class=\"elementor-widget-container\">\n\t\t\t\t\t\t\t<div class=\"elementor-spacer\">\n\t\t\t<div class=\"elementor-spacer-inner\"><\/div>\n\t\t<\/div>\n\t\t\t\t\t\t<\/div>\n\t\t\t\t<\/div>\n\t\t\t\t\t<\/div>\n\t\t<\/div>\n\t\t\t\t<div class=\"elementor-column elementor-col-50 elementor-top-column elementor-element elementor-element-4076c17\" data-id=\"4076c17\" data-element_type=\"column\" data-e-type=\"column\" data-settings=\"{&quot;background_background&quot;:&quot;gradient&quot;}\">\n\t\t\t<div class=\"elementor-widget-wrap elementor-element-populated\">\n\t\t\t\t\t\t<div class=\"elementor-element elementor-element-1a72b06 elementor-widget elementor-widget-image\" data-id=\"1a72b06\" data-element_type=\"widget\" data-e-type=\"widget\" data-widget_type=\"image.default\">\n\t\t\t\t<div class=\"elementor-widget-container\">\n\t\t\t\t\t\t\t\t\t\t\t\t\t\t\t\t<a href=\"http:\/\/mairiedebonnat.portesdelacreuseenmarche.fr\/mairiedebonnat-2023\/agenda-sorties\/\">\n\t\t\t\t\t\t\t<img decoding=\"async\" width=\"600\" height=\"200\" src=\"https:\/\/mairiedebonnat.portesdelacreuseenmarche.fr\/mairiedebonnat-2023\/wp-content\/uploads\/2023\/03\/Sidebar-Agenda-1.png\" class=\"elementor-animation-shrink attachment-large size-large wp-image-1188\" alt=\"Sidebar Agenda\" srcset=\"https:\/\/mairiedebonnat.portesdelacreuseenmarche.fr\/mairiedebonnat-2023\/wp-content\/uploads\/2023\/03\/Sidebar-Agenda-1.png 600w, https:\/\/mairiedebonnat.portesdelacreuseenmarche.fr\/mairiedebonnat-2023\/wp-content\/uploads\/2023\/03\/Sidebar-Agenda-1-300x100.png 300w\" sizes=\"(max-width: 600px) 100vw, 600px\" \/>\t\t\t\t\t\t\t\t<\/a>\n\t\t\t\t\t\t\t\t\t\t\t\t\t\t\t<\/div>\n\t\t\t\t<\/div>\n\t\t\t\t<div class=\"elementor-element elementor-element-5b9caea elementor-widget elementor-widget-image\" data-id=\"5b9caea\" data-element_type=\"widget\" data-e-type=\"widget\" data-widget_type=\"image.default\">\n\t\t\t\t<div class=\"elementor-widget-container\">\n\t\t\t\t\t\t\t\t\t\t\t\t\t\t\t\t<a href=\"http:\/\/mairiedebonnat.portesdelacreuseenmarche.fr\/mairiedebonnat-2023\/demarches\/\">\n\t\t\t\t\t\t\t<img loading=\"lazy\" decoding=\"async\" width=\"600\" height=\"200\" src=\"https:\/\/mairiedebonnat.portesdelacreuseenmarche.fr\/mairiedebonnat-2023\/wp-content\/uploads\/2023\/03\/1-1.png\" class=\"elementor-animation-shrink attachment-large size-large wp-image-843\" alt=\"1\" srcset=\"https:\/\/mairiedebonnat.portesdelacreuseenmarche.fr\/mairiedebonnat-2023\/wp-content\/uploads\/2023\/03\/1-1.png 600w, https:\/\/mairiedebonnat.portesdelacreuseenmarche.fr\/mairiedebonnat-2023\/wp-content\/uploads\/2023\/03\/1-1-300x100.png 300w\" sizes=\"(max-width: 600px) 100vw, 600px\" \/>\t\t\t\t\t\t\t\t<\/a>\n\t\t\t\t\t\t\t\t\t\t\t\t\t\t\t<\/div>\n\t\t\t\t<\/div>\n\t\t\t\t<div class=\"elementor-element elementor-element-c401e10 elementor-widget elementor-widget-image\" data-id=\"c401e10\" data-element_type=\"widget\" data-e-type=\"widget\" data-widget_type=\"image.default\">\n\t\t\t\t<div class=\"elementor-widget-container\">\n\t\t\t\t\t\t\t\t\t\t\t\t\t\t\t\t<a href=\"https:\/\/mairiedebonnat.portesdelacreuseenmarche.fr\/mairiedebonnat-2023\/decisions-administratives\/\">\n\t\t\t\t\t\t\t<img loading=\"lazy\" decoding=\"async\" width=\"600\" height=\"200\" src=\"https:\/\/mairiedebonnat.portesdelacreuseenmarche.fr\/mairiedebonnat-2023\/wp-content\/uploads\/2023\/06\/Decisions-adm.jpg\" class=\"elementor-animation-shrink attachment-large size-large wp-image-4709\" alt=\"D\u00e9cisions adm\" srcset=\"https:\/\/mairiedebonnat.portesdelacreuseenmarche.fr\/mairiedebonnat-2023\/wp-content\/uploads\/2023\/06\/Decisions-adm.jpg 600w, https:\/\/mairiedebonnat.portesdelacreuseenmarche.fr\/mairiedebonnat-2023\/wp-content\/uploads\/2023\/06\/Decisions-adm-300x100.jpg 300w\" sizes=\"(max-width: 600px) 100vw, 600px\" \/>\t\t\t\t\t\t\t\t<\/a>\n\t\t\t\t\t\t\t\t\t\t\t\t\t\t\t<\/div>\n\t\t\t\t<\/div>\n\t\t\t\t<div class=\"elementor-element elementor-element-fdb6827 elementor-widget elementor-widget-image\" data-id=\"fdb6827\" data-element_type=\"widget\" data-e-type=\"widget\" data-widget_type=\"image.default\">\n\t\t\t\t<div class=\"elementor-widget-container\">\n\t\t\t\t\t\t\t\t\t\t\t\t\t\t\t\t<a href=\"http:\/\/mairiedebonnat.portesdelacreuseenmarche.fr\/mairiedebonnat-2023\/conseil-municipal\/\">\n\t\t\t\t\t\t\t<img loading=\"lazy\" decoding=\"async\" width=\"600\" height=\"200\" src=\"https:\/\/mairiedebonnat.portesdelacreuseenmarche.fr\/mairiedebonnat-2023\/wp-content\/uploads\/2023\/03\/4-3.png\" class=\"elementor-animation-shrink attachment-large size-large wp-image-846\" alt=\"4\" srcset=\"https:\/\/mairiedebonnat.portesdelacreuseenmarche.fr\/mairiedebonnat-2023\/wp-content\/uploads\/2023\/03\/4-3.png 600w, https:\/\/mairiedebonnat.portesdelacreuseenmarche.fr\/mairiedebonnat-2023\/wp-content\/uploads\/2023\/03\/4-3-300x100.png 300w\" sizes=\"(max-width: 600px) 100vw, 600px\" \/>\t\t\t\t\t\t\t\t<\/a>\n\t\t\t\t\t\t\t\t\t\t\t\t\t\t\t<\/div>\n\t\t\t\t<\/div>\n\t\t\t\t<div class=\"elementor-element elementor-element-2739d96 elementor-widget elementor-widget-image\" data-id=\"2739d96\" data-element_type=\"widget\" data-e-type=\"widget\" data-widget_type=\"image.default\">\n\t\t\t\t<div class=\"elementor-widget-container\">\n\t\t\t\t\t\t\t\t\t\t\t\t\t\t\t\t<a href=\"http:\/\/mairiedebonnat.portesdelacreuseenmarche.fr\/mairiedebonnat-2023\/la-bonnactu\/\">\n\t\t\t\t\t\t\t<img loading=\"lazy\" decoding=\"async\" width=\"600\" height=\"200\" src=\"https:\/\/mairiedebonnat.portesdelacreuseenmarche.fr\/mairiedebonnat-2023\/wp-content\/uploads\/2023\/03\/5-3.png\" class=\"elementor-animation-shrink attachment-large size-large wp-image-847\" alt=\"5\" srcset=\"https:\/\/mairiedebonnat.portesdelacreuseenmarche.fr\/mairiedebonnat-2023\/wp-content\/uploads\/2023\/03\/5-3.png 600w, https:\/\/mairiedebonnat.portesdelacreuseenmarche.fr\/mairiedebonnat-2023\/wp-content\/uploads\/2023\/03\/5-3-300x100.png 300w\" sizes=\"(max-width: 600px) 100vw, 600px\" \/>\t\t\t\t\t\t\t\t<\/a>\n\t\t\t\t\t\t\t\t\t\t\t\t\t\t\t<\/div>\n\t\t\t\t<\/div>\n\t\t\t\t<div class=\"elementor-element elementor-element-e0ee6fb elementor-widget elementor-widget-image\" data-id=\"e0ee6fb\" data-element_type=\"widget\" data-e-type=\"widget\" data-widget_type=\"image.default\">\n\t\t\t\t<div class=\"elementor-widget-container\">\n\t\t\t\t\t\t\t\t\t\t\t\t\t\t\t\t<a href=\"http:\/\/mairiedebonnat.portesdelacreuseenmarche.fr\/mairiedebonnat-2023\/les-bulletins-municipaux\/\">\n\t\t\t\t\t\t\t<img loading=\"lazy\" decoding=\"async\" width=\"600\" height=\"200\" src=\"https:\/\/mairiedebonnat.portesdelacreuseenmarche.fr\/mairiedebonnat-2023\/wp-content\/uploads\/2023\/06\/Sidebar-2-1.png\" class=\"elementor-animation-shrink attachment-large size-large wp-image-3540\" alt=\"Sidebar\" srcset=\"https:\/\/mairiedebonnat.portesdelacreuseenmarche.fr\/mairiedebonnat-2023\/wp-content\/uploads\/2023\/06\/Sidebar-2-1.png 600w, https:\/\/mairiedebonnat.portesdelacreuseenmarche.fr\/mairiedebonnat-2023\/wp-content\/uploads\/2023\/06\/Sidebar-2-1-300x100.png 300w\" sizes=\"(max-width: 600px) 100vw, 600px\" \/>\t\t\t\t\t\t\t\t<\/a>\n\t\t\t\t\t\t\t\t\t\t\t\t\t\t\t<\/div>\n\t\t\t\t<\/div>\n\t\t\t\t<div class=\"elementor-element elementor-element-6c692fe elementor-widget elementor-widget-image\" data-id=\"6c692fe\" data-element_type=\"widget\" data-e-type=\"widget\" data-widget_type=\"image.default\">\n\t\t\t\t<div class=\"elementor-widget-container\">\n\t\t\t\t\t\t\t\t\t\t\t\t\t\t\t\t<a href=\"https:\/\/mairiedebonnat.portesdelacreuseenmarche.fr\/mairiedebonnat-2023\/services-municipaux\/\">\n\t\t\t\t\t\t\t<img loading=\"lazy\" decoding=\"async\" width=\"600\" height=\"200\" src=\"https:\/\/mairiedebonnat.portesdelacreuseenmarche.fr\/mairiedebonnat-2023\/wp-content\/uploads\/2023\/03\/Sidebar-5-annuaire.png\" class=\"elementor-animation-shrink attachment-large size-large wp-image-1627\" alt=\"Sidebar 5 annuaire\" srcset=\"https:\/\/mairiedebonnat.portesdelacreuseenmarche.fr\/mairiedebonnat-2023\/wp-content\/uploads\/2023\/03\/Sidebar-5-annuaire.png 600w, https:\/\/mairiedebonnat.portesdelacreuseenmarche.fr\/mairiedebonnat-2023\/wp-content\/uploads\/2023\/03\/Sidebar-5-annuaire-300x100.png 300w\" sizes=\"(max-width: 600px) 100vw, 600px\" \/>\t\t\t\t\t\t\t\t<\/a>\n\t\t\t\t\t\t\t\t\t\t\t\t\t\t\t<\/div>\n\t\t\t\t<\/div>\n\t\t\t\t<div class=\"elementor-element elementor-element-3c3410a elementor-widget elementor-widget-spacer\" data-id=\"3c3410a\" data-element_type=\"widget\" data-e-type=\"widget\" data-widget_type=\"spacer.default\">\n\t\t\t\t<div class=\"elementor-widget-container\">\n\t\t\t\t\t\t\t<div class=\"elementor-spacer\">\n\t\t\t<div class=\"elementor-spacer-inner\"><\/div>\n\t\t<\/div>\n\t\t\t\t\t\t<\/div>\n\t\t\t\t<\/div>\n\t\t\t\t\t<\/div>\n\t\t<\/div>\n\t\t\t\t\t<\/div>\n\t\t<\/section>\n\t\t\t\t<\/div>\n\t\t","protected":false},"excerpt":{"rendered":"<p>O\u00d9 SE PROMENER \u2a20\u00a0\u00c0 pied Depuis mai 2015, un groupe de b\u00e9n\u00e9voles et d\u2019\u00e9lus travaille sur la conception d\u2019un r\u00e9seau intercommunal de randonn\u00e9e p\u00e9destre \u00e0 l\u2019\u00e9chelle intercommunale. L\u2019objectif du projet est de proposer des circuits ouverts \u00e0 tous (du promeneur occasionnel au marcheur confirm\u00e9), en d\u00e9veloppant un r\u00e9seau d\u2019itin\u00e9raires entretenus, am\u00e9nag\u00e9s et balis\u00e9s valorisant les&#8230;<\/p>\n","protected":false},"author":1,"featured_media":0,"parent":0,"menu_order":0,"comment_status":"closed","ping_status":"closed","template":"","meta":{"_kad_post_transparent":"default","_kad_post_title":"hide","_kad_post_layout":"fullwidth","_kad_post_sidebar_id":"","_kad_post_content_style":"unboxed","_kad_post_vertical_padding":"hide","_kad_post_feature":"hide","_kad_post_feature_position":"","_kad_post_header":false,"_kad_post_footer":false,"slim_seo":{"description":"Se promener sur les chemins de randonn\u00e9es autour de Bonnat","title":"\u00c0 pied - Commune de Bonnat"},"footnotes":""},"class_list":["post-10723","page","type-page","status-publish","hentry"],"_links":{"self":[{"href":"https:\/\/mairiedebonnat.portesdelacreuseenmarche.fr\/mairiedebonnat-2023\/wp-json\/wp\/v2\/pages\/10723","targetHints":{"allow":["GET"]}}],"collection":[{"href":"https:\/\/mairiedebonnat.portesdelacreuseenmarche.fr\/mairiedebonnat-2023\/wp-json\/wp\/v2\/pages"}],"about":[{"href":"https:\/\/mairiedebonnat.portesdelacreuseenmarche.fr\/mairiedebonnat-2023\/wp-json\/wp\/v2\/types\/page"}],"author":[{"embeddable":true,"href":"https:\/\/mairiedebonnat.portesdelacreuseenmarche.fr\/mairiedebonnat-2023\/wp-json\/wp\/v2\/users\/1"}],"replies":[{"embeddable":true,"href":"https:\/\/mairiedebonnat.portesdelacreuseenmarche.fr\/mairiedebonnat-2023\/wp-json\/wp\/v2\/comments?post=10723"}],"version-history":[{"count":63,"href":"https:\/\/mairiedebonnat.portesdelacreuseenmarche.fr\/mairiedebonnat-2023\/wp-json\/wp\/v2\/pages\/10723\/revisions"}],"predecessor-version":[{"id":19403,"href":"https:\/\/mairiedebonnat.portesdelacreuseenmarche.fr\/mairiedebonnat-2023\/wp-json\/wp\/v2\/pages\/10723\/revisions\/19403"}],"wp:attachment":[{"href":"https:\/\/mairiedebonnat.portesdelacreuseenmarche.fr\/mairiedebonnat-2023\/wp-json\/wp\/v2\/media?parent=10723"}],"curies":[{"name":"wp","href":"https:\/\/api.w.org\/{rel}","templated":true}]}}