{"id":10578,"date":"2023-10-17T10:41:55","date_gmt":"2023-10-17T08:41:55","guid":{"rendered":"https:\/\/mairiedebonnat.portesdelacreuseenmarche.fr\/mairiedebonnat-2023\/?page_id=10578"},"modified":"2024-07-09T14:26:41","modified_gmt":"2024-07-09T12:26:41","slug":"le-village-du-rateau","status":"publish","type":"page","link":"https:\/\/mairiedebonnat.portesdelacreuseenmarche.fr\/mairiedebonnat-2023\/le-village-du-rateau\/","title":{"rendered":"Le village du R\u00e2teau"},"content":{"rendered":"\t\t<div data-elementor-type=\"wp-page\" data-elementor-id=\"10578\" class=\"elementor elementor-10578\">\n\t\t\t\t\t\t<section class=\"elementor-section elementor-top-section elementor-element elementor-element-4735786 elementor-section-boxed elementor-section-height-default elementor-section-height-default\" data-id=\"4735786\" data-element_type=\"section\" data-e-type=\"section\">\n\t\t\t\t\t\t<div class=\"elementor-container elementor-column-gap-no\">\n\t\t\t\t\t<div class=\"elementor-column elementor-col-100 elementor-top-column elementor-element elementor-element-4b136db\" data-id=\"4b136db\" data-element_type=\"column\" data-e-type=\"column\">\n\t\t\t<div class=\"elementor-widget-wrap elementor-element-populated\">\n\t\t\t\t\t\t<div class=\"elementor-element elementor-element-e746ac0 elementor-widget elementor-widget-spacer\" data-id=\"e746ac0\" data-element_type=\"widget\" data-e-type=\"widget\" data-widget_type=\"spacer.default\">\n\t\t\t\t<div class=\"elementor-widget-container\">\n\t\t\t\t\t\t\t<div class=\"elementor-spacer\">\n\t\t\t<div class=\"elementor-spacer-inner\"><\/div>\n\t\t<\/div>\n\t\t\t\t\t\t<\/div>\n\t\t\t\t<\/div>\n\t\t\t\t<div class=\"elementor-element elementor-element-fa833a5 elementor-widget elementor-widget-text-editor\" data-id=\"fa833a5\" data-element_type=\"widget\" data-e-type=\"widget\" data-widget_type=\"text-editor.default\">\n\t\t\t\t<div class=\"elementor-widget-container\">\n\t\t\t\t\t\t\t\t\t<h1><a href=\"https:\/\/mairiedebonnat.portesdelacreuseenmarche.fr\/mairiedebonnat-2023\/patrimoine\/\">PATRIMOINE \u2a20\u00a0<\/a>Le village du R\u00e2teau<\/h1>\t\t\t\t\t\t\t\t<\/div>\n\t\t\t\t<\/div>\n\t\t\t\t<div class=\"elementor-element elementor-element-c7faba6 elementor-widget-divider--view-line elementor-widget elementor-widget-divider\" data-id=\"c7faba6\" data-element_type=\"widget\" data-e-type=\"widget\" data-widget_type=\"divider.default\">\n\t\t\t\t<div class=\"elementor-widget-container\">\n\t\t\t\t\t\t\t<div class=\"elementor-divider\">\n\t\t\t<span class=\"elementor-divider-separator\">\n\t\t\t\t\t\t<\/span>\n\t\t<\/div>\n\t\t\t\t\t\t<\/div>\n\t\t\t\t<\/div>\n\t\t\t\t<div class=\"elementor-element elementor-element-e174413 elementor-widget elementor-widget-spacer\" data-id=\"e174413\" data-element_type=\"widget\" data-e-type=\"widget\" data-widget_type=\"spacer.default\">\n\t\t\t\t<div class=\"elementor-widget-container\">\n\t\t\t\t\t\t\t<div class=\"elementor-spacer\">\n\t\t\t<div class=\"elementor-spacer-inner\"><\/div>\n\t\t<\/div>\n\t\t\t\t\t\t<\/div>\n\t\t\t\t<\/div>\n\t\t\t\t\t<\/div>\n\t\t<\/div>\n\t\t\t\t\t<\/div>\n\t\t<\/section>\n\t\t\t\t<section class=\"elementor-section elementor-top-section elementor-element elementor-element-9656f7b elementor-section-boxed elementor-section-height-default elementor-section-height-default\" data-id=\"9656f7b\" data-element_type=\"section\" data-e-type=\"section\">\n\t\t\t\t\t\t<div class=\"elementor-container elementor-column-gap-no\">\n\t\t\t\t\t<div class=\"elementor-column elementor-col-50 elementor-top-column elementor-element elementor-element-431f16b\" data-id=\"431f16b\" data-element_type=\"column\" data-e-type=\"column\">\n\t\t\t<div class=\"elementor-widget-wrap elementor-element-populated\">\n\t\t\t\t\t\t<section class=\"elementor-section elementor-inner-section elementor-element elementor-element-8076a87 elementor-section-boxed elementor-section-height-default elementor-section-height-default\" data-id=\"8076a87\" data-element_type=\"section\" data-e-type=\"section\">\n\t\t\t\t\t\t<div class=\"elementor-container elementor-column-gap-default\">\n\t\t\t\t\t<div class=\"elementor-column elementor-col-33 elementor-inner-column elementor-element elementor-element-a34d959\" data-id=\"a34d959\" data-element_type=\"column\" data-e-type=\"column\" data-settings=\"{&quot;background_background&quot;:&quot;gradient&quot;}\">\n\t\t\t<div class=\"elementor-widget-wrap elementor-element-populated\">\n\t\t\t\t\t\t<div class=\"elementor-element elementor-element-f47ce55 elementor-drop-cap-yes elementor-widget-tablet__width-initial elementor-widget-mobile__width-initial elementor-drop-cap-view-default elementor-widget elementor-widget-text-editor\" data-id=\"f47ce55\" data-element_type=\"widget\" data-e-type=\"widget\" data-settings=\"{&quot;drop_cap&quot;:&quot;yes&quot;}\" data-widget_type=\"text-editor.default\">\n\t\t\t\t<div class=\"elementor-widget-container\">\n\t\t\t\t\t\t\t\t\t<div class=\"x11i5rnm xat24cr x1mh8g0r x1vvkbs xtlvy1s x126k92a\"><div dir=\"auto\"><p>Le village du R\u00e2teau offre un <strong>point de vue<\/strong> sur le bourg de Bonnat domin\u00e9 par son \u00e9glise.<\/p><\/div><\/div>\t\t\t\t\t\t\t\t<\/div>\n\t\t\t\t<\/div>\n\t\t\t\t\t<\/div>\n\t\t<\/div>\n\t\t\t\t<div class=\"elementor-column elementor-col-33 elementor-inner-column elementor-element elementor-element-4c9e0e8\" data-id=\"4c9e0e8\" data-element_type=\"column\" data-e-type=\"column\">\n\t\t\t<div class=\"elementor-widget-wrap elementor-element-populated\">\n\t\t\t\t\t\t<div class=\"elementor-element elementor-element-18d9d61 elementor-widget elementor-widget-pp-scroll-image\" data-id=\"18d9d61\" data-element_type=\"widget\" data-e-type=\"widget\" data-settings=\"{&quot;trigger_type&quot;:&quot;hover&quot;,&quot;direction_type&quot;:&quot;vertical&quot;}\" data-widget_type=\"pp-scroll-image.default\">\n\t\t\t\t<div class=\"elementor-widget-container\">\n\t\t\t\t\t\t\t<div class=\"pp-image-scroll-wrap\">\n\t\t\t<div class=\"pp-image-scroll-container\">\n\t\t\t\t\t\t\t\t<div class=\"pp-image-scroll-image pp-image-scroll-vertical\">\n\t\t\t\t\t\t\t\t\t\t\t\t\t\t\t\n\t\t\t\t\t<img fetchpriority=\"high\" decoding=\"async\" width=\"1440\" height=\"804\" src=\"https:\/\/mairiedebonnat.portesdelacreuseenmarche.fr\/mairiedebonnat-2023\/wp-content\/uploads\/2023\/10\/Point-de-vue-remarquable-du-rateau_1-1-e1697536073220.jpg\" class=\"attachment-full size-full wp-image-10607\" alt=\"Point de vue remarquable du rateau\" srcset=\"https:\/\/mairiedebonnat.portesdelacreuseenmarche.fr\/mairiedebonnat-2023\/wp-content\/uploads\/2023\/10\/Point-de-vue-remarquable-du-rateau_1-1-e1697536073220.jpg 1440w, https:\/\/mairiedebonnat.portesdelacreuseenmarche.fr\/mairiedebonnat-2023\/wp-content\/uploads\/2023\/10\/Point-de-vue-remarquable-du-rateau_1-1-e1697536073220-300x168.jpg 300w, https:\/\/mairiedebonnat.portesdelacreuseenmarche.fr\/mairiedebonnat-2023\/wp-content\/uploads\/2023\/10\/Point-de-vue-remarquable-du-rateau_1-1-e1697536073220-1024x572.jpg 1024w, https:\/\/mairiedebonnat.portesdelacreuseenmarche.fr\/mairiedebonnat-2023\/wp-content\/uploads\/2023\/10\/Point-de-vue-remarquable-du-rateau_1-1-e1697536073220-768x429.jpg 768w\" sizes=\"(max-width: 1440px) 100vw, 1440px\" \/>\t\t\t\t<\/div>\n\t\t\t<\/div>\n\t\t<\/div>\n\t\t\t\t\t\t<\/div>\n\t\t\t\t<\/div>\n\t\t\t\t<div class=\"elementor-element elementor-element-37a9f91 elementor-widget elementor-widget-text-editor\" data-id=\"37a9f91\" data-element_type=\"widget\" data-e-type=\"widget\" data-widget_type=\"text-editor.default\">\n\t\t\t\t<div class=\"elementor-widget-container\">\n\t\t\t\t\t\t\t\t\t<p><em>Par <a href=\"https:\/\/www.tourisme-creuse.com\/offres\/point-de-vue-remarquable-du-rateau-bonnat-fr-3369558\/\" target=\"_blank\" rel=\"noopener\">tourisme-creuse.com<\/a><br \/><\/em><\/p>\t\t\t\t\t\t\t\t<\/div>\n\t\t\t\t<\/div>\n\t\t\t\t\t<\/div>\n\t\t<\/div>\n\t\t\t\t<div class=\"elementor-column elementor-col-33 elementor-inner-column elementor-element elementor-element-ed42c99\" data-id=\"ed42c99\" data-element_type=\"column\" data-e-type=\"column\">\n\t\t\t<div class=\"elementor-widget-wrap\">\n\t\t\t\t\t\t\t<\/div>\n\t\t<\/div>\n\t\t\t\t\t<\/div>\n\t\t<\/section>\n\t\t\t\t<section class=\"elementor-section elementor-inner-section elementor-element elementor-element-aa6e550 elementor-section-boxed elementor-section-height-default elementor-section-height-default\" data-id=\"aa6e550\" data-element_type=\"section\" data-e-type=\"section\">\n\t\t\t\t\t\t<div class=\"elementor-container elementor-column-gap-default\">\n\t\t\t\t\t<div class=\"elementor-column elementor-col-50 elementor-inner-column elementor-element elementor-element-84ad111\" data-id=\"84ad111\" data-element_type=\"column\" data-e-type=\"column\">\n\t\t\t<div class=\"elementor-widget-wrap elementor-element-populated\">\n\t\t\t\t\t\t<div class=\"elementor-element elementor-element-8b5a533 elementor-widget__width-initial elementor-widget-tablet__width-initial elementor-widget-mobile__width-initial elementor-widget elementor-widget-text-editor\" data-id=\"8b5a533\" data-element_type=\"widget\" data-e-type=\"widget\" data-widget_type=\"text-editor.default\">\n\t\t\t\t<div class=\"elementor-widget-container\">\n\t\t\t\t\t\t\t\t\t<p>D&rsquo;ici, on peut \u00e9galement apercevoir le bourg de Malval avec son \u00e9glise Sainte Val\u00e9rie du 12\u00e8me si\u00e8cle, class\u00e9e au titre des monuments historiques en 1912. Mais aussi, le village du Soudrin sur la commune de Linard, ainsi qu\u2019au loin les 9 \u00e9oliennes \u00e9rig\u00e9es sur les communes de Saint-Marien et Bussi\u00e8re-Saint-Georges. <br \/>On devine encore la Petite Creuse et ses m\u00e9andres.<\/p><h4>Source : <a href=\"https:\/\/www.tourisme-creuse.com\/offres\/point-de-vue-remarquable-du-rateau-bonnat-fr-3369558\/\" target=\"_blank\" rel=\"noopener\">tourisme-creuse.com<\/a><\/h4>\t\t\t\t\t\t\t\t<\/div>\n\t\t\t\t<\/div>\n\t\t\t\t\t<\/div>\n\t\t<\/div>\n\t\t\t\t<div class=\"elementor-column elementor-col-50 elementor-inner-column elementor-element elementor-element-4f87913\" data-id=\"4f87913\" data-element_type=\"column\" data-e-type=\"column\">\n\t\t\t<div class=\"elementor-widget-wrap\">\n\t\t\t\t\t\t\t<\/div>\n\t\t<\/div>\n\t\t\t\t\t<\/div>\n\t\t<\/section>\n\t\t\t\t<section class=\"elementor-section elementor-inner-section elementor-element elementor-element-7a830fa elementor-section-boxed elementor-section-height-default elementor-section-height-default\" data-id=\"7a830fa\" data-element_type=\"section\" data-e-type=\"section\">\n\t\t\t\t\t\t<div class=\"elementor-container elementor-column-gap-default\">\n\t\t\t\t\t<div class=\"elementor-column elementor-col-33 elementor-inner-column elementor-element elementor-element-5b8cd93\" data-id=\"5b8cd93\" data-element_type=\"column\" data-e-type=\"column\" data-settings=\"{&quot;background_background&quot;:&quot;gradient&quot;}\">\n\t\t\t<div class=\"elementor-widget-wrap elementor-element-populated\">\n\t\t\t\t\t\t<div class=\"elementor-element elementor-element-425327b elementor-widget elementor-widget-image\" data-id=\"425327b\" data-element_type=\"widget\" data-e-type=\"widget\" data-widget_type=\"image.default\">\n\t\t\t\t<div class=\"elementor-widget-container\">\n\t\t\t\t\t\t\t\t\t\t\t\t\t\t\t\t<a href=\"https:\/\/mairiedebonnat.portesdelacreuseenmarche.fr\/mairiedebonnat-2023\/wp-content\/uploads\/2023\/10\/chene-du-rateau.jpg\" data-elementor-open-lightbox=\"yes\" data-elementor-lightbox-title=\"chene du rateau\" data-e-action-hash=\"#elementor-action%3Aaction%3Dlightbox%26settings%3DeyJpZCI6MTA1ODYsInVybCI6Imh0dHBzOlwvXC9tYWlyaWVkZWJvbm5hdC5wb3J0ZXNkZWxhY3JldXNlZW5tYXJjaGUuZnJcL21haXJpZWRlYm9ubmF0LTIwMjNcL3dwLWNvbnRlbnRcL3VwbG9hZHNcLzIwMjNcLzEwXC9jaGVuZS1kdS1yYXRlYXUuanBnIn0%3D\">\n\t\t\t\t\t\t\t<img decoding=\"async\" width=\"1440\" height=\"1080\" src=\"https:\/\/mairiedebonnat.portesdelacreuseenmarche.fr\/mairiedebonnat-2023\/wp-content\/uploads\/2023\/10\/chene-du-rateau.jpg\" class=\"attachment-full size-full wp-image-10586\" alt=\"Chene du rateau\" srcset=\"https:\/\/mairiedebonnat.portesdelacreuseenmarche.fr\/mairiedebonnat-2023\/wp-content\/uploads\/2023\/10\/chene-du-rateau.jpg 1440w, https:\/\/mairiedebonnat.portesdelacreuseenmarche.fr\/mairiedebonnat-2023\/wp-content\/uploads\/2023\/10\/chene-du-rateau-300x225.jpg 300w, https:\/\/mairiedebonnat.portesdelacreuseenmarche.fr\/mairiedebonnat-2023\/wp-content\/uploads\/2023\/10\/chene-du-rateau-1024x768.jpg 1024w, https:\/\/mairiedebonnat.portesdelacreuseenmarche.fr\/mairiedebonnat-2023\/wp-content\/uploads\/2023\/10\/chene-du-rateau-768x576.jpg 768w\" sizes=\"(max-width: 1440px) 100vw, 1440px\" \/>\t\t\t\t\t\t\t\t<\/a>\n\t\t\t\t\t\t\t\t\t\t\t\t\t\t\t<\/div>\n\t\t\t\t<\/div>\n\t\t\t\t<div class=\"elementor-element elementor-element-eee5427 elementor-widget elementor-widget-text-editor\" data-id=\"eee5427\" data-element_type=\"widget\" data-e-type=\"widget\" data-widget_type=\"text-editor.default\">\n\t\t\t\t<div class=\"elementor-widget-container\">\n\t\t\t\t\t\t\t\t\t<p><em>Par <a href=\"https:\/\/www.tourisme-creuse.com\/offres\/chene-remarquable-du-bois-rateau-bonnat-fr-3369557\/\" target=\"_blank\" rel=\"noopener\">tourisme-creuse.com<\/a><br \/><\/em><\/p>\t\t\t\t\t\t\t\t<\/div>\n\t\t\t\t<\/div>\n\t\t\t\t<div class=\"elementor-element elementor-element-b87e1e7 elementor-widget__width-initial elementor-widget-tablet__width-initial elementor-widget-mobile__width-initial elementor-widget elementor-widget-text-editor\" data-id=\"b87e1e7\" data-element_type=\"widget\" data-e-type=\"widget\" data-widget_type=\"text-editor.default\">\n\t\t\t\t<div class=\"elementor-widget-container\">\n\t\t\t\t\t\t\t\t\t<p>Dans le bois du R\u00e2teau, se trouve ce magnifique <strong>ch\u00eane<\/strong>, <strong>plusieurs fois centenaire<\/strong>, qui est inscrit sur les cartes d\u2019\u00e9tat-major de l\u2019arm\u00e9e.<\/p><h4>Source : <a href=\"https:\/\/www.tourisme-creuse.com\/offres\/chene-remarquable-du-bois-rateau-bonnat-fr-3369557\/\" target=\"_blank\" rel=\"noopener\">tourisme-creuse.com<\/a><\/h4>\t\t\t\t\t\t\t\t<\/div>\n\t\t\t\t<\/div>\n\t\t\t\t\t<\/div>\n\t\t<\/div>\n\t\t\t\t<div class=\"elementor-column elementor-col-33 elementor-inner-column elementor-element elementor-element-d78098b\" data-id=\"d78098b\" data-element_type=\"column\" data-e-type=\"column\">\n\t\t\t<div class=\"elementor-widget-wrap elementor-element-populated\">\n\t\t\t\t\t\t<div class=\"elementor-element elementor-element-664bfc3 elementor-widget__width-initial elementor-widget-tablet__width-initial elementor-widget-mobile__width-initial elementor-widget elementor-widget-text-editor\" data-id=\"664bfc3\" data-element_type=\"widget\" data-e-type=\"widget\" data-widget_type=\"text-editor.default\">\n\t\t\t\t<div class=\"elementor-widget-container\">\n\t\t\t\t\t\t\t\t\t<p><em><strong>Un peu d&rsquo;Histoire&#8230;<\/strong><\/em><\/p><p>Le village du R\u00e2teau a jou\u00e9 un r\u00f4le important pendant la r\u00e9sistance.<\/p><p>Son ch\u00e2teau (propri\u00e9t\u00e9 priv\u00e9e) \u00e9tait alors le lieu de rassemblement et de formation de diff\u00e9rents groupes constituant, avec son chef le capitaine <a href=\"https:\/\/mairiedebonnat.portesdelacreuseenmarche.fr\/mairiedebonnat-2023\/roger-biton-enfant-du-pays\/\"><strong>Roger BITON<\/strong><\/a> (un enfant du pays), la 2\u00e8me Compagnie Franche des Corps Francs de la Lib\u00e9ration.<\/p><p>Cette compagnie, avec l\u2019aide de l\u2019arm\u00e9e secr\u00e8te constitu\u00e9e par son chef de secteur <a href=\"https:\/\/mairiedebonnat.portesdelacreuseenmarche.fr\/mairiedebonnat-2023\/charles-chareille-le-tonton-des-moulins\/\"><strong>Charles CHAREILLE<\/strong><\/a>, a obtenu la reddition de la kommandantur qui occupait alors l\u2019H\u00f4tel Saint Fran\u00e7ois \u00e0 Gu\u00e9ret.<\/p><p>Le <em>samedi 13 octobre 2001<\/em>, une <strong>plaque en souvenir de la 2\u00e8me Compagnie Franche et son chef Roger BITON<\/strong> a \u00e9t\u00e9 d\u00e9voil\u00e9e sur le mur de la grange du ch\u00e2teau.<br \/>Elle est visible de la route.<\/p>\t\t\t\t\t\t\t\t<\/div>\n\t\t\t\t<\/div>\n\t\t\t\t\t<\/div>\n\t\t<\/div>\n\t\t\t\t<div class=\"elementor-column elementor-col-33 elementor-inner-column elementor-element elementor-element-20ce6df\" data-id=\"20ce6df\" data-element_type=\"column\" data-e-type=\"column\">\n\t\t\t<div class=\"elementor-widget-wrap\">\n\t\t\t\t\t\t\t<\/div>\n\t\t<\/div>\n\t\t\t\t\t<\/div>\n\t\t<\/section>\n\t\t\t\t<section class=\"elementor-section elementor-inner-section elementor-element elementor-element-211663d elementor-section-boxed elementor-section-height-default elementor-section-height-default\" data-id=\"211663d\" data-element_type=\"section\" data-e-type=\"section\">\n\t\t\t\t\t\t<div class=\"elementor-container elementor-column-gap-default\">\n\t\t\t\t\t<div class=\"elementor-column elementor-col-50 elementor-inner-column elementor-element elementor-element-0d5b784\" data-id=\"0d5b784\" data-element_type=\"column\" data-e-type=\"column\">\n\t\t\t<div class=\"elementor-widget-wrap\">\n\t\t\t\t\t\t\t<\/div>\n\t\t<\/div>\n\t\t\t\t<div class=\"elementor-column elementor-col-50 elementor-inner-column elementor-element elementor-element-58e5e19\" data-id=\"58e5e19\" data-element_type=\"column\" data-e-type=\"column\">\n\t\t\t<div class=\"elementor-widget-wrap\">\n\t\t\t\t\t\t\t<\/div>\n\t\t<\/div>\n\t\t\t\t\t<\/div>\n\t\t<\/section>\n\t\t\t\t<div class=\"elementor-element elementor-element-e1c8678 elementor-widget elementor-widget-spacer\" data-id=\"e1c8678\" data-element_type=\"widget\" data-e-type=\"widget\" data-widget_type=\"spacer.default\">\n\t\t\t\t<div class=\"elementor-widget-container\">\n\t\t\t\t\t\t\t<div class=\"elementor-spacer\">\n\t\t\t<div class=\"elementor-spacer-inner\"><\/div>\n\t\t<\/div>\n\t\t\t\t\t\t<\/div>\n\t\t\t\t<\/div>\n\t\t\t\t\t<\/div>\n\t\t<\/div>\n\t\t\t\t<div class=\"elementor-column elementor-col-50 elementor-top-column elementor-element elementor-element-4076c17\" data-id=\"4076c17\" data-element_type=\"column\" data-e-type=\"column\" data-settings=\"{&quot;background_background&quot;:&quot;gradient&quot;}\">\n\t\t\t<div class=\"elementor-widget-wrap elementor-element-populated\">\n\t\t\t\t\t\t<div class=\"elementor-element elementor-element-1a72b06 elementor-widget elementor-widget-image\" data-id=\"1a72b06\" data-element_type=\"widget\" data-e-type=\"widget\" data-widget_type=\"image.default\">\n\t\t\t\t<div class=\"elementor-widget-container\">\n\t\t\t\t\t\t\t\t\t\t\t\t\t\t\t\t<a href=\"http:\/\/mairiedebonnat.portesdelacreuseenmarche.fr\/mairiedebonnat-2023\/agenda-sorties\/\">\n\t\t\t\t\t\t\t<img decoding=\"async\" width=\"600\" height=\"200\" src=\"https:\/\/mairiedebonnat.portesdelacreuseenmarche.fr\/mairiedebonnat-2023\/wp-content\/uploads\/2023\/03\/Sidebar-Agenda-1.png\" class=\"elementor-animation-shrink attachment-large size-large wp-image-1188\" alt=\"Sidebar Agenda\" srcset=\"https:\/\/mairiedebonnat.portesdelacreuseenmarche.fr\/mairiedebonnat-2023\/wp-content\/uploads\/2023\/03\/Sidebar-Agenda-1.png 600w, https:\/\/mairiedebonnat.portesdelacreuseenmarche.fr\/mairiedebonnat-2023\/wp-content\/uploads\/2023\/03\/Sidebar-Agenda-1-300x100.png 300w\" sizes=\"(max-width: 600px) 100vw, 600px\" \/>\t\t\t\t\t\t\t\t<\/a>\n\t\t\t\t\t\t\t\t\t\t\t\t\t\t\t<\/div>\n\t\t\t\t<\/div>\n\t\t\t\t<div class=\"elementor-element elementor-element-5b9caea elementor-widget elementor-widget-image\" data-id=\"5b9caea\" data-element_type=\"widget\" data-e-type=\"widget\" data-widget_type=\"image.default\">\n\t\t\t\t<div class=\"elementor-widget-container\">\n\t\t\t\t\t\t\t\t\t\t\t\t\t\t\t\t<a href=\"http:\/\/mairiedebonnat.portesdelacreuseenmarche.fr\/mairiedebonnat-2023\/demarches\/\">\n\t\t\t\t\t\t\t<img loading=\"lazy\" decoding=\"async\" width=\"600\" height=\"200\" src=\"https:\/\/mairiedebonnat.portesdelacreuseenmarche.fr\/mairiedebonnat-2023\/wp-content\/uploads\/2023\/03\/1-1.png\" class=\"elementor-animation-shrink attachment-large size-large wp-image-843\" alt=\"1\" srcset=\"https:\/\/mairiedebonnat.portesdelacreuseenmarche.fr\/mairiedebonnat-2023\/wp-content\/uploads\/2023\/03\/1-1.png 600w, https:\/\/mairiedebonnat.portesdelacreuseenmarche.fr\/mairiedebonnat-2023\/wp-content\/uploads\/2023\/03\/1-1-300x100.png 300w\" sizes=\"(max-width: 600px) 100vw, 600px\" \/>\t\t\t\t\t\t\t\t<\/a>\n\t\t\t\t\t\t\t\t\t\t\t\t\t\t\t<\/div>\n\t\t\t\t<\/div>\n\t\t\t\t<div class=\"elementor-element elementor-element-c401e10 elementor-widget elementor-widget-image\" data-id=\"c401e10\" data-element_type=\"widget\" data-e-type=\"widget\" data-widget_type=\"image.default\">\n\t\t\t\t<div class=\"elementor-widget-container\">\n\t\t\t\t\t\t\t\t\t\t\t\t\t\t\t\t<a href=\"https:\/\/mairiedebonnat.portesdelacreuseenmarche.fr\/mairiedebonnat-2023\/decisions-administratives\/\">\n\t\t\t\t\t\t\t<img loading=\"lazy\" decoding=\"async\" width=\"600\" height=\"200\" src=\"https:\/\/mairiedebonnat.portesdelacreuseenmarche.fr\/mairiedebonnat-2023\/wp-content\/uploads\/2023\/06\/Decisions-adm.jpg\" class=\"elementor-animation-shrink attachment-large size-large wp-image-4709\" alt=\"D\u00e9cisions adm\" srcset=\"https:\/\/mairiedebonnat.portesdelacreuseenmarche.fr\/mairiedebonnat-2023\/wp-content\/uploads\/2023\/06\/Decisions-adm.jpg 600w, https:\/\/mairiedebonnat.portesdelacreuseenmarche.fr\/mairiedebonnat-2023\/wp-content\/uploads\/2023\/06\/Decisions-adm-300x100.jpg 300w\" sizes=\"(max-width: 600px) 100vw, 600px\" \/>\t\t\t\t\t\t\t\t<\/a>\n\t\t\t\t\t\t\t\t\t\t\t\t\t\t\t<\/div>\n\t\t\t\t<\/div>\n\t\t\t\t<div class=\"elementor-element elementor-element-fdb6827 elementor-widget elementor-widget-image\" data-id=\"fdb6827\" data-element_type=\"widget\" data-e-type=\"widget\" data-widget_type=\"image.default\">\n\t\t\t\t<div class=\"elementor-widget-container\">\n\t\t\t\t\t\t\t\t\t\t\t\t\t\t\t\t<a href=\"http:\/\/mairiedebonnat.portesdelacreuseenmarche.fr\/mairiedebonnat-2023\/conseil-municipal\/\">\n\t\t\t\t\t\t\t<img loading=\"lazy\" decoding=\"async\" width=\"600\" height=\"200\" src=\"https:\/\/mairiedebonnat.portesdelacreuseenmarche.fr\/mairiedebonnat-2023\/wp-content\/uploads\/2023\/03\/4-3.png\" class=\"elementor-animation-shrink attachment-large size-large wp-image-846\" alt=\"4\" srcset=\"https:\/\/mairiedebonnat.portesdelacreuseenmarche.fr\/mairiedebonnat-2023\/wp-content\/uploads\/2023\/03\/4-3.png 600w, https:\/\/mairiedebonnat.portesdelacreuseenmarche.fr\/mairiedebonnat-2023\/wp-content\/uploads\/2023\/03\/4-3-300x100.png 300w\" sizes=\"(max-width: 600px) 100vw, 600px\" \/>\t\t\t\t\t\t\t\t<\/a>\n\t\t\t\t\t\t\t\t\t\t\t\t\t\t\t<\/div>\n\t\t\t\t<\/div>\n\t\t\t\t<div class=\"elementor-element elementor-element-2739d96 elementor-widget elementor-widget-image\" data-id=\"2739d96\" data-element_type=\"widget\" data-e-type=\"widget\" data-widget_type=\"image.default\">\n\t\t\t\t<div class=\"elementor-widget-container\">\n\t\t\t\t\t\t\t\t\t\t\t\t\t\t\t\t<a href=\"http:\/\/mairiedebonnat.portesdelacreuseenmarche.fr\/mairiedebonnat-2023\/la-bonnactu\/\">\n\t\t\t\t\t\t\t<img loading=\"lazy\" decoding=\"async\" width=\"600\" height=\"200\" src=\"https:\/\/mairiedebonnat.portesdelacreuseenmarche.fr\/mairiedebonnat-2023\/wp-content\/uploads\/2023\/03\/5-3.png\" class=\"elementor-animation-shrink attachment-large size-large wp-image-847\" alt=\"5\" srcset=\"https:\/\/mairiedebonnat.portesdelacreuseenmarche.fr\/mairiedebonnat-2023\/wp-content\/uploads\/2023\/03\/5-3.png 600w, https:\/\/mairiedebonnat.portesdelacreuseenmarche.fr\/mairiedebonnat-2023\/wp-content\/uploads\/2023\/03\/5-3-300x100.png 300w\" sizes=\"(max-width: 600px) 100vw, 600px\" \/>\t\t\t\t\t\t\t\t<\/a>\n\t\t\t\t\t\t\t\t\t\t\t\t\t\t\t<\/div>\n\t\t\t\t<\/div>\n\t\t\t\t<div class=\"elementor-element elementor-element-e0ee6fb elementor-widget elementor-widget-image\" data-id=\"e0ee6fb\" data-element_type=\"widget\" data-e-type=\"widget\" data-widget_type=\"image.default\">\n\t\t\t\t<div class=\"elementor-widget-container\">\n\t\t\t\t\t\t\t\t\t\t\t\t\t\t\t\t<a href=\"http:\/\/mairiedebonnat.portesdelacreuseenmarche.fr\/mairiedebonnat-2023\/les-bulletins-municipaux\/\">\n\t\t\t\t\t\t\t<img loading=\"lazy\" decoding=\"async\" width=\"600\" height=\"200\" src=\"https:\/\/mairiedebonnat.portesdelacreuseenmarche.fr\/mairiedebonnat-2023\/wp-content\/uploads\/2023\/06\/Sidebar-2-1.png\" class=\"elementor-animation-shrink attachment-large size-large wp-image-3540\" alt=\"Sidebar\" srcset=\"https:\/\/mairiedebonnat.portesdelacreuseenmarche.fr\/mairiedebonnat-2023\/wp-content\/uploads\/2023\/06\/Sidebar-2-1.png 600w, https:\/\/mairiedebonnat.portesdelacreuseenmarche.fr\/mairiedebonnat-2023\/wp-content\/uploads\/2023\/06\/Sidebar-2-1-300x100.png 300w\" sizes=\"(max-width: 600px) 100vw, 600px\" \/>\t\t\t\t\t\t\t\t<\/a>\n\t\t\t\t\t\t\t\t\t\t\t\t\t\t\t<\/div>\n\t\t\t\t<\/div>\n\t\t\t\t<div class=\"elementor-element elementor-element-6c692fe elementor-widget elementor-widget-image\" data-id=\"6c692fe\" data-element_type=\"widget\" data-e-type=\"widget\" data-widget_type=\"image.default\">\n\t\t\t\t<div class=\"elementor-widget-container\">\n\t\t\t\t\t\t\t\t\t\t\t\t\t\t\t\t<a href=\"https:\/\/mairiedebonnat.portesdelacreuseenmarche.fr\/mairiedebonnat-2023\/services-municipaux\/\">\n\t\t\t\t\t\t\t<img loading=\"lazy\" decoding=\"async\" width=\"600\" height=\"200\" src=\"https:\/\/mairiedebonnat.portesdelacreuseenmarche.fr\/mairiedebonnat-2023\/wp-content\/uploads\/2023\/03\/Sidebar-5-annuaire.png\" class=\"elementor-animation-shrink attachment-large size-large wp-image-1627\" alt=\"Sidebar 5 annuaire\" srcset=\"https:\/\/mairiedebonnat.portesdelacreuseenmarche.fr\/mairiedebonnat-2023\/wp-content\/uploads\/2023\/03\/Sidebar-5-annuaire.png 600w, https:\/\/mairiedebonnat.portesdelacreuseenmarche.fr\/mairiedebonnat-2023\/wp-content\/uploads\/2023\/03\/Sidebar-5-annuaire-300x100.png 300w\" sizes=\"(max-width: 600px) 100vw, 600px\" \/>\t\t\t\t\t\t\t\t<\/a>\n\t\t\t\t\t\t\t\t\t\t\t\t\t\t\t<\/div>\n\t\t\t\t<\/div>\n\t\t\t\t<div class=\"elementor-element elementor-element-3c3410a elementor-widget elementor-widget-spacer\" data-id=\"3c3410a\" data-element_type=\"widget\" data-e-type=\"widget\" data-widget_type=\"spacer.default\">\n\t\t\t\t<div class=\"elementor-widget-container\">\n\t\t\t\t\t\t\t<div class=\"elementor-spacer\">\n\t\t\t<div class=\"elementor-spacer-inner\"><\/div>\n\t\t<\/div>\n\t\t\t\t\t\t<\/div>\n\t\t\t\t<\/div>\n\t\t\t\t\t<\/div>\n\t\t<\/div>\n\t\t\t\t\t<\/div>\n\t\t<\/section>\n\t\t\t\t<\/div>\n\t\t","protected":false},"excerpt":{"rendered":"<p>PATRIMOINE \u2a20\u00a0Le village du R\u00e2teau Le village du R\u00e2teau offre un point de vue sur le bourg de Bonnat domin\u00e9 par son \u00e9glise. Par tourisme-creuse.com D&rsquo;ici, on peut \u00e9galement apercevoir le bourg de Malval avec son \u00e9glise Sainte Val\u00e9rie du 12\u00e8me si\u00e8cle, class\u00e9e au titre des monuments historiques en 1912. Mais aussi, le village du&#8230;<\/p>\n","protected":false},"author":1,"featured_media":10607,"parent":0,"menu_order":0,"comment_status":"closed","ping_status":"closed","template":"","meta":{"_kad_post_transparent":"default","_kad_post_title":"hide","_kad_post_layout":"fullwidth","_kad_post_sidebar_id":"","_kad_post_content_style":"unboxed","_kad_post_vertical_padding":"hide","_kad_post_feature":"hide","_kad_post_feature_position":"","_kad_post_header":false,"_kad_post_footer":false,"slim_seo":{"title":"Le village du R\u00e2teau - Commune de Bonnat","description":"PATRIMOINE \u2a20\u00a0 Le village du R\u00e2teau Le village du R\u00e2teau offre un point de vue sur le bourg de Bonnat domin\u00e9 par son \u00e9glise. Par tourisme-creuse.com D'ici, on pe"},"footnotes":""},"class_list":["post-10578","page","type-page","status-publish","has-post-thumbnail","hentry"],"_links":{"self":[{"href":"https:\/\/mairiedebonnat.portesdelacreuseenmarche.fr\/mairiedebonnat-2023\/wp-json\/wp\/v2\/pages\/10578","targetHints":{"allow":["GET"]}}],"collection":[{"href":"https:\/\/mairiedebonnat.portesdelacreuseenmarche.fr\/mairiedebonnat-2023\/wp-json\/wp\/v2\/pages"}],"about":[{"href":"https:\/\/mairiedebonnat.portesdelacreuseenmarche.fr\/mairiedebonnat-2023\/wp-json\/wp\/v2\/types\/page"}],"author":[{"embeddable":true,"href":"https:\/\/mairiedebonnat.portesdelacreuseenmarche.fr\/mairiedebonnat-2023\/wp-json\/wp\/v2\/users\/1"}],"replies":[{"embeddable":true,"href":"https:\/\/mairiedebonnat.portesdelacreuseenmarche.fr\/mairiedebonnat-2023\/wp-json\/wp\/v2\/comments?post=10578"}],"version-history":[{"count":47,"href":"https:\/\/mairiedebonnat.portesdelacreuseenmarche.fr\/mairiedebonnat-2023\/wp-json\/wp\/v2\/pages\/10578\/revisions"}],"predecessor-version":[{"id":21405,"href":"https:\/\/mairiedebonnat.portesdelacreuseenmarche.fr\/mairiedebonnat-2023\/wp-json\/wp\/v2\/pages\/10578\/revisions\/21405"}],"wp:featuredmedia":[{"embeddable":true,"href":"https:\/\/mairiedebonnat.portesdelacreuseenmarche.fr\/mairiedebonnat-2023\/wp-json\/wp\/v2\/media\/10607"}],"wp:attachment":[{"href":"https:\/\/mairiedebonnat.portesdelacreuseenmarche.fr\/mairiedebonnat-2023\/wp-json\/wp\/v2\/media?parent=10578"}],"curies":[{"name":"wp","href":"https:\/\/api.w.org\/{rel}","templated":true}]}}