{"id":10487,"date":"2023-10-16T15:34:14","date_gmt":"2023-10-16T13:34:14","guid":{"rendered":"https:\/\/mairiedebonnat.portesdelacreuseenmarche.fr\/mairiedebonnat-2023\/?page_id=10487"},"modified":"2024-07-09T14:10:39","modified_gmt":"2024-07-09T12:10:39","slug":"leglise-saint-sylvain","status":"publish","type":"page","link":"https:\/\/mairiedebonnat.portesdelacreuseenmarche.fr\/mairiedebonnat-2023\/leglise-saint-sylvain\/","title":{"rendered":"L&rsquo;\u00e9glise Saint-Sylvain"},"content":{"rendered":"\t\t<div data-elementor-type=\"wp-page\" data-elementor-id=\"10487\" class=\"elementor elementor-10487\">\n\t\t\t\t\t\t<section class=\"elementor-section elementor-top-section elementor-element elementor-element-4735786 elementor-section-boxed elementor-section-height-default elementor-section-height-default\" data-id=\"4735786\" data-element_type=\"section\" data-e-type=\"section\">\n\t\t\t\t\t\t<div class=\"elementor-container elementor-column-gap-no\">\n\t\t\t\t\t<div class=\"elementor-column elementor-col-100 elementor-top-column elementor-element elementor-element-4b136db\" data-id=\"4b136db\" data-element_type=\"column\" data-e-type=\"column\">\n\t\t\t<div class=\"elementor-widget-wrap elementor-element-populated\">\n\t\t\t\t\t\t<div class=\"elementor-element elementor-element-e746ac0 elementor-widget elementor-widget-spacer\" data-id=\"e746ac0\" data-element_type=\"widget\" data-e-type=\"widget\" data-widget_type=\"spacer.default\">\n\t\t\t\t<div class=\"elementor-widget-container\">\n\t\t\t\t\t\t\t<div class=\"elementor-spacer\">\n\t\t\t<div class=\"elementor-spacer-inner\"><\/div>\n\t\t<\/div>\n\t\t\t\t\t\t<\/div>\n\t\t\t\t<\/div>\n\t\t\t\t<div class=\"elementor-element elementor-element-fa833a5 elementor-widget elementor-widget-text-editor\" data-id=\"fa833a5\" data-element_type=\"widget\" data-e-type=\"widget\" data-widget_type=\"text-editor.default\">\n\t\t\t\t<div class=\"elementor-widget-container\">\n\t\t\t\t\t\t\t\t\t<h1><a href=\"https:\/\/mairiedebonnat.portesdelacreuseenmarche.fr\/mairiedebonnat-2023\/patrimoine\/\">PATRIMOINE \u2a20<\/a> L&rsquo;\u00e9glise Saint-Sylvain<\/h1>\t\t\t\t\t\t\t\t<\/div>\n\t\t\t\t<\/div>\n\t\t\t\t<div class=\"elementor-element elementor-element-c7faba6 elementor-widget-divider--view-line elementor-widget elementor-widget-divider\" data-id=\"c7faba6\" data-element_type=\"widget\" data-e-type=\"widget\" data-widget_type=\"divider.default\">\n\t\t\t\t<div class=\"elementor-widget-container\">\n\t\t\t\t\t\t\t<div class=\"elementor-divider\">\n\t\t\t<span class=\"elementor-divider-separator\">\n\t\t\t\t\t\t<\/span>\n\t\t<\/div>\n\t\t\t\t\t\t<\/div>\n\t\t\t\t<\/div>\n\t\t\t\t<div class=\"elementor-element elementor-element-e174413 elementor-widget elementor-widget-spacer\" data-id=\"e174413\" data-element_type=\"widget\" data-e-type=\"widget\" data-widget_type=\"spacer.default\">\n\t\t\t\t<div class=\"elementor-widget-container\">\n\t\t\t\t\t\t\t<div class=\"elementor-spacer\">\n\t\t\t<div class=\"elementor-spacer-inner\"><\/div>\n\t\t<\/div>\n\t\t\t\t\t\t<\/div>\n\t\t\t\t<\/div>\n\t\t\t\t\t<\/div>\n\t\t<\/div>\n\t\t\t\t\t<\/div>\n\t\t<\/section>\n\t\t\t\t<section class=\"elementor-section elementor-top-section elementor-element elementor-element-9656f7b elementor-section-boxed elementor-section-height-default elementor-section-height-default\" data-id=\"9656f7b\" data-element_type=\"section\" data-e-type=\"section\">\n\t\t\t\t\t\t<div class=\"elementor-container elementor-column-gap-no\">\n\t\t\t\t\t<div class=\"elementor-column elementor-col-50 elementor-top-column elementor-element elementor-element-431f16b\" data-id=\"431f16b\" data-element_type=\"column\" data-e-type=\"column\">\n\t\t\t<div class=\"elementor-widget-wrap elementor-element-populated\">\n\t\t\t\t\t\t<section class=\"elementor-section elementor-inner-section elementor-element elementor-element-8076a87 elementor-section-boxed elementor-section-height-default elementor-section-height-default\" data-id=\"8076a87\" data-element_type=\"section\" data-e-type=\"section\">\n\t\t\t\t\t\t<div class=\"elementor-container elementor-column-gap-default\">\n\t\t\t\t\t<div class=\"elementor-column elementor-col-33 elementor-inner-column elementor-element elementor-element-a34d959\" data-id=\"a34d959\" data-element_type=\"column\" data-e-type=\"column\" data-settings=\"{&quot;background_background&quot;:&quot;gradient&quot;}\">\n\t\t\t<div class=\"elementor-widget-wrap elementor-element-populated\">\n\t\t\t\t\t\t<div class=\"elementor-element elementor-element-a709b8e elementor-drop-cap-yes elementor-drop-cap-view-default elementor-widget elementor-widget-text-editor\" data-id=\"a709b8e\" data-element_type=\"widget\" data-e-type=\"widget\" data-settings=\"{&quot;drop_cap&quot;:&quot;yes&quot;}\" data-widget_type=\"text-editor.default\">\n\t\t\t\t<div class=\"elementor-widget-container\">\n\t\t\t\t\t\t\t\t\t<div class=\"x11i5rnm xat24cr x1mh8g0r x1vvkbs xtlvy1s x126k92a\"><div dir=\"auto\"><p>\u00c9glise d\u00e9di\u00e9e \u00e0 <strong>Saint Sylvain<\/strong>, dont le <strong><a href=\"https:\/\/mairiedebonnat.portesdelacreuseenmarche.fr\/mairiedebonnat-2023\/la-fontaine-saint-sylvain\/\">culte est li\u00e9 \u00e0 la protection des enfants<\/a><\/strong>, son \u00e9dification remonte \u00e0 la <em>fin du XIII\u00e8me si\u00e8cle<\/em>.<\/p><p>Lors de la <em>Guerre de 100 ans<\/em>, elle a \u00e9t\u00e9 fortifi\u00e9e et occup\u00e9e par des gens d\u2019armes en 1448 et 1449 afin de repousser les assauts des anglais. Aujourd\u2019hui les cr\u00e9neaux construits pour sa d\u00e9fense sont encore visibles.<\/p><h4>Source : <a href=\"https:\/\/www.tourisme-creuse.com\/offres\/eglise-saint-sylvain-bonnat-bonnat-fr-2632449\/\" target=\"_blank\" rel=\"noopener\">tourisme-creuse.com<\/a><\/h4><\/div><\/div>\t\t\t\t\t\t\t\t<\/div>\n\t\t\t\t<\/div>\n\t\t\t\t\t<\/div>\n\t\t<\/div>\n\t\t\t\t<div class=\"elementor-column elementor-col-33 elementor-inner-column elementor-element elementor-element-4c9e0e8\" data-id=\"4c9e0e8\" data-element_type=\"column\" data-e-type=\"column\">\n\t\t\t<div class=\"elementor-widget-wrap elementor-element-populated\">\n\t\t\t\t\t\t<div class=\"elementor-element elementor-element-9583650 elementor-widget elementor-widget-pp-scroll-image\" data-id=\"9583650\" data-element_type=\"widget\" data-e-type=\"widget\" data-settings=\"{&quot;trigger_type&quot;:&quot;hover&quot;,&quot;direction_type&quot;:&quot;vertical&quot;}\" data-widget_type=\"pp-scroll-image.default\">\n\t\t\t\t<div class=\"elementor-widget-container\">\n\t\t\t\t\t\t\t<div class=\"pp-image-scroll-wrap\">\n\t\t\t<div class=\"pp-image-scroll-container\">\n\t\t\t\t\t\t\t\t<div class=\"pp-image-scroll-image pp-image-scroll-vertical\">\n\t\t\t\t\t\t\t\t\t\t\t\t\t\t\t\n\t\t\t\t\t<img fetchpriority=\"high\" decoding=\"async\" width=\"1179\" height=\"1609\" src=\"https:\/\/mairiedebonnat.portesdelacreuseenmarche.fr\/mairiedebonnat-2023\/wp-content\/uploads\/2024\/02\/IMG_20230602_115308_1-scaled-e1707232363622.jpg\" class=\"attachment-full size-full wp-image-15160\" alt=\"IMG 20230602 115308\" srcset=\"https:\/\/mairiedebonnat.portesdelacreuseenmarche.fr\/mairiedebonnat-2023\/wp-content\/uploads\/2024\/02\/IMG_20230602_115308_1-scaled-e1707232363622.jpg 1179w, https:\/\/mairiedebonnat.portesdelacreuseenmarche.fr\/mairiedebonnat-2023\/wp-content\/uploads\/2024\/02\/IMG_20230602_115308_1-scaled-e1707232363622-220x300.jpg 220w, https:\/\/mairiedebonnat.portesdelacreuseenmarche.fr\/mairiedebonnat-2023\/wp-content\/uploads\/2024\/02\/IMG_20230602_115308_1-scaled-e1707232363622-750x1024.jpg 750w, https:\/\/mairiedebonnat.portesdelacreuseenmarche.fr\/mairiedebonnat-2023\/wp-content\/uploads\/2024\/02\/IMG_20230602_115308_1-scaled-e1707232363622-768x1048.jpg 768w, https:\/\/mairiedebonnat.portesdelacreuseenmarche.fr\/mairiedebonnat-2023\/wp-content\/uploads\/2024\/02\/IMG_20230602_115308_1-scaled-e1707232363622-1126x1536.jpg 1126w\" sizes=\"(max-width: 1179px) 100vw, 1179px\" \/>\t\t\t\t<\/div>\n\t\t\t<\/div>\n\t\t<\/div>\n\t\t\t\t\t\t<\/div>\n\t\t\t\t<\/div>\n\t\t\t\t\t<\/div>\n\t\t<\/div>\n\t\t\t\t<div class=\"elementor-column elementor-col-33 elementor-inner-column elementor-element elementor-element-ed42c99\" data-id=\"ed42c99\" data-element_type=\"column\" data-e-type=\"column\">\n\t\t\t<div class=\"elementor-widget-wrap\">\n\t\t\t\t\t\t\t<\/div>\n\t\t<\/div>\n\t\t\t\t\t<\/div>\n\t\t<\/section>\n\t\t\t\t<section class=\"elementor-section elementor-inner-section elementor-element elementor-element-7a830fa elementor-section-boxed elementor-section-height-default elementor-section-height-default\" data-id=\"7a830fa\" data-element_type=\"section\" data-e-type=\"section\">\n\t\t\t\t\t\t<div class=\"elementor-container elementor-column-gap-default\">\n\t\t\t\t\t<div class=\"elementor-column elementor-col-50 elementor-inner-column elementor-element elementor-element-3af75f5\" data-id=\"3af75f5\" data-element_type=\"column\" data-e-type=\"column\">\n\t\t\t<div class=\"elementor-widget-wrap elementor-element-populated\">\n\t\t\t\t\t\t<div class=\"elementor-element elementor-element-ca990a8 elementor-widget-tablet__width-initial elementor-widget elementor-widget-text-editor\" data-id=\"ca990a8\" data-element_type=\"widget\" data-e-type=\"widget\" data-widget_type=\"text-editor.default\">\n\t\t\t\t<div class=\"elementor-widget-container\">\n\t\t\t\t\t\t\t\t\t<div class=\"x11i5rnm xat24cr x1mh8g0r x1vvkbs xtlvy1s x126k92a\"><div dir=\"auto\"><div class=\"x11i5rnm xat24cr x1mh8g0r x1vvkbs xtlvy1s x126k92a\"><p>Class\u00e9e aux <strong>Monuments Historiques en 1924<\/strong>, elle contient du mobilier class\u00e9 :<\/p><ul><li>un tableau d\u2019autel : \u00ab Remise du rosaire \u00e0 Saint Dominique et un \u00e9v\u00eaque \u00bb encastr\u00e9 dans un imposant ma\u00eetre autel<\/li><li>deux gradins<\/li><li>un tabernacle \u00e0 ailes<\/li><li>un retable architectur\u00e9<\/li><li>une statue de la Vierge \u00e0 l\u2019enfant<\/li><li>une statue d\u2019un ap\u00f4tre datant du <em>XVIII\u00e8me si\u00e8cle<\/em>.<\/li><\/ul><h4 dir=\"auto\">Source : <a href=\"https:\/\/www.tourisme-creuse.com\/offres\/eglise-saint-sylvain-bonnat-bonnat-fr-2632449\/\" target=\"_blank\" rel=\"noopener\">tourisme-creuse.com<\/a><\/h4><\/div><\/div><\/div>\t\t\t\t\t\t\t\t<\/div>\n\t\t\t\t<\/div>\n\t\t\t\t<div class=\"elementor-element elementor-element-d8b64eb elementor-widget elementor-widget-qi_addons_for_elementor_image_slider\" data-id=\"d8b64eb\" data-element_type=\"widget\" data-e-type=\"widget\" data-widget_type=\"qi_addons_for_elementor_image_slider.default\">\n\t\t\t\t<div class=\"elementor-widget-container\">\n\t\t\t\t\t<div class=\"qodef-shortcode qodef-m qodef-qi-image-slider qodef-qi-fslightbox-popup qodef-popup-gallery qodef-col-num--3 qodef-qi-grid qodef-qi-swiper-container qodef-navigation--inside qodef-pagination--inside qodef-navigation--hover-move\" data-options=\"{&quot;direction&quot;:&quot;horizontal&quot;,&quot;slidesPerView&quot;:&quot;3&quot;,&quot;spaceBetween&quot;:30,&quot;spaceBetweenTablet&quot;:30,&quot;spaceBetweenMobile&quot;:30,&quot;effect&quot;:&quot;&quot;,&quot;loop&quot;:true,&quot;autoplay&quot;:true,&quot;centeredSlides&quot;:false,&quot;speed&quot;:&quot;&quot;,&quot;speedAnimation&quot;:&quot;&quot;,&quot;outsideNavigation&quot;:&quot;no&quot;,&quot;outsidePagination&quot;:&quot;no&quot;,&quot;unique&quot;:256,&quot;partialValue&quot;:0,&quot;disablePartialValue&quot;:&quot;&quot;,&quot;parallax&quot;:&quot;no&quot;}\">\n\t<div class=\"swiper-wrapper\">\n\t\t<div class=\"qodef-e swiper-slide\">\n\t<div class=\"qodef-e-inner\">\n\t\t<div class=\"qodef-e-inner-holder\">\n\t\t\t\t\t\t\t<a class=\"qodef-popup-item\" itemprop=\"image\" href=\"https:\/\/mairiedebonnat.portesdelacreuseenmarche.fr\/mairiedebonnat-2023\/wp-content\/uploads\/2024\/02\/IMG_20240205_135424-scaled.jpg\" data-type=\"image\" data-fslightbox=\"gallery-256\" data-e-disable-page-transition=\u201dtrue\u201d>\n\t\t\t\t\t\t\t<img decoding=\"async\" width=\"650\" height=\"650\" src=\"https:\/\/mairiedebonnat.portesdelacreuseenmarche.fr\/mairiedebonnat-2023\/wp-content\/uploads\/2024\/02\/IMG_20240205_135424-650x650.jpg\" class=\"attachment-qi_addons_for_elementor_image_size_square size-qi_addons_for_elementor_image_size_square\" alt=\"IMG 20240205\" srcset=\"https:\/\/mairiedebonnat.portesdelacreuseenmarche.fr\/mairiedebonnat-2023\/wp-content\/uploads\/2024\/02\/IMG_20240205_135424-650x650.jpg 650w, https:\/\/mairiedebonnat.portesdelacreuseenmarche.fr\/mairiedebonnat-2023\/wp-content\/uploads\/2024\/02\/IMG_20240205_135424-150x150.jpg 150w, https:\/\/mairiedebonnat.portesdelacreuseenmarche.fr\/mairiedebonnat-2023\/wp-content\/uploads\/2024\/02\/IMG_20240205_135424-1300x1300.jpg 1300w\" sizes=\"(max-width: 650px) 100vw, 650px\" \/>\t\t\t\t\t\t\t<\/a>\n\t\t\t\t\t<\/div>\n\t<\/div>\n\t<\/div>\n<div class=\"qodef-e swiper-slide\">\n\t<div class=\"qodef-e-inner\">\n\t\t<div class=\"qodef-e-inner-holder\">\n\t\t\t\t\t\t\t<a class=\"qodef-popup-item\" itemprop=\"image\" href=\"https:\/\/mairiedebonnat.portesdelacreuseenmarche.fr\/mairiedebonnat-2023\/wp-content\/uploads\/2024\/02\/IMG_20240205_141318_1-scaled.jpg\" data-type=\"image\" data-fslightbox=\"gallery-256\" data-e-disable-page-transition=\u201dtrue\u201d>\n\t\t\t\t\t\t\t<img decoding=\"async\" width=\"650\" height=\"650\" src=\"https:\/\/mairiedebonnat.portesdelacreuseenmarche.fr\/mairiedebonnat-2023\/wp-content\/uploads\/2024\/02\/IMG_20240205_141318_1-650x650.jpg\" class=\"attachment-qi_addons_for_elementor_image_size_square size-qi_addons_for_elementor_image_size_square\" alt=\"IMG 20240205 141318\" srcset=\"https:\/\/mairiedebonnat.portesdelacreuseenmarche.fr\/mairiedebonnat-2023\/wp-content\/uploads\/2024\/02\/IMG_20240205_141318_1-650x650.jpg 650w, https:\/\/mairiedebonnat.portesdelacreuseenmarche.fr\/mairiedebonnat-2023\/wp-content\/uploads\/2024\/02\/IMG_20240205_141318_1-150x150.jpg 150w, https:\/\/mairiedebonnat.portesdelacreuseenmarche.fr\/mairiedebonnat-2023\/wp-content\/uploads\/2024\/02\/IMG_20240205_141318_1-1300x1300.jpg 1300w\" sizes=\"(max-width: 650px) 100vw, 650px\" \/>\t\t\t\t\t\t\t<\/a>\n\t\t\t\t\t<\/div>\n\t<\/div>\n\t<\/div>\n<div class=\"qodef-e swiper-slide\">\n\t<div class=\"qodef-e-inner\">\n\t\t<div class=\"qodef-e-inner-holder\">\n\t\t\t\t\t\t\t<a class=\"qodef-popup-item\" itemprop=\"image\" href=\"https:\/\/mairiedebonnat.portesdelacreuseenmarche.fr\/mairiedebonnat-2023\/wp-content\/uploads\/2023\/10\/IMG_20230602_114633-scaled.jpg\" data-type=\"image\" data-fslightbox=\"gallery-256\" data-e-disable-page-transition=\u201dtrue\u201d>\n\t\t\t\t\t\t\t<img loading=\"lazy\" decoding=\"async\" width=\"650\" height=\"650\" src=\"https:\/\/mairiedebonnat.portesdelacreuseenmarche.fr\/mairiedebonnat-2023\/wp-content\/uploads\/2023\/10\/IMG_20230602_114633-650x650.jpg\" class=\"attachment-qi_addons_for_elementor_image_size_square size-qi_addons_for_elementor_image_size_square\" alt=\"IMG 20230602\" srcset=\"https:\/\/mairiedebonnat.portesdelacreuseenmarche.fr\/mairiedebonnat-2023\/wp-content\/uploads\/2023\/10\/IMG_20230602_114633-650x650.jpg 650w, https:\/\/mairiedebonnat.portesdelacreuseenmarche.fr\/mairiedebonnat-2023\/wp-content\/uploads\/2023\/10\/IMG_20230602_114633-150x150.jpg 150w, https:\/\/mairiedebonnat.portesdelacreuseenmarche.fr\/mairiedebonnat-2023\/wp-content\/uploads\/2023\/10\/IMG_20230602_114633-1300x1300.jpg 1300w\" sizes=\"(max-width: 650px) 100vw, 650px\" \/>\t\t\t\t\t\t\t<\/a>\n\t\t\t\t\t<\/div>\n\t<\/div>\n\t<\/div>\n<div class=\"qodef-e swiper-slide\">\n\t<div class=\"qodef-e-inner\">\n\t\t<div class=\"qodef-e-inner-holder\">\n\t\t\t\t\t\t\t<a class=\"qodef-popup-item\" itemprop=\"image\" href=\"https:\/\/mairiedebonnat.portesdelacreuseenmarche.fr\/mairiedebonnat-2023\/wp-content\/uploads\/2024\/02\/IMG_20240205_141655-scaled.jpg\" data-type=\"image\" data-fslightbox=\"gallery-256\" data-e-disable-page-transition=\u201dtrue\u201d>\n\t\t\t\t\t\t\t<img loading=\"lazy\" decoding=\"async\" width=\"650\" height=\"650\" src=\"https:\/\/mairiedebonnat.portesdelacreuseenmarche.fr\/mairiedebonnat-2023\/wp-content\/uploads\/2024\/02\/IMG_20240205_141655-650x650.jpg\" class=\"attachment-qi_addons_for_elementor_image_size_square size-qi_addons_for_elementor_image_size_square\" alt=\"IMG 20240205\" srcset=\"https:\/\/mairiedebonnat.portesdelacreuseenmarche.fr\/mairiedebonnat-2023\/wp-content\/uploads\/2024\/02\/IMG_20240205_141655-650x650.jpg 650w, https:\/\/mairiedebonnat.portesdelacreuseenmarche.fr\/mairiedebonnat-2023\/wp-content\/uploads\/2024\/02\/IMG_20240205_141655-150x150.jpg 150w, https:\/\/mairiedebonnat.portesdelacreuseenmarche.fr\/mairiedebonnat-2023\/wp-content\/uploads\/2024\/02\/IMG_20240205_141655-1300x1300.jpg 1300w\" sizes=\"(max-width: 650px) 100vw, 650px\" \/>\t\t\t\t\t\t\t<\/a>\n\t\t\t\t\t<\/div>\n\t<\/div>\n\t<\/div>\n<div class=\"qodef-e swiper-slide\">\n\t<div class=\"qodef-e-inner\">\n\t\t<div class=\"qodef-e-inner-holder\">\n\t\t\t\t\t\t\t<a class=\"qodef-popup-item\" itemprop=\"image\" href=\"https:\/\/mairiedebonnat.portesdelacreuseenmarche.fr\/mairiedebonnat-2023\/wp-content\/uploads\/2024\/02\/IMG_20240205_141620-scaled.jpg\" data-type=\"image\" data-fslightbox=\"gallery-256\" data-e-disable-page-transition=\u201dtrue\u201d>\n\t\t\t\t\t\t\t<img loading=\"lazy\" decoding=\"async\" width=\"650\" height=\"650\" src=\"https:\/\/mairiedebonnat.portesdelacreuseenmarche.fr\/mairiedebonnat-2023\/wp-content\/uploads\/2024\/02\/IMG_20240205_141620-650x650.jpg\" class=\"attachment-qi_addons_for_elementor_image_size_square size-qi_addons_for_elementor_image_size_square\" alt=\"IMG 20240205\" srcset=\"https:\/\/mairiedebonnat.portesdelacreuseenmarche.fr\/mairiedebonnat-2023\/wp-content\/uploads\/2024\/02\/IMG_20240205_141620-650x650.jpg 650w, https:\/\/mairiedebonnat.portesdelacreuseenmarche.fr\/mairiedebonnat-2023\/wp-content\/uploads\/2024\/02\/IMG_20240205_141620-150x150.jpg 150w, https:\/\/mairiedebonnat.portesdelacreuseenmarche.fr\/mairiedebonnat-2023\/wp-content\/uploads\/2024\/02\/IMG_20240205_141620-1300x1300.jpg 1300w\" sizes=\"(max-width: 650px) 100vw, 650px\" \/>\t\t\t\t\t\t\t<\/a>\n\t\t\t\t\t<\/div>\n\t<\/div>\n\t<\/div>\n<div class=\"qodef-e swiper-slide\">\n\t<div class=\"qodef-e-inner\">\n\t\t<div class=\"qodef-e-inner-holder\">\n\t\t\t\t\t\t\t<a class=\"qodef-popup-item\" itemprop=\"image\" href=\"https:\/\/mairiedebonnat.portesdelacreuseenmarche.fr\/mairiedebonnat-2023\/wp-content\/uploads\/2024\/02\/IMG_20240205_140957-scaled.jpg\" data-type=\"image\" data-fslightbox=\"gallery-256\" data-e-disable-page-transition=\u201dtrue\u201d>\n\t\t\t\t\t\t\t<img loading=\"lazy\" decoding=\"async\" width=\"650\" height=\"650\" src=\"https:\/\/mairiedebonnat.portesdelacreuseenmarche.fr\/mairiedebonnat-2023\/wp-content\/uploads\/2024\/02\/IMG_20240205_140957-650x650.jpg\" class=\"attachment-qi_addons_for_elementor_image_size_square size-qi_addons_for_elementor_image_size_square\" alt=\"IMG 20240205\" srcset=\"https:\/\/mairiedebonnat.portesdelacreuseenmarche.fr\/mairiedebonnat-2023\/wp-content\/uploads\/2024\/02\/IMG_20240205_140957-650x650.jpg 650w, https:\/\/mairiedebonnat.portesdelacreuseenmarche.fr\/mairiedebonnat-2023\/wp-content\/uploads\/2024\/02\/IMG_20240205_140957-150x150.jpg 150w, https:\/\/mairiedebonnat.portesdelacreuseenmarche.fr\/mairiedebonnat-2023\/wp-content\/uploads\/2024\/02\/IMG_20240205_140957-1300x1300.jpg 1300w\" sizes=\"(max-width: 650px) 100vw, 650px\" \/>\t\t\t\t\t\t\t<\/a>\n\t\t\t\t\t<\/div>\n\t<\/div>\n\t<\/div>\n<div class=\"qodef-e swiper-slide\">\n\t<div class=\"qodef-e-inner\">\n\t\t<div class=\"qodef-e-inner-holder\">\n\t\t\t\t\t\t\t<a class=\"qodef-popup-item\" itemprop=\"image\" href=\"https:\/\/mairiedebonnat.portesdelacreuseenmarche.fr\/mairiedebonnat-2023\/wp-content\/uploads\/2023\/10\/IMG_20230602_114045-scaled.jpg\" data-type=\"image\" data-fslightbox=\"gallery-256\" data-e-disable-page-transition=\u201dtrue\u201d>\n\t\t\t\t\t\t\t<img loading=\"lazy\" decoding=\"async\" width=\"650\" height=\"650\" src=\"https:\/\/mairiedebonnat.portesdelacreuseenmarche.fr\/mairiedebonnat-2023\/wp-content\/uploads\/2023\/10\/IMG_20230602_114045-650x650.jpg\" class=\"attachment-qi_addons_for_elementor_image_size_square size-qi_addons_for_elementor_image_size_square\" alt=\"IMG 20230602\" srcset=\"https:\/\/mairiedebonnat.portesdelacreuseenmarche.fr\/mairiedebonnat-2023\/wp-content\/uploads\/2023\/10\/IMG_20230602_114045-650x650.jpg 650w, https:\/\/mairiedebonnat.portesdelacreuseenmarche.fr\/mairiedebonnat-2023\/wp-content\/uploads\/2023\/10\/IMG_20230602_114045-150x150.jpg 150w, https:\/\/mairiedebonnat.portesdelacreuseenmarche.fr\/mairiedebonnat-2023\/wp-content\/uploads\/2023\/10\/IMG_20230602_114045-1300x1300.jpg 1300w\" sizes=\"(max-width: 650px) 100vw, 650px\" \/>\t\t\t\t\t\t\t<\/a>\n\t\t\t\t\t<\/div>\n\t<\/div>\n\t<\/div>\n<div class=\"qodef-e swiper-slide\">\n\t<div class=\"qodef-e-inner\">\n\t\t<div class=\"qodef-e-inner-holder\">\n\t\t\t\t\t\t\t<a class=\"qodef-popup-item\" itemprop=\"image\" href=\"https:\/\/mairiedebonnat.portesdelacreuseenmarche.fr\/mairiedebonnat-2023\/wp-content\/uploads\/2023\/10\/IMG_20230602_114249-scaled.jpg\" data-type=\"image\" data-fslightbox=\"gallery-256\" data-e-disable-page-transition=\u201dtrue\u201d>\n\t\t\t\t\t\t\t<img loading=\"lazy\" decoding=\"async\" width=\"650\" height=\"650\" src=\"https:\/\/mairiedebonnat.portesdelacreuseenmarche.fr\/mairiedebonnat-2023\/wp-content\/uploads\/2023\/10\/IMG_20230602_114249-650x650.jpg\" class=\"attachment-qi_addons_for_elementor_image_size_square size-qi_addons_for_elementor_image_size_square\" alt=\"IMG 20230602\" srcset=\"https:\/\/mairiedebonnat.portesdelacreuseenmarche.fr\/mairiedebonnat-2023\/wp-content\/uploads\/2023\/10\/IMG_20230602_114249-650x650.jpg 650w, https:\/\/mairiedebonnat.portesdelacreuseenmarche.fr\/mairiedebonnat-2023\/wp-content\/uploads\/2023\/10\/IMG_20230602_114249-150x150.jpg 150w, https:\/\/mairiedebonnat.portesdelacreuseenmarche.fr\/mairiedebonnat-2023\/wp-content\/uploads\/2023\/10\/IMG_20230602_114249-1300x1300.jpg 1300w\" sizes=\"(max-width: 650px) 100vw, 650px\" \/>\t\t\t\t\t\t\t<\/a>\n\t\t\t\t\t<\/div>\n\t<\/div>\n\t<\/div>\n<div class=\"qodef-e swiper-slide\">\n\t<div class=\"qodef-e-inner\">\n\t\t<div class=\"qodef-e-inner-holder\">\n\t\t\t\t\t\t\t<a class=\"qodef-popup-item\" itemprop=\"image\" href=\"https:\/\/mairiedebonnat.portesdelacreuseenmarche.fr\/mairiedebonnat-2023\/wp-content\/uploads\/2023\/10\/IMG_20230602_114512-scaled.jpg\" data-type=\"image\" data-fslightbox=\"gallery-256\" data-e-disable-page-transition=\u201dtrue\u201d>\n\t\t\t\t\t\t\t<img loading=\"lazy\" decoding=\"async\" width=\"650\" height=\"650\" src=\"https:\/\/mairiedebonnat.portesdelacreuseenmarche.fr\/mairiedebonnat-2023\/wp-content\/uploads\/2023\/10\/IMG_20230602_114512-650x650.jpg\" class=\"attachment-qi_addons_for_elementor_image_size_square size-qi_addons_for_elementor_image_size_square\" alt=\"IMG 20230602\" srcset=\"https:\/\/mairiedebonnat.portesdelacreuseenmarche.fr\/mairiedebonnat-2023\/wp-content\/uploads\/2023\/10\/IMG_20230602_114512-650x650.jpg 650w, https:\/\/mairiedebonnat.portesdelacreuseenmarche.fr\/mairiedebonnat-2023\/wp-content\/uploads\/2023\/10\/IMG_20230602_114512-150x150.jpg 150w, https:\/\/mairiedebonnat.portesdelacreuseenmarche.fr\/mairiedebonnat-2023\/wp-content\/uploads\/2023\/10\/IMG_20230602_114512-1300x1300.jpg 1300w\" sizes=\"(max-width: 650px) 100vw, 650px\" \/>\t\t\t\t\t\t\t<\/a>\n\t\t\t\t\t<\/div>\n\t<\/div>\n\t<\/div>\n\t<\/div>\n\t\t<div class=\"swiper-button-prev\"><svg class=\"qodef-swiper-arrow-left\" xmlns=\"http:\/\/www.w3.org\/2000\/svg\" x=\"0px\" y=\"0px\" viewBox=\"0 0 34.2 32.3\" xml:space=\"preserve\" style=\"stroke-width: 2;\"><line x1=\"0.5\" y1=\"16\" x2=\"33.5\" y2=\"16\"\/><line x1=\"0.3\" y1=\"16.5\" x2=\"16.2\" y2=\"0.7\"\/><line x1=\"0\" y1=\"15.4\" x2=\"16.2\" y2=\"31.6\"\/><\/svg><\/div>\n\t<div class=\"swiper-button-next\"><svg class=\"qodef-swiper-arrow-right\" xmlns=\"http:\/\/www.w3.org\/2000\/svg\" x=\"0px\" y=\"0px\" viewBox=\"0 0 34.2 32.3\" xml:space=\"preserve\" style=\"stroke-width: 2;\"><line x1=\"0\" y1=\"16\" x2=\"33\" y2=\"16\"\/><line x1=\"17.3\" y1=\"0.7\" x2=\"33.2\" y2=\"16.5\"\/><line x1=\"17.3\" y1=\"31.6\" x2=\"33.5\" y2=\"15.4\"\/><\/svg><\/div>\n\t<div class=\"swiper-pagination\"><\/div>\n<\/div>\n\t\t\t\t<\/div>\n\t\t\t\t<\/div>\n\t\t\t\t\t<\/div>\n\t\t<\/div>\n\t\t\t\t<div class=\"elementor-column elementor-col-50 elementor-inner-column elementor-element elementor-element-d91efc4\" data-id=\"d91efc4\" data-element_type=\"column\" data-e-type=\"column\">\n\t\t\t<div class=\"elementor-widget-wrap\">\n\t\t\t\t\t\t\t<\/div>\n\t\t<\/div>\n\t\t\t\t\t<\/div>\n\t\t<\/section>\n\t\t\t\t<section class=\"elementor-section elementor-inner-section elementor-element elementor-element-87911e4 elementor-section-boxed elementor-section-height-default elementor-section-height-default\" data-id=\"87911e4\" data-element_type=\"section\" data-e-type=\"section\">\n\t\t\t\t\t\t<div class=\"elementor-container elementor-column-gap-default\">\n\t\t\t\t\t<div class=\"elementor-column elementor-col-25 elementor-inner-column elementor-element elementor-element-eea39dd\" data-id=\"eea39dd\" data-element_type=\"column\" data-e-type=\"column\">\n\t\t\t<div class=\"elementor-widget-wrap elementor-element-populated\">\n\t\t\t\t\t\t<div class=\"elementor-element elementor-element-9f552ad elementor-widget__width-initial elementor-widget elementor-widget-text-editor\" data-id=\"9f552ad\" data-element_type=\"widget\" data-e-type=\"widget\" data-widget_type=\"text-editor.default\">\n\t\t\t\t<div class=\"elementor-widget-container\">\n\t\t\t\t\t\t\t\t\t<div class=\"x11i5rnm xat24cr x1mh8g0r x1vvkbs xtlvy1s x126k92a\"><div dir=\"auto\"><p><span style=\"text-decoration: underline;\">Historique<\/span><\/p><p>Si\u00e8cle de la campagne principale de construction :<br \/>4e quart 13e si\u00e8cle ;<br \/>14e si\u00e8cle<\/p><h4>Copyright de la notice<br \/>\u00a9 Monuments historiques, 1992<\/h4><\/div><\/div>\t\t\t\t\t\t\t\t<\/div>\n\t\t\t\t<\/div>\n\t\t\t\t\t<\/div>\n\t\t<\/div>\n\t\t\t\t<div class=\"elementor-column elementor-col-25 elementor-inner-column elementor-element elementor-element-cf7a251\" data-id=\"cf7a251\" data-element_type=\"column\" data-e-type=\"column\">\n\t\t\t<div class=\"elementor-widget-wrap elementor-element-populated\">\n\t\t\t\t\t\t<div class=\"elementor-element elementor-element-834ac0e elementor-widget elementor-widget-image\" data-id=\"834ac0e\" data-element_type=\"widget\" data-e-type=\"widget\" data-widget_type=\"image.default\">\n\t\t\t\t<div class=\"elementor-widget-container\">\n\t\t\t\t\t\t\t\t\t\t\t\t\t\t\t\t<a href=\"https:\/\/mairiedebonnat.portesdelacreuseenmarche.fr\/mairiedebonnat-2023\/wp-content\/uploads\/2023\/10\/IMG_20230602_115110_1-scaled.jpg\" data-elementor-open-lightbox=\"yes\" data-elementor-lightbox-title=\"Sacristie\" data-e-action-hash=\"#elementor-action%3Aaction%3Dlightbox%26settings%3DeyJpZCI6MTA1NDYsInVybCI6Imh0dHBzOlwvXC9tYWlyaWVkZWJvbm5hdC5wb3J0ZXNkZWxhY3JldXNlZW5tYXJjaGUuZnJcL21haXJpZWRlYm9ubmF0LTIwMjNcL3dwLWNvbnRlbnRcL3VwbG9hZHNcLzIwMjNcLzEwXC9JTUdfMjAyMzA2MDJfMTE1MTEwXzEtc2NhbGVkLmpwZyJ9\">\n\t\t\t\t\t\t\t<img loading=\"lazy\" decoding=\"async\" width=\"473\" height=\"1024\" src=\"https:\/\/mairiedebonnat.portesdelacreuseenmarche.fr\/mairiedebonnat-2023\/wp-content\/uploads\/2023\/10\/IMG_20230602_115110_1-473x1024.jpg\" class=\"attachment-large size-large wp-image-10546\" alt=\"Sacristie\" srcset=\"https:\/\/mairiedebonnat.portesdelacreuseenmarche.fr\/mairiedebonnat-2023\/wp-content\/uploads\/2023\/10\/IMG_20230602_115110_1-473x1024.jpg 473w, https:\/\/mairiedebonnat.portesdelacreuseenmarche.fr\/mairiedebonnat-2023\/wp-content\/uploads\/2023\/10\/IMG_20230602_115110_1-138x300.jpg 138w, https:\/\/mairiedebonnat.portesdelacreuseenmarche.fr\/mairiedebonnat-2023\/wp-content\/uploads\/2023\/10\/IMG_20230602_115110_1-768x1664.jpg 768w, https:\/\/mairiedebonnat.portesdelacreuseenmarche.fr\/mairiedebonnat-2023\/wp-content\/uploads\/2023\/10\/IMG_20230602_115110_1-709x1536.jpg 709w, https:\/\/mairiedebonnat.portesdelacreuseenmarche.fr\/mairiedebonnat-2023\/wp-content\/uploads\/2023\/10\/IMG_20230602_115110_1-945x2048.jpg 945w, https:\/\/mairiedebonnat.portesdelacreuseenmarche.fr\/mairiedebonnat-2023\/wp-content\/uploads\/2023\/10\/IMG_20230602_115110_1-scaled.jpg 1182w\" sizes=\"(max-width: 473px) 100vw, 473px\" \/>\t\t\t\t\t\t\t\t<\/a>\n\t\t\t\t\t\t\t\t\t\t\t\t\t\t\t<\/div>\n\t\t\t\t<\/div>\n\t\t\t\t\t<\/div>\n\t\t<\/div>\n\t\t\t\t<div class=\"elementor-column elementor-col-25 elementor-inner-column elementor-element elementor-element-3e4cc5b\" data-id=\"3e4cc5b\" data-element_type=\"column\" data-e-type=\"column\">\n\t\t\t<div class=\"elementor-widget-wrap elementor-element-populated\">\n\t\t\t\t\t\t<div class=\"elementor-element elementor-element-08f2362 elementor-widget__width-initial elementor-widget elementor-widget-text-editor\" data-id=\"08f2362\" data-element_type=\"widget\" data-e-type=\"widget\" data-widget_type=\"text-editor.default\">\n\t\t\t\t<div class=\"elementor-widget-container\">\n\t\t\t\t\t\t\t\t\t<div class=\"x11i5rnm xat24cr x1mh8g0r x1vvkbs xtlvy1s x126k92a\"><div dir=\"auto\"><p><span style=\"text-decoration: underline;\">Description historique<\/span><\/p><p>L&rsquo;\u00e9glise, de plan rectangulaire, fut fortifi\u00e9e au 15e si\u00e8cle par l&rsquo;adjonction de courtines et de m\u00e2chicoulis avec quatre \u00e9chauguettes aux angles. Il ne reste que des traces de celles de la fa\u00e7ade ouest. Deux portails percent les fa\u00e7ades sud et nord. Une sacristie a \u00e9t\u00e9 ajout\u00e9e au d\u00e9but du 17e si\u00e8cle.<\/p><h4>Copyright de la notice<br \/>\u00a9 Monuments historiques, 1992<\/h4><\/div><\/div>\t\t\t\t\t\t\t\t<\/div>\n\t\t\t\t<\/div>\n\t\t\t\t\t<\/div>\n\t\t<\/div>\n\t\t\t\t<div class=\"elementor-column elementor-col-25 elementor-inner-column elementor-element elementor-element-dd4cca1\" data-id=\"dd4cca1\" data-element_type=\"column\" data-e-type=\"column\">\n\t\t\t<div class=\"elementor-widget-wrap\">\n\t\t\t\t\t\t\t<\/div>\n\t\t<\/div>\n\t\t\t\t\t<\/div>\n\t\t<\/section>\n\t\t\t\t<div class=\"elementor-element elementor-element-e1c8678 elementor-widget elementor-widget-spacer\" data-id=\"e1c8678\" data-element_type=\"widget\" data-e-type=\"widget\" data-widget_type=\"spacer.default\">\n\t\t\t\t<div class=\"elementor-widget-container\">\n\t\t\t\t\t\t\t<div class=\"elementor-spacer\">\n\t\t\t<div class=\"elementor-spacer-inner\"><\/div>\n\t\t<\/div>\n\t\t\t\t\t\t<\/div>\n\t\t\t\t<\/div>\n\t\t\t\t\t<\/div>\n\t\t<\/div>\n\t\t\t\t<div class=\"elementor-column elementor-col-50 elementor-top-column elementor-element elementor-element-4076c17\" data-id=\"4076c17\" data-element_type=\"column\" data-e-type=\"column\" data-settings=\"{&quot;background_background&quot;:&quot;gradient&quot;}\">\n\t\t\t<div class=\"elementor-widget-wrap elementor-element-populated\">\n\t\t\t\t\t\t<div class=\"elementor-element elementor-element-1a72b06 elementor-widget elementor-widget-image\" data-id=\"1a72b06\" data-element_type=\"widget\" data-e-type=\"widget\" data-widget_type=\"image.default\">\n\t\t\t\t<div class=\"elementor-widget-container\">\n\t\t\t\t\t\t\t\t\t\t\t\t\t\t\t\t<a href=\"http:\/\/mairiedebonnat.portesdelacreuseenmarche.fr\/mairiedebonnat-2023\/agenda-sorties\/\">\n\t\t\t\t\t\t\t<img loading=\"lazy\" decoding=\"async\" width=\"600\" height=\"200\" src=\"https:\/\/mairiedebonnat.portesdelacreuseenmarche.fr\/mairiedebonnat-2023\/wp-content\/uploads\/2023\/03\/Sidebar-Agenda-1.png\" class=\"elementor-animation-shrink attachment-large size-large wp-image-1188\" alt=\"Sidebar Agenda\" srcset=\"https:\/\/mairiedebonnat.portesdelacreuseenmarche.fr\/mairiedebonnat-2023\/wp-content\/uploads\/2023\/03\/Sidebar-Agenda-1.png 600w, https:\/\/mairiedebonnat.portesdelacreuseenmarche.fr\/mairiedebonnat-2023\/wp-content\/uploads\/2023\/03\/Sidebar-Agenda-1-300x100.png 300w\" sizes=\"(max-width: 600px) 100vw, 600px\" \/>\t\t\t\t\t\t\t\t<\/a>\n\t\t\t\t\t\t\t\t\t\t\t\t\t\t\t<\/div>\n\t\t\t\t<\/div>\n\t\t\t\t<div class=\"elementor-element elementor-element-5b9caea elementor-widget elementor-widget-image\" data-id=\"5b9caea\" data-element_type=\"widget\" data-e-type=\"widget\" data-widget_type=\"image.default\">\n\t\t\t\t<div class=\"elementor-widget-container\">\n\t\t\t\t\t\t\t\t\t\t\t\t\t\t\t\t<a href=\"http:\/\/mairiedebonnat.portesdelacreuseenmarche.fr\/mairiedebonnat-2023\/demarches\/\">\n\t\t\t\t\t\t\t<img loading=\"lazy\" decoding=\"async\" width=\"600\" height=\"200\" src=\"https:\/\/mairiedebonnat.portesdelacreuseenmarche.fr\/mairiedebonnat-2023\/wp-content\/uploads\/2023\/03\/1-1.png\" class=\"elementor-animation-shrink attachment-large size-large wp-image-843\" alt=\"1\" srcset=\"https:\/\/mairiedebonnat.portesdelacreuseenmarche.fr\/mairiedebonnat-2023\/wp-content\/uploads\/2023\/03\/1-1.png 600w, https:\/\/mairiedebonnat.portesdelacreuseenmarche.fr\/mairiedebonnat-2023\/wp-content\/uploads\/2023\/03\/1-1-300x100.png 300w\" sizes=\"(max-width: 600px) 100vw, 600px\" \/>\t\t\t\t\t\t\t\t<\/a>\n\t\t\t\t\t\t\t\t\t\t\t\t\t\t\t<\/div>\n\t\t\t\t<\/div>\n\t\t\t\t<div class=\"elementor-element elementor-element-c401e10 elementor-widget elementor-widget-image\" data-id=\"c401e10\" data-element_type=\"widget\" data-e-type=\"widget\" data-widget_type=\"image.default\">\n\t\t\t\t<div class=\"elementor-widget-container\">\n\t\t\t\t\t\t\t\t\t\t\t\t\t\t\t\t<a href=\"https:\/\/mairiedebonnat.portesdelacreuseenmarche.fr\/mairiedebonnat-2023\/decisions-administratives\/\">\n\t\t\t\t\t\t\t<img loading=\"lazy\" decoding=\"async\" width=\"600\" height=\"200\" src=\"https:\/\/mairiedebonnat.portesdelacreuseenmarche.fr\/mairiedebonnat-2023\/wp-content\/uploads\/2023\/06\/Decisions-adm.jpg\" class=\"elementor-animation-shrink attachment-large size-large wp-image-4709\" alt=\"D\u00e9cisions adm\" srcset=\"https:\/\/mairiedebonnat.portesdelacreuseenmarche.fr\/mairiedebonnat-2023\/wp-content\/uploads\/2023\/06\/Decisions-adm.jpg 600w, https:\/\/mairiedebonnat.portesdelacreuseenmarche.fr\/mairiedebonnat-2023\/wp-content\/uploads\/2023\/06\/Decisions-adm-300x100.jpg 300w\" sizes=\"(max-width: 600px) 100vw, 600px\" \/>\t\t\t\t\t\t\t\t<\/a>\n\t\t\t\t\t\t\t\t\t\t\t\t\t\t\t<\/div>\n\t\t\t\t<\/div>\n\t\t\t\t<div class=\"elementor-element elementor-element-fdb6827 elementor-widget elementor-widget-image\" data-id=\"fdb6827\" data-element_type=\"widget\" data-e-type=\"widget\" data-widget_type=\"image.default\">\n\t\t\t\t<div class=\"elementor-widget-container\">\n\t\t\t\t\t\t\t\t\t\t\t\t\t\t\t\t<a href=\"http:\/\/mairiedebonnat.portesdelacreuseenmarche.fr\/mairiedebonnat-2023\/conseil-municipal\/\">\n\t\t\t\t\t\t\t<img loading=\"lazy\" decoding=\"async\" width=\"600\" height=\"200\" src=\"https:\/\/mairiedebonnat.portesdelacreuseenmarche.fr\/mairiedebonnat-2023\/wp-content\/uploads\/2023\/03\/4-3.png\" class=\"elementor-animation-shrink attachment-large size-large wp-image-846\" alt=\"4\" srcset=\"https:\/\/mairiedebonnat.portesdelacreuseenmarche.fr\/mairiedebonnat-2023\/wp-content\/uploads\/2023\/03\/4-3.png 600w, https:\/\/mairiedebonnat.portesdelacreuseenmarche.fr\/mairiedebonnat-2023\/wp-content\/uploads\/2023\/03\/4-3-300x100.png 300w\" sizes=\"(max-width: 600px) 100vw, 600px\" \/>\t\t\t\t\t\t\t\t<\/a>\n\t\t\t\t\t\t\t\t\t\t\t\t\t\t\t<\/div>\n\t\t\t\t<\/div>\n\t\t\t\t<div class=\"elementor-element elementor-element-2739d96 elementor-widget elementor-widget-image\" data-id=\"2739d96\" data-element_type=\"widget\" data-e-type=\"widget\" data-widget_type=\"image.default\">\n\t\t\t\t<div class=\"elementor-widget-container\">\n\t\t\t\t\t\t\t\t\t\t\t\t\t\t\t\t<a href=\"http:\/\/mairiedebonnat.portesdelacreuseenmarche.fr\/mairiedebonnat-2023\/la-bonnactu\/\">\n\t\t\t\t\t\t\t<img loading=\"lazy\" decoding=\"async\" width=\"600\" height=\"200\" src=\"https:\/\/mairiedebonnat.portesdelacreuseenmarche.fr\/mairiedebonnat-2023\/wp-content\/uploads\/2023\/03\/5-3.png\" class=\"elementor-animation-shrink attachment-large size-large wp-image-847\" alt=\"5\" srcset=\"https:\/\/mairiedebonnat.portesdelacreuseenmarche.fr\/mairiedebonnat-2023\/wp-content\/uploads\/2023\/03\/5-3.png 600w, https:\/\/mairiedebonnat.portesdelacreuseenmarche.fr\/mairiedebonnat-2023\/wp-content\/uploads\/2023\/03\/5-3-300x100.png 300w\" sizes=\"(max-width: 600px) 100vw, 600px\" \/>\t\t\t\t\t\t\t\t<\/a>\n\t\t\t\t\t\t\t\t\t\t\t\t\t\t\t<\/div>\n\t\t\t\t<\/div>\n\t\t\t\t<div class=\"elementor-element elementor-element-e0ee6fb elementor-widget elementor-widget-image\" data-id=\"e0ee6fb\" data-element_type=\"widget\" data-e-type=\"widget\" data-widget_type=\"image.default\">\n\t\t\t\t<div class=\"elementor-widget-container\">\n\t\t\t\t\t\t\t\t\t\t\t\t\t\t\t\t<a href=\"http:\/\/mairiedebonnat.portesdelacreuseenmarche.fr\/mairiedebonnat-2023\/les-bulletins-municipaux\/\">\n\t\t\t\t\t\t\t<img loading=\"lazy\" decoding=\"async\" width=\"600\" height=\"200\" src=\"https:\/\/mairiedebonnat.portesdelacreuseenmarche.fr\/mairiedebonnat-2023\/wp-content\/uploads\/2023\/06\/Sidebar-2-1.png\" class=\"elementor-animation-shrink attachment-large size-large wp-image-3540\" alt=\"Sidebar\" srcset=\"https:\/\/mairiedebonnat.portesdelacreuseenmarche.fr\/mairiedebonnat-2023\/wp-content\/uploads\/2023\/06\/Sidebar-2-1.png 600w, https:\/\/mairiedebonnat.portesdelacreuseenmarche.fr\/mairiedebonnat-2023\/wp-content\/uploads\/2023\/06\/Sidebar-2-1-300x100.png 300w\" sizes=\"(max-width: 600px) 100vw, 600px\" \/>\t\t\t\t\t\t\t\t<\/a>\n\t\t\t\t\t\t\t\t\t\t\t\t\t\t\t<\/div>\n\t\t\t\t<\/div>\n\t\t\t\t<div class=\"elementor-element elementor-element-6c692fe elementor-widget elementor-widget-image\" data-id=\"6c692fe\" data-element_type=\"widget\" data-e-type=\"widget\" data-widget_type=\"image.default\">\n\t\t\t\t<div class=\"elementor-widget-container\">\n\t\t\t\t\t\t\t\t\t\t\t\t\t\t\t\t<a href=\"https:\/\/mairiedebonnat.portesdelacreuseenmarche.fr\/mairiedebonnat-2023\/services-municipaux\/\">\n\t\t\t\t\t\t\t<img loading=\"lazy\" decoding=\"async\" width=\"600\" height=\"200\" src=\"https:\/\/mairiedebonnat.portesdelacreuseenmarche.fr\/mairiedebonnat-2023\/wp-content\/uploads\/2023\/03\/Sidebar-5-annuaire.png\" class=\"elementor-animation-shrink attachment-large size-large wp-image-1627\" alt=\"Sidebar 5 annuaire\" srcset=\"https:\/\/mairiedebonnat.portesdelacreuseenmarche.fr\/mairiedebonnat-2023\/wp-content\/uploads\/2023\/03\/Sidebar-5-annuaire.png 600w, https:\/\/mairiedebonnat.portesdelacreuseenmarche.fr\/mairiedebonnat-2023\/wp-content\/uploads\/2023\/03\/Sidebar-5-annuaire-300x100.png 300w\" sizes=\"(max-width: 600px) 100vw, 600px\" \/>\t\t\t\t\t\t\t\t<\/a>\n\t\t\t\t\t\t\t\t\t\t\t\t\t\t\t<\/div>\n\t\t\t\t<\/div>\n\t\t\t\t<div class=\"elementor-element elementor-element-3c3410a elementor-widget elementor-widget-spacer\" data-id=\"3c3410a\" data-element_type=\"widget\" data-e-type=\"widget\" data-widget_type=\"spacer.default\">\n\t\t\t\t<div class=\"elementor-widget-container\">\n\t\t\t\t\t\t\t<div class=\"elementor-spacer\">\n\t\t\t<div class=\"elementor-spacer-inner\"><\/div>\n\t\t<\/div>\n\t\t\t\t\t\t<\/div>\n\t\t\t\t<\/div>\n\t\t\t\t\t<\/div>\n\t\t<\/div>\n\t\t\t\t\t<\/div>\n\t\t<\/section>\n\t\t\t\t<section class=\"elementor-section elementor-top-section elementor-element elementor-element-7c25550 elementor-section-boxed elementor-section-height-default elementor-section-height-default\" data-id=\"7c25550\" data-element_type=\"section\" data-e-type=\"section\">\n\t\t\t\t\t\t<div class=\"elementor-container elementor-column-gap-default\">\n\t\t\t\t\t<div class=\"elementor-column elementor-col-100 elementor-top-column elementor-element elementor-element-94d6694\" data-id=\"94d6694\" data-element_type=\"column\" data-e-type=\"column\">\n\t\t\t<div class=\"elementor-widget-wrap\">\n\t\t\t\t\t\t\t<\/div>\n\t\t<\/div>\n\t\t\t\t\t<\/div>\n\t\t<\/section>\n\t\t\t\t<\/div>\n\t\t","protected":false},"excerpt":{"rendered":"<p>PATRIMOINE \u2a20 L&rsquo;\u00e9glise Saint-Sylvain \u00c9glise d\u00e9di\u00e9e \u00e0 Saint Sylvain, dont le culte est li\u00e9 \u00e0 la protection des enfants, son \u00e9dification remonte \u00e0 la fin du XIII\u00e8me si\u00e8cle. Lors de la Guerre de 100 ans, elle a \u00e9t\u00e9 fortifi\u00e9e et occup\u00e9e par des gens d\u2019armes en 1448 et 1449 afin de repousser les assauts des&#8230;<\/p>\n","protected":false},"author":1,"featured_media":15160,"parent":0,"menu_order":0,"comment_status":"closed","ping_status":"closed","template":"","meta":{"_kad_post_transparent":"default","_kad_post_title":"hide","_kad_post_layout":"fullwidth","_kad_post_sidebar_id":"","_kad_post_content_style":"unboxed","_kad_post_vertical_padding":"hide","_kad_post_feature":"hide","_kad_post_feature_position":"","_kad_post_header":false,"_kad_post_footer":false,"slim_seo":{"title":"L'\u00e9glise Saint-Sylvain - Commune de Bonnat","description":"PATRIMOINE \u2a20 L'\u00e9glise Saint-Sylvain \u00c9glise d\u00e9di\u00e9e \u00e0 Saint Sylvain , dont le culte est li\u00e9 \u00e0 la protection des enfants , son \u00e9dification remonte \u00e0 la fin du XIII"},"footnotes":""},"class_list":["post-10487","page","type-page","status-publish","has-post-thumbnail","hentry"],"_links":{"self":[{"href":"https:\/\/mairiedebonnat.portesdelacreuseenmarche.fr\/mairiedebonnat-2023\/wp-json\/wp\/v2\/pages\/10487","targetHints":{"allow":["GET"]}}],"collection":[{"href":"https:\/\/mairiedebonnat.portesdelacreuseenmarche.fr\/mairiedebonnat-2023\/wp-json\/wp\/v2\/pages"}],"about":[{"href":"https:\/\/mairiedebonnat.portesdelacreuseenmarche.fr\/mairiedebonnat-2023\/wp-json\/wp\/v2\/types\/page"}],"author":[{"embeddable":true,"href":"https:\/\/mairiedebonnat.portesdelacreuseenmarche.fr\/mairiedebonnat-2023\/wp-json\/wp\/v2\/users\/1"}],"replies":[{"embeddable":true,"href":"https:\/\/mairiedebonnat.portesdelacreuseenmarche.fr\/mairiedebonnat-2023\/wp-json\/wp\/v2\/comments?post=10487"}],"version-history":[{"count":134,"href":"https:\/\/mairiedebonnat.portesdelacreuseenmarche.fr\/mairiedebonnat-2023\/wp-json\/wp\/v2\/pages\/10487\/revisions"}],"predecessor-version":[{"id":21398,"href":"https:\/\/mairiedebonnat.portesdelacreuseenmarche.fr\/mairiedebonnat-2023\/wp-json\/wp\/v2\/pages\/10487\/revisions\/21398"}],"wp:featuredmedia":[{"embeddable":true,"href":"https:\/\/mairiedebonnat.portesdelacreuseenmarche.fr\/mairiedebonnat-2023\/wp-json\/wp\/v2\/media\/15160"}],"wp:attachment":[{"href":"https:\/\/mairiedebonnat.portesdelacreuseenmarche.fr\/mairiedebonnat-2023\/wp-json\/wp\/v2\/media?parent=10487"}],"curies":[{"name":"wp","href":"https:\/\/api.w.org\/{rel}","templated":true}]}}